{"id":23530,"date":"2025-06-13T12:53:30","date_gmt":"2025-06-13T12:53:30","guid":{"rendered":"https:\/\/swisspadel.ch\/general-assembly\/"},"modified":"2026-04-01T09:01:13","modified_gmt":"2026-04-01T09:01:13","slug":"general-assembly","status":"publish","type":"page","link":"https:\/\/swisspadel.ch\/es\/association\/general-assembly\/","title":{"rendered":"Junta General Anual"},"content":{"rendered":"\t\t<div data-elementor-type=\"wp-page\" data-elementor-id=\"23530\" class=\"elementor elementor-23530 elementor-23455\" data-elementor-post-type=\"page\">\n\t\t\t\t<div class=\"elementor-element elementor-element-7e65e7e0 e-flex e-con-boxed e-con e-parent\" data-id=\"7e65e7e0\" data-element_type=\"container\">\n\t\t\t\t\t<div class=\"e-con-inner\">\n\t\t\t\t<div class=\"elementor-element elementor-element-584bdc70 elementor-widget elementor-widget-template\" data-id=\"584bdc70\" data-element_type=\"widget\" data-widget_type=\"template.default\">\n\t\t\t\t<div class=\"elementor-widget-container\">\n\t\t\t\t\t\t\t<div class=\"elementor-template\">\n\t\t\t\t\t<div data-elementor-type=\"container\" data-elementor-id=\"14753\" class=\"elementor elementor-14753\" data-elementor-post-type=\"elementor_library\">\n\t\t\t\t<div class=\"elementor-element elementor-element-257480bf e-con-full e-flex e-con e-parent\" data-id=\"257480bf\" data-element_type=\"container\" data-settings=\"{&quot;background_background&quot;:&quot;classic&quot;}\">\n\t\t<div class=\"elementor-element elementor-element-a9fa854 e-flex e-con-boxed e-con e-child\" data-id=\"a9fa854\" data-element_type=\"container\">\n\t\t\t\t\t<div class=\"e-con-inner\">\n\t\t\t\t<div class=\"elementor-element elementor-element-61ba23ed animated-fast elementor-invisible elementor-widget elementor-widget-heading\" data-id=\"61ba23ed\" data-element_type=\"widget\" data-settings=\"{&quot;_animation&quot;:&quot;fadeInUp&quot;,&quot;_animation_delay&quot;:1050}\" data-widget_type=\"heading.default\">\n\t\t\t\t<div class=\"elementor-widget-container\">\n\t\t\t\t\t<h5 class=\"elementor-heading-title elementor-size-default\">Toda la informaci\u00f3n sobre la AGM de Swiss Padel.<\/h5>\t\t\t\t<\/div>\n\t\t\t\t<\/div>\n\t\t\t\t\t<\/div>\n\t\t\t\t<\/div>\n\t\t\t\t<\/div>\n\t\t\t\t<\/div>\n\t\t\t\t<\/div>\n\t\t\t\t\t\t<\/div>\n\t\t\t\t<\/div>\n\t\t\t\t\t<\/div>\n\t\t\t\t<\/div>\n\t\t<div class=\"elementor-element elementor-element-4945267 e-flex e-con-boxed e-con e-parent\" data-id=\"4945267\" data-element_type=\"container\">\n\t\t\t\t\t<div class=\"e-con-inner\">\n\t\t<div class=\"elementor-element elementor-element-8b3f976 e-con-full animated-fast e-flex elementor-invisible e-con e-child\" data-id=\"8b3f976\" data-element_type=\"container\" data-settings=\"{&quot;animation&quot;:&quot;fadeInUp&quot;,&quot;animation_delay&quot;:&quot;400&quot;}\">\n\t\t\t\t<div class=\"elementor-element elementor-element-a019b7b elementor-widget elementor-widget-heading\" data-id=\"a019b7b\" data-element_type=\"widget\" data-widget_type=\"heading.default\">\n\t\t\t\t<div class=\"elementor-widget-container\">\n\t\t\t\t\t<h2 class=\"elementor-heading-title elementor-size-default\">La asamblea general del padel suizo<\/h2>\t\t\t\t<\/div>\n\t\t\t\t<\/div>\n\t\t\t\t<div class=\"elementor-element elementor-element-3e2ddc9 elementor-widget elementor-widget-text-editor\" data-id=\"3e2ddc9\" data-element_type=\"widget\" data-widget_type=\"text-editor.default\">\n\t\t\t\t<div class=\"elementor-widget-container\">\n\t\t\t\t\t\t\t\t\t<p class=\"p1\">La Asamblea General es el \u00f3rgano supremo de la Asociaci\u00f3n Suiza de P\u00e1del y tendr\u00e1 lugar el <strong>10 de abril de 2026<\/strong>. Se celebra anualmente y establece el rumbo central para el desarrollo de la asociaci\u00f3n. Entre otras cosas, la Asamblea General presenta el informe anual, elige a la Junta Directiva, aprueba el presupuesto y vota asuntos estatutarios importantes.  <\/p>\t\t\t\t\t\t\t\t<\/div>\n\t\t\t\t<\/div>\n\t\t<div class=\"elementor-element elementor-element-30d176e e-con-full animated-fast e-flex elementor-invisible e-con e-child\" data-id=\"30d176e\" data-element_type=\"container\" data-settings=\"{&quot;animation&quot;:&quot;fadeInUp&quot;,&quot;animation_delay&quot;:&quot;400&quot;}\">\n\t\t\t\t<div class=\"elementor-element elementor-element-2668956 elementor-mobile-align-center elementor-widget elementor-widget-button\" data-id=\"2668956\" data-element_type=\"widget\" data-widget_type=\"button.default\">\n\t\t\t\t<div class=\"elementor-widget-container\">\n\t\t\t\t\t\t\t\t\t<div class=\"elementor-button-wrapper\">\n\t\t\t\t\t<a class=\"elementor-button elementor-size-sm\" role=\"button\">\n\t\t\t\t\t\t<span class=\"elementor-button-content-wrapper\">\n\t\t\t\t\t\t\t\t\t<span class=\"elementor-button-text\">Orden del d\u00eda provisional (PDF)<\/span>\n\t\t\t\t\t<\/span>\n\t\t\t\t\t<\/a>\n\t\t\t\t<\/div>\n\t\t\t\t\t\t\t\t<\/div>\n\t\t\t\t<\/div>\n\t\t\t\t<\/div>\n\t\t\t\t<\/div>\n\t\t<div class=\"elementor-element elementor-element-c0f420c e-con-full animated-fast e-flex elementor-invisible e-con e-child\" data-id=\"c0f420c\" data-element_type=\"container\" data-settings=\"{&quot;animation&quot;:&quot;fadeInUp&quot;,&quot;animation_delay&quot;:&quot;200&quot;}\">\n\t\t\t\t<div class=\"elementor-element elementor-element-69e66d0 elementor-widget elementor-widget-image\" data-id=\"69e66d0\" data-element_type=\"widget\" data-widget_type=\"image.default\">\n\t\t\t\t<div class=\"elementor-widget-container\">\n\t\t\t\t\t\t\t\t\t\t\t\t\t\t\t<img fetchpriority=\"high\" decoding=\"async\" width=\"2500\" height=\"1667\" src=\"https:\/\/swisspadel.ch\/wp-content\/uploads\/2025\/06\/hero_2025_5.jpg\" class=\"attachment-full size-full wp-image-24165\" alt=\"\" srcset=\"https:\/\/swisspadel.ch\/wp-content\/uploads\/2025\/06\/hero_2025_5.jpg 2500w, https:\/\/swisspadel.ch\/wp-content\/uploads\/2025\/06\/hero_2025_5-300x200.jpg 300w, https:\/\/swisspadel.ch\/wp-content\/uploads\/2025\/06\/hero_2025_5-1024x683.jpg 1024w, https:\/\/swisspadel.ch\/wp-content\/uploads\/2025\/06\/hero_2025_5-768x512.jpg 768w, https:\/\/swisspadel.ch\/wp-content\/uploads\/2025\/06\/hero_2025_5-1536x1024.jpg 1536w, https:\/\/swisspadel.ch\/wp-content\/uploads\/2025\/06\/hero_2025_5-2048x1366.jpg 2048w, https:\/\/swisspadel.ch\/wp-content\/uploads\/2025\/06\/hero_2025_5-600x400.jpg 600w\" sizes=\"(max-width: 2500px) 100vw, 2500px\" \/>\t\t\t\t\t\t\t\t\t\t\t\t\t\t\t<\/div>\n\t\t\t\t<\/div>\n\t\t\t\t<\/div>\n\t\t\t\t\t<\/div>\n\t\t\t\t<\/div>\n\t\t\t\t<\/div>\n\t\t","protected":false},"excerpt":{"rendered":"<p>Toda la informaci\u00f3n sobre la AGM de Swiss Padel.<\/p>\n","protected":false},"author":3898,"featured_media":23531,"parent":23894,"menu_order":0,"comment_status":"closed","ping_status":"closed","template":"","meta":{"_acf_changed":false,"footnotes":""},"class_list":["post-23530","page","type-page","status-publish","has-post-thumbnail","hentry"],"acf":[],"_links":{"self":[{"href":"https:\/\/swisspadel.ch\/es\/wp-json\/wp\/v2\/pages\/23530","targetHints":{"allow":["GET"]}}],"collection":[{"href":"https:\/\/swisspadel.ch\/es\/wp-json\/wp\/v2\/pages"}],"about":[{"href":"https:\/\/swisspadel.ch\/es\/wp-json\/wp\/v2\/types\/page"}],"author":[{"embeddable":true,"href":"https:\/\/swisspadel.ch\/es\/wp-json\/wp\/v2\/users\/3898"}],"replies":[{"embeddable":true,"href":"https:\/\/swisspadel.ch\/es\/wp-json\/wp\/v2\/comments?post=23530"}],"version-history":[{"count":8,"href":"https:\/\/swisspadel.ch\/es\/wp-json\/wp\/v2\/pages\/23530\/revisions"}],"predecessor-version":[{"id":26611,"href":"https:\/\/swisspadel.ch\/es\/wp-json\/wp\/v2\/pages\/23530\/revisions\/26611"}],"up":[{"embeddable":true,"href":"https:\/\/swisspadel.ch\/es\/wp-json\/wp\/v2\/pages\/23894"}],"wp:featuredmedia":[{"embeddable":true,"href":"https:\/\/swisspadel.ch\/es\/wp-json\/wp\/v2\/media\/23531"}],"wp:attachment":[{"href":"https:\/\/swisspadel.ch\/es\/wp-json\/wp\/v2\/media?parent=23530"}],"curies":[{"name":"wp","href":"https:\/\/api.w.org\/{rel}","templated":true}]}}