{"id":23574,"date":"2024-07-19T21:23:46","date_gmt":"2024-07-19T21:23:46","guid":{"rendered":"https:\/\/swisspadel.ch\/history\/"},"modified":"2025-11-12T13:25:16","modified_gmt":"2025-11-12T13:25:16","slug":"history","status":"publish","type":"page","link":"https:\/\/swisspadel.ch\/es\/association\/history\/","title":{"rendered":"Historia"},"content":{"rendered":"\t\t<div data-elementor-type=\"wp-page\" data-elementor-id=\"23574\" class=\"elementor elementor-23574 elementor-15545\" data-elementor-post-type=\"page\">\n\t\t\t\t<div class=\"elementor-element elementor-element-7e65e7e0 e-flex e-con-boxed e-con e-parent\" data-id=\"7e65e7e0\" data-element_type=\"container\">\n\t\t\t\t\t<div class=\"e-con-inner\">\n\t\t\t\t<div class=\"elementor-element elementor-element-584bdc70 elementor-widget elementor-widget-template\" data-id=\"584bdc70\" data-element_type=\"widget\" data-widget_type=\"template.default\">\n\t\t\t\t<div class=\"elementor-widget-container\">\n\t\t\t\t\t\t\t<div class=\"elementor-template\">\n\t\t\t\t\t<div data-elementor-type=\"container\" data-elementor-id=\"14753\" class=\"elementor elementor-14753\" data-elementor-post-type=\"elementor_library\">\n\t\t\t\t<div class=\"elementor-element elementor-element-257480bf e-con-full e-flex e-con e-parent\" data-id=\"257480bf\" data-element_type=\"container\" data-settings=\"{&quot;background_background&quot;:&quot;classic&quot;}\">\n\t\t<div class=\"elementor-element elementor-element-a9fa854 e-flex e-con-boxed e-con e-child\" data-id=\"a9fa854\" data-element_type=\"container\">\n\t\t\t\t\t<div class=\"e-con-inner\">\n\t\t\t\t<div class=\"elementor-element elementor-element-61ba23ed animated-fast elementor-invisible elementor-widget elementor-widget-heading\" data-id=\"61ba23ed\" data-element_type=\"widget\" data-settings=\"{&quot;_animation&quot;:&quot;fadeInUp&quot;,&quot;_animation_delay&quot;:1050}\" data-widget_type=\"heading.default\">\n\t\t\t\t<div class=\"elementor-widget-container\">\n\t\t\t\t\t<h5 class=\"elementor-heading-title elementor-size-default\">Una historia de \u00e9xito en el deporte del p\u00e1del<\/h5>\t\t\t\t<\/div>\n\t\t\t\t<\/div>\n\t\t\t\t\t<\/div>\n\t\t\t\t<\/div>\n\t\t\t\t<\/div>\n\t\t\t\t<\/div>\n\t\t\t\t<\/div>\n\t\t\t\t\t\t<\/div>\n\t\t\t\t<\/div>\n\t\t\t\t\t<\/div>\n\t\t\t\t<\/div>\n\t\t<div class=\"elementor-element elementor-element-324c2c0b e-flex e-con-boxed e-con e-parent\" data-id=\"324c2c0b\" data-element_type=\"container\" data-settings=\"{&quot;background_background&quot;:&quot;classic&quot;}\">\n\t\t\t\t\t<div class=\"e-con-inner\">\n\t\t<div class=\"elementor-element elementor-element-744bce2f e-flex e-con-boxed e-con e-child\" data-id=\"744bce2f\" data-element_type=\"container\" data-settings=\"{&quot;background_background&quot;:&quot;classic&quot;}\">\n\t\t\t\t\t<div class=\"e-con-inner\">\n\t\t<div class=\"elementor-element elementor-element-55d8eda4 e-con-full e-flex e-con e-child\" data-id=\"55d8eda4\" data-element_type=\"container\">\n\t\t<div class=\"elementor-element elementor-element-28733f5e e-con-full dm-timeline-left e-flex e-con e-child\" data-id=\"28733f5e\" data-element_type=\"container\">\n\t\t\t\t<div class=\"elementor-element elementor-element-1f1f45dd elementor-widget elementor-widget-heading\" data-id=\"1f1f45dd\" data-element_type=\"widget\" data-widget_type=\"heading.default\">\n\t\t\t\t<div class=\"elementor-widget-container\">\n\t\t\t\t\t<h2 class=\"elementor-heading-title elementor-size-default\">2006<\/h2>\t\t\t\t<\/div>\n\t\t\t\t<\/div>\n\t\t\t\t<\/div>\n\t\t\t\t<\/div>\n\t\t<div class=\"elementor-element elementor-element-30cc05f7 e-con-full dm-bar-container e-flex e-con e-child\" data-id=\"30cc05f7\" data-element_type=\"container\">\n\t\t\t\t<div class=\"elementor-element elementor-element-7f70bf7c dm-timeline-point elementor-widget elementor-widget-image\" data-id=\"7f70bf7c\" data-element_type=\"widget\" data-widget_type=\"image.default\">\n\t\t\t\t<div class=\"elementor-widget-container\">\n\t\t\t\t\t\t\t\t\t\t\t\t\t\t\t<img decoding=\"async\" width=\"150\" height=\"150\" src=\"https:\/\/swisspadel.ch\/wp-content\/uploads\/2024\/07\/circle-2.svg\" class=\"attachment-thumbnail size-thumbnail wp-image-15547\" alt=\"\" \/>\t\t\t\t\t\t\t\t\t\t\t\t\t\t\t<\/div>\n\t\t\t\t<\/div>\n\t\t<div class=\"elementor-element elementor-element-5d78a219 e-con-full dm-timeline-bar e-transform e-flex e-con e-child\" data-id=\"5d78a219\" data-element_type=\"container\" data-settings=\"{&quot;background_background&quot;:&quot;classic&quot;,&quot;position&quot;:&quot;absolute&quot;,&quot;_transform_translateX_effect&quot;:{&quot;unit&quot;:&quot;%&quot;,&quot;size&quot;:&quot;-50&quot;,&quot;sizes&quot;:[]},&quot;_transform_translateX_effect_tablet&quot;:{&quot;unit&quot;:&quot;%&quot;,&quot;size&quot;:&quot;&quot;,&quot;sizes&quot;:[]},&quot;_transform_translateX_effect_mobile&quot;:{&quot;unit&quot;:&quot;%&quot;,&quot;size&quot;:&quot;&quot;,&quot;sizes&quot;:[]},&quot;_transform_translateY_effect&quot;:{&quot;unit&quot;:&quot;%&quot;,&quot;size&quot;:&quot;0&quot;,&quot;sizes&quot;:[]},&quot;_transform_translateY_effect_tablet&quot;:{&quot;unit&quot;:&quot;%&quot;,&quot;size&quot;:&quot;&quot;,&quot;sizes&quot;:[]},&quot;_transform_translateY_effect_mobile&quot;:{&quot;unit&quot;:&quot;%&quot;,&quot;size&quot;:&quot;&quot;,&quot;sizes&quot;:[]}}\">\n\t\t<div class=\"elementor-element elementor-element-493b8350 e-con-full dm-progress-bar e-flex e-con e-child\" data-id=\"493b8350\" data-element_type=\"container\" data-settings=\"{&quot;background_background&quot;:&quot;classic&quot;,&quot;position&quot;:&quot;absolute&quot;}\">\n\t\t\t\t<\/div>\n\t\t\t\t<\/div>\n\t\t\t\t<\/div>\n\t\t<div class=\"elementor-element elementor-element-da7b1c7 e-con-full e-flex e-con e-child\" data-id=\"da7b1c7\" data-element_type=\"container\">\n\t\t\t\t<div class=\"elementor-element elementor-element-34866870 elementor-widget elementor-widget-heading\" data-id=\"34866870\" data-element_type=\"widget\" data-widget_type=\"heading.default\">\n\t\t\t\t<div class=\"elementor-widget-container\">\n\t\t\t\t\t<h3 class=\"elementor-heading-title elementor-size-default\">Fundaci\u00f3n del SPV<\/h3>\t\t\t\t<\/div>\n\t\t\t\t<\/div>\n\t\t\t\t<div class=\"elementor-element elementor-element-36d5c20d elementor-widget elementor-widget-text-editor\" data-id=\"36d5c20d\" data-element_type=\"widget\" data-widget_type=\"text-editor.default\">\n\t\t\t\t<div class=\"elementor-widget-container\">\n\t\t\t\t\t\t\t\t\t<p>En 2006, Rico Jacober y su hermano Mario Jacober fundaron la Asociaci\u00f3n Suiza de P\u00e1del (SPV), con sede en Z\u00farich. Un empe\u00f1o con esp\u00edritu pionero: El objetivo de la fundaci\u00f3n de la asociaci\u00f3n era y es popularizar el deporte del p\u00e1del en Suiza en 2013, despu\u00e9s de Sudam\u00e9rica y Espa\u00f1a. <\/p>\t\t\t\t\t\t\t\t<\/div>\n\t\t\t\t<\/div>\n\t\t\t\t<\/div>\n\t\t\t\t\t<\/div>\n\t\t\t\t<\/div>\n\t\t<div class=\"elementor-element elementor-element-3e500973 e-flex e-con-boxed e-con e-child\" data-id=\"3e500973\" data-element_type=\"container\" data-settings=\"{&quot;background_background&quot;:&quot;classic&quot;}\">\n\t\t\t\t\t<div class=\"e-con-inner\">\n\t\t<div class=\"elementor-element elementor-element-39aaf97c e-con-full e-flex e-con e-child\" data-id=\"39aaf97c\" data-element_type=\"container\">\n\t\t\t\t<div class=\"elementor-element elementor-element-19a26a3f dm-timeline-left elementor-widget elementor-widget-heading\" data-id=\"19a26a3f\" data-element_type=\"widget\" data-widget_type=\"heading.default\">\n\t\t\t\t<div class=\"elementor-widget-container\">\n\t\t\t\t\t<h2 class=\"elementor-heading-title elementor-size-default\">2007<\/h2>\t\t\t\t<\/div>\n\t\t\t\t<\/div>\n\t\t\t\t<\/div>\n\t\t<div class=\"elementor-element elementor-element-366927ad e-con-full dm-bar-container e-flex e-con e-child\" data-id=\"366927ad\" data-element_type=\"container\">\n\t\t\t\t<div class=\"elementor-element elementor-element-d7c180d dm-timeline-point elementor-widget elementor-widget-image\" data-id=\"d7c180d\" data-element_type=\"widget\" data-widget_type=\"image.default\">\n\t\t\t\t<div class=\"elementor-widget-container\">\n\t\t\t\t\t\t\t\t\t\t\t\t\t\t\t<img decoding=\"async\" width=\"150\" height=\"150\" src=\"https:\/\/swisspadel.ch\/wp-content\/uploads\/2024\/07\/circle-2.svg\" class=\"attachment-thumbnail size-thumbnail wp-image-15547\" alt=\"\" \/>\t\t\t\t\t\t\t\t\t\t\t\t\t\t\t<\/div>\n\t\t\t\t<\/div>\n\t\t<div class=\"elementor-element elementor-element-1de945f0 e-con-full dm-timeline-bar e-transform e-flex e-con e-child\" data-id=\"1de945f0\" data-element_type=\"container\" data-settings=\"{&quot;background_background&quot;:&quot;classic&quot;,&quot;position&quot;:&quot;absolute&quot;,&quot;_transform_translateX_effect&quot;:{&quot;unit&quot;:&quot;%&quot;,&quot;size&quot;:&quot;-50&quot;,&quot;sizes&quot;:[]},&quot;_transform_translateX_effect_tablet&quot;:{&quot;unit&quot;:&quot;%&quot;,&quot;size&quot;:&quot;&quot;,&quot;sizes&quot;:[]},&quot;_transform_translateX_effect_mobile&quot;:{&quot;unit&quot;:&quot;%&quot;,&quot;size&quot;:&quot;&quot;,&quot;sizes&quot;:[]},&quot;_transform_translateY_effect&quot;:{&quot;unit&quot;:&quot;%&quot;,&quot;size&quot;:&quot;0&quot;,&quot;sizes&quot;:[]},&quot;_transform_translateY_effect_tablet&quot;:{&quot;unit&quot;:&quot;%&quot;,&quot;size&quot;:&quot;&quot;,&quot;sizes&quot;:[]},&quot;_transform_translateY_effect_mobile&quot;:{&quot;unit&quot;:&quot;%&quot;,&quot;size&quot;:&quot;&quot;,&quot;sizes&quot;:[]}}\">\n\t\t<div class=\"elementor-element elementor-element-6dc72d72 e-con-full dm-progress-bar e-flex e-con e-child\" data-id=\"6dc72d72\" data-element_type=\"container\" data-settings=\"{&quot;background_background&quot;:&quot;classic&quot;,&quot;position&quot;:&quot;absolute&quot;}\">\n\t\t\t\t<\/div>\n\t\t\t\t<\/div>\n\t\t\t\t<\/div>\n\t\t<div class=\"elementor-element elementor-element-502feedb e-con-full e-flex e-con e-child\" data-id=\"502feedb\" data-element_type=\"container\">\n\t\t\t\t<div class=\"elementor-element elementor-element-73649e87 elementor-widget elementor-widget-heading\" data-id=\"73649e87\" data-element_type=\"widget\" data-widget_type=\"heading.default\">\n\t\t\t\t<div class=\"elementor-widget-container\">\n\t\t\t\t\t<h2 class=\"elementor-heading-title elementor-size-default\">Miembro de la Federaci\u00f3n Internacional de P\u00e1del (FIP)<\/h2>\t\t\t\t<\/div>\n\t\t\t\t<\/div>\n\t\t\t\t<div class=\"elementor-element elementor-element-5da1bd85 elementor-widget elementor-widget-text-editor\" data-id=\"5da1bd85\" data-element_type=\"widget\" data-widget_type=\"text-editor.default\">\n\t\t\t\t<div class=\"elementor-widget-container\">\n\t\t\t\t\t\t\t\t\t<p>En 2007, la asociaci\u00f3n se convirti\u00f3 en miembro de la Asociaci\u00f3n Internacional de P\u00e1del.<\/p>\t\t\t\t\t\t\t\t<\/div>\n\t\t\t\t<\/div>\n\t\t\t\t<div class=\"elementor-element elementor-element-198c83b0 elementor-widget elementor-widget-image\" data-id=\"198c83b0\" data-element_type=\"widget\" data-widget_type=\"image.default\">\n\t\t\t\t<div class=\"elementor-widget-container\">\n\t\t\t\t\t\t\t\t\t\t\t\t\t\t\t<img fetchpriority=\"high\" decoding=\"async\" width=\"800\" height=\"318\" src=\"https:\/\/swisspadel.ch\/wp-content\/uploads\/2024\/07\/logo_padelfip_black-2.png\" class=\"attachment-large size-large wp-image-15548\" alt=\"\" srcset=\"https:\/\/swisspadel.ch\/wp-content\/uploads\/2024\/07\/logo_padelfip_black-2.png 800w, https:\/\/swisspadel.ch\/wp-content\/uploads\/2024\/07\/logo_padelfip_black-2-300x119.png 300w, https:\/\/swisspadel.ch\/wp-content\/uploads\/2024\/07\/logo_padelfip_black-2-768x305.png 768w, https:\/\/swisspadel.ch\/wp-content\/uploads\/2024\/07\/logo_padelfip_black-2-600x239.png 600w\" sizes=\"(max-width: 800px) 100vw, 800px\" \/>\t\t\t\t\t\t\t\t\t\t\t\t\t\t\t<\/div>\n\t\t\t\t<\/div>\n\t\t\t\t<div class=\"elementor-element elementor-element-311416ad elementor-align-right elementor-widget elementor-widget-button\" data-id=\"311416ad\" data-element_type=\"widget\" data-widget_type=\"button.default\">\n\t\t\t\t<div class=\"elementor-widget-container\">\n\t\t\t\t\t\t\t\t\t<div class=\"elementor-button-wrapper\">\n\t\t\t\t\t<a class=\"elementor-button elementor-button-link elementor-size-sm\" href=\"https:\/\/padelfip.com\">\n\t\t\t\t\t\t<span class=\"elementor-button-content-wrapper\">\n\t\t\t\t\t\t\t\t\t<span class=\"elementor-button-text\">Leer m\u00e1s<\/span>\n\t\t\t\t\t<\/span>\n\t\t\t\t\t<\/a>\n\t\t\t\t<\/div>\n\t\t\t\t\t\t\t\t<\/div>\n\t\t\t\t<\/div>\n\t\t\t\t<\/div>\n\t\t\t\t\t<\/div>\n\t\t\t\t<\/div>\n\t\t<div class=\"elementor-element elementor-element-6df6bb83 e-con-full e-flex e-con e-child\" data-id=\"6df6bb83\" data-element_type=\"container\" data-settings=\"{&quot;background_background&quot;:&quot;classic&quot;}\">\n\t\t<div class=\"elementor-element elementor-element-2cdfd80e e-con-full e-flex e-con e-child\" data-id=\"2cdfd80e\" data-element_type=\"container\">\n\t\t\t\t<div class=\"elementor-element elementor-element-468fd9c6 dm-timeline-left elementor-widget elementor-widget-heading\" data-id=\"468fd9c6\" data-element_type=\"widget\" data-widget_type=\"heading.default\">\n\t\t\t\t<div class=\"elementor-widget-container\">\n\t\t\t\t\t<h2 class=\"elementor-heading-title elementor-size-default\">2008<\/h2>\t\t\t\t<\/div>\n\t\t\t\t<\/div>\n\t\t\t\t<\/div>\n\t\t<div class=\"elementor-element elementor-element-551aef80 e-con-full dm-bar-container e-flex e-con e-child\" data-id=\"551aef80\" data-element_type=\"container\">\n\t\t\t\t<div class=\"elementor-element elementor-element-25485f18 dm-timeline-point elementor-widget elementor-widget-image\" data-id=\"25485f18\" data-element_type=\"widget\" data-widget_type=\"image.default\">\n\t\t\t\t<div class=\"elementor-widget-container\">\n\t\t\t\t\t\t\t\t\t\t\t\t\t\t\t<img decoding=\"async\" width=\"150\" height=\"150\" src=\"https:\/\/swisspadel.ch\/wp-content\/uploads\/2024\/07\/circle-2.svg\" class=\"attachment-thumbnail size-thumbnail wp-image-15547\" alt=\"\" \/>\t\t\t\t\t\t\t\t\t\t\t\t\t\t\t<\/div>\n\t\t\t\t<\/div>\n\t\t<div class=\"elementor-element elementor-element-288f8ab1 e-con-full dm-timeline-bar e-transform e-flex e-con e-child\" data-id=\"288f8ab1\" data-element_type=\"container\" data-settings=\"{&quot;background_background&quot;:&quot;classic&quot;,&quot;position&quot;:&quot;absolute&quot;,&quot;_transform_translateX_effect&quot;:{&quot;unit&quot;:&quot;%&quot;,&quot;size&quot;:&quot;-50&quot;,&quot;sizes&quot;:[]},&quot;_transform_translateX_effect_tablet&quot;:{&quot;unit&quot;:&quot;%&quot;,&quot;size&quot;:&quot;&quot;,&quot;sizes&quot;:[]},&quot;_transform_translateX_effect_mobile&quot;:{&quot;unit&quot;:&quot;%&quot;,&quot;size&quot;:&quot;&quot;,&quot;sizes&quot;:[]},&quot;_transform_translateY_effect&quot;:{&quot;unit&quot;:&quot;%&quot;,&quot;size&quot;:&quot;0&quot;,&quot;sizes&quot;:[]},&quot;_transform_translateY_effect_tablet&quot;:{&quot;unit&quot;:&quot;%&quot;,&quot;size&quot;:&quot;&quot;,&quot;sizes&quot;:[]},&quot;_transform_translateY_effect_mobile&quot;:{&quot;unit&quot;:&quot;%&quot;,&quot;size&quot;:&quot;&quot;,&quot;sizes&quot;:[]}}\">\n\t\t<div class=\"elementor-element elementor-element-2a40485c e-con-full dm-progress-bar e-flex e-con e-child\" data-id=\"2a40485c\" data-element_type=\"container\" data-settings=\"{&quot;background_background&quot;:&quot;classic&quot;,&quot;position&quot;:&quot;absolute&quot;}\">\n\t\t\t\t<\/div>\n\t\t\t\t<\/div>\n\t\t\t\t<\/div>\n\t\t<div class=\"elementor-element elementor-element-575b3521 e-con-full e-flex e-con e-child\" data-id=\"575b3521\" data-element_type=\"container\">\n\t\t<div class=\"elementor-element elementor-element-113b4ce5 e-con-full e-flex e-con e-child\" data-id=\"113b4ce5\" data-element_type=\"container\">\n\t\t\t\t<div class=\"elementor-element elementor-element-4ef59124 elementor-widget elementor-widget-heading\" data-id=\"4ef59124\" data-element_type=\"widget\" data-widget_type=\"heading.default\">\n\t\t\t\t<div class=\"elementor-widget-container\">\n\t\t\t\t\t<h3 class=\"elementor-heading-title elementor-size-default\">Estreno en Suiza<\/h3>\t\t\t\t<\/div>\n\t\t\t\t<\/div>\n\t\t\t\t<div class=\"elementor-element elementor-element-b9fa582 elementor-widget elementor-widget-text-editor\" data-id=\"b9fa582\" data-element_type=\"widget\" data-widget_type=\"text-editor.default\">\n\t\t\t\t<div class=\"elementor-widget-container\">\n\t\t\t\t\t\t\t\t\t<p>En la Comexpo 08 tuvo lugar un estreno suizo de p\u00e1del con jugadores profesionales extranjeros como torneo espect\u00e1culo en Wettingen.<\/p>\t\t\t\t\t\t\t\t<\/div>\n\t\t\t\t<\/div>\n\t\t\t\t<div class=\"elementor-element elementor-element-6c37e94c elementor-widget elementor-widget-gallery\" data-id=\"6c37e94c\" data-element_type=\"widget\" data-settings=\"{&quot;columns&quot;:&quot;1&quot;,&quot;columns_tablet&quot;:&quot;1&quot;,&quot;gallery_layout&quot;:&quot;grid&quot;,&quot;columns_mobile&quot;:1,&quot;gap&quot;:{&quot;unit&quot;:&quot;px&quot;,&quot;size&quot;:10,&quot;sizes&quot;:[]},&quot;gap_tablet&quot;:{&quot;unit&quot;:&quot;px&quot;,&quot;size&quot;:10,&quot;sizes&quot;:[]},&quot;gap_mobile&quot;:{&quot;unit&quot;:&quot;px&quot;,&quot;size&quot;:10,&quot;sizes&quot;:[]},&quot;link_to&quot;:&quot;file&quot;,&quot;aspect_ratio&quot;:&quot;3:2&quot;,&quot;content_hover_animation&quot;:&quot;fade-in&quot;}\" data-widget_type=\"gallery.default\">\n\t\t\t\t<div class=\"elementor-widget-container\">\n\t\t\t\t\t\t\t<div class=\"elementor-gallery__container\">\n\t\t\t\t\t\t\t<a class=\"e-gallery-item elementor-gallery-item elementor-animated-content\" href=\"https:\/\/swisspadel.ch\/wp-content\/uploads\/2024\/07\/2008_1-2.png\" data-elementor-open-lightbox=\"yes\" data-elementor-lightbox-slideshow=\"6c37e94c\" data-elementor-lightbox-title=\"2008_1.png\" data-e-action-hash=\"#elementor-action%3Aaction%3Dlightbox%26settings%3DeyJpZCI6MTU1NDksInVybCI6Imh0dHBzOlwvXC9zd2lzc3BhZGVsLmNoXC93cC1jb250ZW50XC91cGxvYWRzXC8yMDI0XC8wN1wvMjAwOF8xLTIucG5nIiwic2xpZGVzaG93IjoiNmMzN2U5NGMifQ%3D%3D\">\n\t\t\t\t\t<div class=\"e-gallery-image elementor-gallery-item__image\" data-thumbnail=\"https:\/\/swisspadel.ch\/wp-content\/uploads\/2024\/07\/2008_1-2.png\" data-width=\"1382\" data-height=\"1040\" aria-label=\"\" role=\"img\" ><\/div>\n\t\t\t\t\t\t\t\t\t\t\t\t\t\t<\/a>\n\t\t\t\t\t<\/div>\n\t\t\t\t\t<\/div>\n\t\t\t\t<\/div>\n\t\t\t\t<div class=\"elementor-element elementor-element-2b371ea1 elementor-widget elementor-widget-gallery\" data-id=\"2b371ea1\" data-element_type=\"widget\" data-settings=\"{&quot;columns&quot;:&quot;1&quot;,&quot;columns_tablet&quot;:&quot;1&quot;,&quot;gallery_layout&quot;:&quot;grid&quot;,&quot;columns_mobile&quot;:1,&quot;gap&quot;:{&quot;unit&quot;:&quot;px&quot;,&quot;size&quot;:10,&quot;sizes&quot;:[]},&quot;gap_tablet&quot;:{&quot;unit&quot;:&quot;px&quot;,&quot;size&quot;:10,&quot;sizes&quot;:[]},&quot;gap_mobile&quot;:{&quot;unit&quot;:&quot;px&quot;,&quot;size&quot;:10,&quot;sizes&quot;:[]},&quot;link_to&quot;:&quot;file&quot;,&quot;aspect_ratio&quot;:&quot;3:2&quot;,&quot;content_hover_animation&quot;:&quot;fade-in&quot;}\" data-widget_type=\"gallery.default\">\n\t\t\t\t<div class=\"elementor-widget-container\">\n\t\t\t\t\t\t\t<div class=\"elementor-gallery__container\">\n\t\t\t\t\t\t\t<a class=\"e-gallery-item elementor-gallery-item elementor-animated-content\" href=\"https:\/\/swisspadel.ch\/wp-content\/uploads\/2024\/07\/2008_2-2.png\" data-elementor-open-lightbox=\"yes\" data-elementor-lightbox-slideshow=\"2b371ea1\" data-elementor-lightbox-title=\"2008_2.png\" data-e-action-hash=\"#elementor-action%3Aaction%3Dlightbox%26settings%3DeyJpZCI6MTU1NTAsInVybCI6Imh0dHBzOlwvXC9zd2lzc3BhZGVsLmNoXC93cC1jb250ZW50XC91cGxvYWRzXC8yMDI0XC8wN1wvMjAwOF8yLTIucG5nIiwic2xpZGVzaG93IjoiMmIzNzFlYTEifQ%3D%3D\">\n\t\t\t\t\t<div class=\"e-gallery-image elementor-gallery-item__image\" data-thumbnail=\"https:\/\/swisspadel.ch\/wp-content\/uploads\/2024\/07\/2008_2-2-1536x1250.png\" data-width=\"1536\" data-height=\"1250\" aria-label=\"\" role=\"img\" ><\/div>\n\t\t\t\t\t\t\t\t\t\t\t\t\t\t<\/a>\n\t\t\t\t\t<\/div>\n\t\t\t\t\t<\/div>\n\t\t\t\t<\/div>\n\t\t\t\t<\/div>\n\t\t<div class=\"elementor-element elementor-element-558baf5a e-con-full e-flex e-con e-child\" data-id=\"558baf5a\" data-element_type=\"container\">\n\t\t\t\t<div class=\"elementor-element elementor-element-437a373 elementor-widget elementor-widget-heading\" data-id=\"437a373\" data-element_type=\"widget\" data-widget_type=\"heading.default\">\n\t\t\t\t<div class=\"elementor-widget-container\">\n\t\t\t\t\t<h3 class=\"elementor-heading-title elementor-size-default\">  La primera plaza permanente  <\/h3>\t\t\t\t<\/div>\n\t\t\t\t<\/div>\n\t\t\t\t<div class=\"elementor-element elementor-element-4ef44c18 elementor-widget elementor-widget-text-editor\" data-id=\"4ef44c18\" data-element_type=\"widget\" data-widget_type=\"text-editor.default\">\n\t\t\t\t<div class=\"elementor-widget-container\">\n\t\t\t\t\t\t\t\t\t<p>La primera pista permanente de p\u00e1del se instal\u00f3 en Schaffhausen, donde tambi\u00e9n se celebraron los partidos de clasificaci\u00f3n para la selecci\u00f3n nacional.<\/p>\t\t\t\t\t\t\t\t<\/div>\n\t\t\t\t<\/div>\n\t\t\t\t<div class=\"elementor-element elementor-element-387e7cb8 elementor-widget elementor-widget-gallery\" data-id=\"387e7cb8\" data-element_type=\"widget\" data-settings=\"{&quot;columns&quot;:&quot;1&quot;,&quot;columns_tablet&quot;:&quot;1&quot;,&quot;gallery_layout&quot;:&quot;grid&quot;,&quot;columns_mobile&quot;:1,&quot;gap&quot;:{&quot;unit&quot;:&quot;px&quot;,&quot;size&quot;:10,&quot;sizes&quot;:[]},&quot;gap_tablet&quot;:{&quot;unit&quot;:&quot;px&quot;,&quot;size&quot;:10,&quot;sizes&quot;:[]},&quot;gap_mobile&quot;:{&quot;unit&quot;:&quot;px&quot;,&quot;size&quot;:10,&quot;sizes&quot;:[]},&quot;link_to&quot;:&quot;file&quot;,&quot;aspect_ratio&quot;:&quot;3:2&quot;,&quot;content_hover_animation&quot;:&quot;fade-in&quot;}\" data-widget_type=\"gallery.default\">\n\t\t\t\t<div class=\"elementor-widget-container\">\n\t\t\t\t\t\t\t<div class=\"elementor-gallery__container\">\n\t\t\t\t\t\t\t<a class=\"e-gallery-item elementor-gallery-item elementor-animated-content\" href=\"https:\/\/swisspadel.ch\/wp-content\/uploads\/2024\/07\/2008_3-2.png\" data-elementor-open-lightbox=\"yes\" data-elementor-lightbox-slideshow=\"387e7cb8\" data-elementor-lightbox-title=\"2008_3.png\" data-e-action-hash=\"#elementor-action%3Aaction%3Dlightbox%26settings%3DeyJpZCI6MTU1NTEsInVybCI6Imh0dHBzOlwvXC9zd2lzc3BhZGVsLmNoXC93cC1jb250ZW50XC91cGxvYWRzXC8yMDI0XC8wN1wvMjAwOF8zLTIucG5nIiwic2xpZGVzaG93IjoiMzg3ZTdjYjgifQ%3D%3D\">\n\t\t\t\t\t<div class=\"e-gallery-image elementor-gallery-item__image\" data-thumbnail=\"https:\/\/swisspadel.ch\/wp-content\/uploads\/2024\/07\/2008_3-2-1536x865.png\" data-width=\"1536\" data-height=\"865\" aria-label=\"\" role=\"img\" ><\/div>\n\t\t\t\t\t\t\t\t\t\t\t\t\t\t<\/a>\n\t\t\t\t\t<\/div>\n\t\t\t\t\t<\/div>\n\t\t\t\t<\/div>\n\t\t\t\t<div class=\"elementor-element elementor-element-37da0154 elementor-widget elementor-widget-gallery\" data-id=\"37da0154\" data-element_type=\"widget\" data-settings=\"{&quot;columns&quot;:&quot;1&quot;,&quot;columns_tablet&quot;:&quot;1&quot;,&quot;gallery_layout&quot;:&quot;grid&quot;,&quot;columns_mobile&quot;:1,&quot;gap&quot;:{&quot;unit&quot;:&quot;px&quot;,&quot;size&quot;:10,&quot;sizes&quot;:[]},&quot;gap_tablet&quot;:{&quot;unit&quot;:&quot;px&quot;,&quot;size&quot;:10,&quot;sizes&quot;:[]},&quot;gap_mobile&quot;:{&quot;unit&quot;:&quot;px&quot;,&quot;size&quot;:10,&quot;sizes&quot;:[]},&quot;link_to&quot;:&quot;file&quot;,&quot;aspect_ratio&quot;:&quot;3:2&quot;,&quot;content_hover_animation&quot;:&quot;fade-in&quot;}\" data-widget_type=\"gallery.default\">\n\t\t\t\t<div class=\"elementor-widget-container\">\n\t\t\t\t\t\t\t<div class=\"elementor-gallery__container\">\n\t\t\t\t\t\t\t<a class=\"e-gallery-item elementor-gallery-item elementor-animated-content\" href=\"https:\/\/swisspadel.ch\/wp-content\/uploads\/2024\/07\/2010_1-2.png\" data-elementor-open-lightbox=\"yes\" data-elementor-lightbox-slideshow=\"37da0154\" data-elementor-lightbox-title=\"2010_1.png\" data-e-action-hash=\"#elementor-action%3Aaction%3Dlightbox%26settings%3DeyJpZCI6MTU1NTIsInVybCI6Imh0dHBzOlwvXC9zd2lzc3BhZGVsLmNoXC93cC1jb250ZW50XC91cGxvYWRzXC8yMDI0XC8wN1wvMjAxMF8xLTIucG5nIiwic2xpZGVzaG93IjoiMzdkYTAxNTQifQ%3D%3D\">\n\t\t\t\t\t<div class=\"e-gallery-image elementor-gallery-item__image\" data-thumbnail=\"https:\/\/swisspadel.ch\/wp-content\/uploads\/2024\/07\/2010_1-2.png\" data-width=\"1330\" data-height=\"1006\" aria-label=\"\" role=\"img\" ><\/div>\n\t\t\t\t\t\t\t\t\t\t\t\t\t\t<\/a>\n\t\t\t\t\t\t\t<a class=\"e-gallery-item elementor-gallery-item elementor-animated-content\" href=\"https:\/\/swisspadel.ch\/wp-content\/uploads\/2024\/07\/2008_4-2.png\" data-elementor-open-lightbox=\"yes\" data-elementor-lightbox-slideshow=\"37da0154\" data-elementor-lightbox-title=\"2008_4.png\" data-e-action-hash=\"#elementor-action%3Aaction%3Dlightbox%26settings%3DeyJpZCI6MTU1NTMsInVybCI6Imh0dHBzOlwvXC9zd2lzc3BhZGVsLmNoXC93cC1jb250ZW50XC91cGxvYWRzXC8yMDI0XC8wN1wvMjAwOF80LTIucG5nIiwic2xpZGVzaG93IjoiMzdkYTAxNTQifQ%3D%3D\">\n\t\t\t\t\t<div class=\"e-gallery-image elementor-gallery-item__image\" data-thumbnail=\"https:\/\/swisspadel.ch\/wp-content\/uploads\/2024\/07\/2008_4-2-1179x1536.png\" data-width=\"1179\" data-height=\"1536\" aria-label=\"\" role=\"img\" ><\/div>\n\t\t\t\t\t\t\t\t\t\t\t\t\t\t<\/a>\n\t\t\t\t\t<\/div>\n\t\t\t\t\t<\/div>\n\t\t\t\t<\/div>\n\t\t\t\t<div class=\"elementor-element elementor-element-5470d042 elementor-widget elementor-widget-text-editor\" data-id=\"5470d042\" data-element_type=\"widget\" data-widget_type=\"text-editor.default\">\n\t\t\t\t<div class=\"elementor-widget-container\">\n\t\t\t\t\t\t\t\t\t<p>Revista Smash de junio de 2008<\/p>\t\t\t\t\t\t\t\t<\/div>\n\t\t\t\t<\/div>\n\t\t\t\t<div class=\"elementor-element elementor-element-1fb7bbcf elementor-widget elementor-widget-gallery\" data-id=\"1fb7bbcf\" data-element_type=\"widget\" data-settings=\"{&quot;columns&quot;:&quot;1&quot;,&quot;columns_tablet&quot;:&quot;1&quot;,&quot;gallery_layout&quot;:&quot;grid&quot;,&quot;columns_mobile&quot;:1,&quot;gap&quot;:{&quot;unit&quot;:&quot;px&quot;,&quot;size&quot;:10,&quot;sizes&quot;:[]},&quot;gap_tablet&quot;:{&quot;unit&quot;:&quot;px&quot;,&quot;size&quot;:10,&quot;sizes&quot;:[]},&quot;gap_mobile&quot;:{&quot;unit&quot;:&quot;px&quot;,&quot;size&quot;:10,&quot;sizes&quot;:[]},&quot;link_to&quot;:&quot;file&quot;,&quot;aspect_ratio&quot;:&quot;3:2&quot;,&quot;content_hover_animation&quot;:&quot;fade-in&quot;}\" data-widget_type=\"gallery.default\">\n\t\t\t\t<div class=\"elementor-widget-container\">\n\t\t\t\t\t\t\t<div class=\"elementor-gallery__container\">\n\t\t\t\t\t\t\t<a class=\"e-gallery-item elementor-gallery-item elementor-animated-content\" href=\"https:\/\/swisspadel.ch\/wp-content\/uploads\/2024\/07\/history_men_2008_1-scaled-2.jpeg\" data-elementor-open-lightbox=\"yes\" data-elementor-lightbox-slideshow=\"1fb7bbcf\" data-elementor-lightbox-title=\"history_men_2008_1-scaled.jpeg\" data-e-action-hash=\"#elementor-action%3Aaction%3Dlightbox%26settings%3DeyJpZCI6MTU1NTQsInVybCI6Imh0dHBzOlwvXC9zd2lzc3BhZGVsLmNoXC93cC1jb250ZW50XC91cGxvYWRzXC8yMDI0XC8wN1wvaGlzdG9yeV9tZW5fMjAwOF8xLXNjYWxlZC0yLmpwZWciLCJzbGlkZXNob3ciOiIxZmI3YmJjZiJ9\">\n\t\t\t\t\t<div class=\"e-gallery-image elementor-gallery-item__image\" data-thumbnail=\"https:\/\/swisspadel.ch\/wp-content\/uploads\/2024\/07\/history_men_2008_1-scaled-2-1536x865.jpeg\" data-width=\"1536\" data-height=\"865\" aria-label=\"\" role=\"img\" ><\/div>\n\t\t\t\t\t\t\t\t\t\t\t\t\t\t<\/a>\n\t\t\t\t\t<\/div>\n\t\t\t\t\t<\/div>\n\t\t\t\t<\/div>\n\t\t\t\t<\/div>\n\t\t<div class=\"elementor-element elementor-element-3abf2d7c e-con-full e-flex e-con e-child\" data-id=\"3abf2d7c\" data-element_type=\"container\">\n\t\t\t\t<div class=\"elementor-element elementor-element-20f7c1c7 elementor-widget elementor-widget-heading\" data-id=\"20f7c1c7\" data-element_type=\"widget\" data-widget_type=\"heading.default\">\n\t\t\t\t<div class=\"elementor-widget-container\">\n\t\t\t\t\t<h3 class=\"elementor-heading-title elementor-size-default\">Delegaci\u00f3n suiza en la Copa del Mundo  <\/h3>\t\t\t\t<\/div>\n\t\t\t\t<\/div>\n\t\t\t\t<div class=\"elementor-element elementor-element-6614472e elementor-widget elementor-widget-text-editor\" data-id=\"6614472e\" data-element_type=\"widget\" data-widget_type=\"text-editor.default\">\n\t\t\t\t<div class=\"elementor-widget-container\">\n\t\t\t\t\t\t\t\t\t<p>En 2008, una delegaci\u00f3n suiza viaj\u00f3 por primera vez a los Campeonatos del Mundo de Calgary.<\/p>\t\t\t\t\t\t\t\t<\/div>\n\t\t\t\t<\/div>\n\t\t\t\t<div class=\"elementor-element elementor-element-78f1046d elementor-widget elementor-widget-gallery\" data-id=\"78f1046d\" data-element_type=\"widget\" data-settings=\"{&quot;columns&quot;:&quot;1&quot;,&quot;columns_tablet&quot;:&quot;1&quot;,&quot;gallery_layout&quot;:&quot;grid&quot;,&quot;columns_mobile&quot;:1,&quot;gap&quot;:{&quot;unit&quot;:&quot;px&quot;,&quot;size&quot;:10,&quot;sizes&quot;:[]},&quot;gap_tablet&quot;:{&quot;unit&quot;:&quot;px&quot;,&quot;size&quot;:10,&quot;sizes&quot;:[]},&quot;gap_mobile&quot;:{&quot;unit&quot;:&quot;px&quot;,&quot;size&quot;:10,&quot;sizes&quot;:[]},&quot;link_to&quot;:&quot;file&quot;,&quot;aspect_ratio&quot;:&quot;3:2&quot;,&quot;content_hover_animation&quot;:&quot;fade-in&quot;}\" data-widget_type=\"gallery.default\">\n\t\t\t\t<div class=\"elementor-widget-container\">\n\t\t\t\t\t\t\t<div class=\"elementor-gallery__container\">\n\t\t\t\t\t\t\t<a class=\"e-gallery-item elementor-gallery-item elementor-animated-content\" href=\"https:\/\/swisspadel.ch\/wp-content\/uploads\/2024\/07\/2008_5-2.png\" data-elementor-open-lightbox=\"yes\" data-elementor-lightbox-slideshow=\"78f1046d\" data-elementor-lightbox-title=\"2008_5.png\" data-e-action-hash=\"#elementor-action%3Aaction%3Dlightbox%26settings%3DeyJpZCI6MjM1NzUsInVybCI6Imh0dHBzOlwvXC9zd2lzc3BhZGVsLmNoXC93cC1jb250ZW50XC91cGxvYWRzXC8yMDI0XC8wN1wvMjAwOF81LTIucG5nIiwic2xpZGVzaG93IjoiNzhmMTA0NmQifQ%3D%3D\">\n\t\t\t\t\t<div class=\"e-gallery-image elementor-gallery-item__image\" data-thumbnail=\"https:\/\/swisspadel.ch\/wp-content\/uploads\/2024\/07\/2008_5-2.png\" data-width=\"992\" data-height=\"678\" aria-label=\"\" role=\"img\" ><\/div>\n\t\t\t\t\t\t\t\t\t\t\t\t\t\t<\/a>\n\t\t\t\t\t<\/div>\n\t\t\t\t\t<\/div>\n\t\t\t\t<\/div>\n\t\t\t\t<div class=\"elementor-element elementor-element-34eed39f elementor-widget elementor-widget-text-editor\" data-id=\"34eed39f\" data-element_type=\"widget\" data-widget_type=\"text-editor.default\">\n\t\t\t\t<div class=\"elementor-widget-container\">\n\t\t\t\t\t\t\t\t\t<p>Arriba desde la izquierda: Stephan Bienz, Fritz Jacober, Pascal Burkhart, Mario Jacober, Stefan Kyburz. Abajo desde la izquierda: Rico Jacober, Patrik Burkhart. <\/p>\t\t\t\t\t\t\t\t<\/div>\n\t\t\t\t<\/div>\n\t\t\t\t<\/div>\n\t\t\t\t<\/div>\n\t\t\t\t<\/div>\n\t\t<div class=\"elementor-element elementor-element-8509252 e-flex e-con-boxed e-con e-child\" data-id=\"8509252\" data-element_type=\"container\" data-settings=\"{&quot;background_background&quot;:&quot;classic&quot;}\">\n\t\t\t\t\t<div class=\"e-con-inner\">\n\t\t<div class=\"elementor-element elementor-element-6fadc67f e-con-full e-flex e-con e-child\" data-id=\"6fadc67f\" data-element_type=\"container\">\n\t\t\t\t<div class=\"elementor-element elementor-element-58e9e088 dm-timeline-left elementor-widget elementor-widget-heading\" data-id=\"58e9e088\" data-element_type=\"widget\" data-widget_type=\"heading.default\">\n\t\t\t\t<div class=\"elementor-widget-container\">\n\t\t\t\t\t<h2 class=\"elementor-heading-title elementor-size-default\">2010<\/h2>\t\t\t\t<\/div>\n\t\t\t\t<\/div>\n\t\t\t\t<\/div>\n\t\t<div class=\"elementor-element elementor-element-6ceee79 e-con-full dm-bar-container e-flex e-con e-child\" data-id=\"6ceee79\" data-element_type=\"container\">\n\t\t\t\t<div class=\"elementor-element elementor-element-1a93ca96 dm-timeline-point elementor-widget elementor-widget-image\" data-id=\"1a93ca96\" data-element_type=\"widget\" data-widget_type=\"image.default\">\n\t\t\t\t<div class=\"elementor-widget-container\">\n\t\t\t\t\t\t\t\t\t\t\t\t\t\t\t<img decoding=\"async\" width=\"150\" height=\"150\" src=\"https:\/\/swisspadel.ch\/wp-content\/uploads\/2024\/07\/circle-2.svg\" class=\"attachment-thumbnail size-thumbnail wp-image-15547\" alt=\"\" \/>\t\t\t\t\t\t\t\t\t\t\t\t\t\t\t<\/div>\n\t\t\t\t<\/div>\n\t\t<div class=\"elementor-element elementor-element-144d80c0 e-con-full dm-timeline-bar e-transform e-flex e-con e-child\" data-id=\"144d80c0\" data-element_type=\"container\" data-settings=\"{&quot;background_background&quot;:&quot;classic&quot;,&quot;position&quot;:&quot;absolute&quot;,&quot;_transform_translateX_effect&quot;:{&quot;unit&quot;:&quot;%&quot;,&quot;size&quot;:&quot;-50&quot;,&quot;sizes&quot;:[]},&quot;_transform_translateX_effect_tablet&quot;:{&quot;unit&quot;:&quot;%&quot;,&quot;size&quot;:&quot;&quot;,&quot;sizes&quot;:[]},&quot;_transform_translateX_effect_mobile&quot;:{&quot;unit&quot;:&quot;%&quot;,&quot;size&quot;:&quot;&quot;,&quot;sizes&quot;:[]},&quot;_transform_translateY_effect&quot;:{&quot;unit&quot;:&quot;%&quot;,&quot;size&quot;:&quot;0&quot;,&quot;sizes&quot;:[]},&quot;_transform_translateY_effect_tablet&quot;:{&quot;unit&quot;:&quot;%&quot;,&quot;size&quot;:&quot;&quot;,&quot;sizes&quot;:[]},&quot;_transform_translateY_effect_mobile&quot;:{&quot;unit&quot;:&quot;%&quot;,&quot;size&quot;:&quot;&quot;,&quot;sizes&quot;:[]}}\">\n\t\t<div class=\"elementor-element elementor-element-52284889 e-con-full dm-progress-bar e-flex e-con e-child\" data-id=\"52284889\" data-element_type=\"container\" data-settings=\"{&quot;background_background&quot;:&quot;classic&quot;,&quot;position&quot;:&quot;absolute&quot;}\">\n\t\t\t\t<\/div>\n\t\t\t\t<\/div>\n\t\t\t\t<\/div>\n\t\t<div class=\"elementor-element elementor-element-287589c e-con-full e-flex e-con e-child\" data-id=\"287589c\" data-element_type=\"container\">\n\t\t\t\t<div class=\"elementor-element elementor-element-727ab63f elementor-widget elementor-widget-heading\" data-id=\"727ab63f\" data-element_type=\"widget\" data-widget_type=\"heading.default\">\n\t\t\t\t<div class=\"elementor-widget-container\">\n\t\t\t\t\t<h3 class=\"elementor-heading-title elementor-size-default\">Club de p\u00e1del y Campeonato del Mundo 2010<\/h3>\t\t\t\t<\/div>\n\t\t\t\t<\/div>\n\t\t\t\t<div class=\"elementor-element elementor-element-4220314b elementor-widget elementor-widget-text-editor\" data-id=\"4220314b\" data-element_type=\"widget\" data-widget_type=\"text-editor.default\">\n\t\t\t\t<div class=\"elementor-widget-container\">\n\t\t\t\t\t\t\t\t\t<p>Fundaci\u00f3n y apertura de un club de p\u00e1del en Unterengstringen, ZH. Entre otras cosas, esto sirvi\u00f3 de preparaci\u00f3n para los Campeonatos del Mundo de M\u00e9xico.   <br>Suiza compiti\u00f3 all\u00ed con un equipo femenino y otro masculino. El equipo masculino qued\u00f3 cuarto en los Campeonatos de Europa celebrados en Valencia ese mismo a\u00f1o. <\/p>\t\t\t\t\t\t\t\t<\/div>\n\t\t\t\t<\/div>\n\t\t\t\t<div class=\"elementor-element elementor-element-b3dbb46 elementor-widget elementor-widget-heading\" data-id=\"b3dbb46\" data-element_type=\"widget\" data-widget_type=\"heading.default\">\n\t\t\t\t<div class=\"elementor-widget-container\">\n\t\t\t\t\t<h3 class=\"elementor-heading-title elementor-size-default\">Primer Campeonato Suizo<\/h3>\t\t\t\t<\/div>\n\t\t\t\t<\/div>\n\t\t\t\t<div class=\"elementor-element elementor-element-67ea0323 elementor-widget elementor-widget-text-editor\" data-id=\"67ea0323\" data-element_type=\"widget\" data-widget_type=\"text-editor.default\">\n\t\t\t\t<div class=\"elementor-widget-container\">\n\t\t\t\t\t\t\t\t\t<p>El primer campeonato suizo tambi\u00e9n se celebr\u00f3 en Unterengstringen.<\/p>\t\t\t\t\t\t\t\t<\/div>\n\t\t\t\t<\/div>\n\t\t\t\t<div class=\"elementor-element elementor-element-16f2785c elementor-widget elementor-widget-gallery\" data-id=\"16f2785c\" data-element_type=\"widget\" data-settings=\"{&quot;columns&quot;:&quot;1&quot;,&quot;columns_tablet&quot;:&quot;1&quot;,&quot;gallery_layout&quot;:&quot;grid&quot;,&quot;columns_mobile&quot;:1,&quot;gap&quot;:{&quot;unit&quot;:&quot;px&quot;,&quot;size&quot;:10,&quot;sizes&quot;:[]},&quot;gap_tablet&quot;:{&quot;unit&quot;:&quot;px&quot;,&quot;size&quot;:10,&quot;sizes&quot;:[]},&quot;gap_mobile&quot;:{&quot;unit&quot;:&quot;px&quot;,&quot;size&quot;:10,&quot;sizes&quot;:[]},&quot;link_to&quot;:&quot;file&quot;,&quot;aspect_ratio&quot;:&quot;3:2&quot;,&quot;content_hover_animation&quot;:&quot;fade-in&quot;}\" data-widget_type=\"gallery.default\">\n\t\t\t\t<div class=\"elementor-widget-container\">\n\t\t\t\t\t\t\t<div class=\"elementor-gallery__container\">\n\t\t\t\t\t\t\t<a class=\"e-gallery-item elementor-gallery-item elementor-animated-content\" href=\"https:\/\/swisspadel.ch\/wp-content\/uploads\/2024\/07\/2010_1-2.png\" data-elementor-open-lightbox=\"yes\" data-elementor-lightbox-slideshow=\"16f2785c\" data-elementor-lightbox-title=\"2010_1.png\" data-e-action-hash=\"#elementor-action%3Aaction%3Dlightbox%26settings%3DeyJpZCI6MTU1NTIsInVybCI6Imh0dHBzOlwvXC9zd2lzc3BhZGVsLmNoXC93cC1jb250ZW50XC91cGxvYWRzXC8yMDI0XC8wN1wvMjAxMF8xLTIucG5nIiwic2xpZGVzaG93IjoiMTZmMjc4NWMifQ%3D%3D\">\n\t\t\t\t\t<div class=\"e-gallery-image elementor-gallery-item__image\" data-thumbnail=\"https:\/\/swisspadel.ch\/wp-content\/uploads\/2024\/07\/2010_1-2.png\" data-width=\"1330\" data-height=\"1006\" aria-label=\"\" role=\"img\" ><\/div>\n\t\t\t\t\t\t\t\t\t\t\t\t\t\t<\/a>\n\t\t\t\t\t<\/div>\n\t\t\t\t\t<\/div>\n\t\t\t\t<\/div>\n\t\t\t\t<div class=\"elementor-element elementor-element-35d77816 elementor-widget elementor-widget-gallery\" data-id=\"35d77816\" data-element_type=\"widget\" data-settings=\"{&quot;columns&quot;:&quot;1&quot;,&quot;columns_tablet&quot;:&quot;1&quot;,&quot;gallery_layout&quot;:&quot;grid&quot;,&quot;columns_mobile&quot;:1,&quot;gap&quot;:{&quot;unit&quot;:&quot;px&quot;,&quot;size&quot;:10,&quot;sizes&quot;:[]},&quot;gap_tablet&quot;:{&quot;unit&quot;:&quot;px&quot;,&quot;size&quot;:10,&quot;sizes&quot;:[]},&quot;gap_mobile&quot;:{&quot;unit&quot;:&quot;px&quot;,&quot;size&quot;:10,&quot;sizes&quot;:[]},&quot;link_to&quot;:&quot;file&quot;,&quot;aspect_ratio&quot;:&quot;3:2&quot;,&quot;content_hover_animation&quot;:&quot;fade-in&quot;}\" data-widget_type=\"gallery.default\">\n\t\t\t\t<div class=\"elementor-widget-container\">\n\t\t\t\t\t\t\t<div class=\"elementor-gallery__container\">\n\t\t\t\t\t\t\t<a class=\"e-gallery-item elementor-gallery-item elementor-animated-content\" href=\"https:\/\/swisspadel.ch\/wp-content\/uploads\/2024\/07\/history_men_2010_2.jpeg\" data-elementor-open-lightbox=\"yes\" data-elementor-lightbox-slideshow=\"35d77816\" data-elementor-lightbox-title=\"history_men_2010_2.jpeg\" data-e-action-hash=\"#elementor-action%3Aaction%3Dlightbox%26settings%3DeyJpZCI6MTU1NTYsInVybCI6Imh0dHBzOlwvXC9zd2lzc3BhZGVsLmNoXC93cC1jb250ZW50XC91cGxvYWRzXC8yMDI0XC8wN1wvaGlzdG9yeV9tZW5fMjAxMF8yLmpwZWciLCJzbGlkZXNob3ciOiIzNWQ3NzgxNiJ9\">\n\t\t\t\t\t<div class=\"e-gallery-image elementor-gallery-item__image\" data-thumbnail=\"https:\/\/swisspadel.ch\/wp-content\/uploads\/2024\/07\/history_men_2010_2-1536x1152.jpeg\" data-width=\"1536\" data-height=\"1152\" aria-label=\"\" role=\"img\" ><\/div>\n\t\t\t\t\t\t\t\t\t\t\t\t\t\t<\/a>\n\t\t\t\t\t\t\t<a class=\"e-gallery-item elementor-gallery-item elementor-animated-content\" href=\"https:\/\/swisspadel.ch\/wp-content\/uploads\/2024\/07\/history_team_2010-1.jpg\" data-elementor-open-lightbox=\"yes\" data-elementor-lightbox-slideshow=\"35d77816\" data-elementor-lightbox-title=\"history_team_2010.jpg\" data-e-action-hash=\"#elementor-action%3Aaction%3Dlightbox%26settings%3DeyJpZCI6MTU1NTgsInVybCI6Imh0dHBzOlwvXC9zd2lzc3BhZGVsLmNoXC93cC1jb250ZW50XC91cGxvYWRzXC8yMDI0XC8wN1wvaGlzdG9yeV90ZWFtXzIwMTAtMS5qcGciLCJzbGlkZXNob3ciOiIzNWQ3NzgxNiJ9\">\n\t\t\t\t\t<div class=\"e-gallery-image elementor-gallery-item__image\" data-thumbnail=\"https:\/\/swisspadel.ch\/wp-content\/uploads\/2024\/07\/history_team_2010-1-1536x1045.jpg\" data-width=\"1536\" data-height=\"1045\" aria-label=\"\" role=\"img\" ><\/div>\n\t\t\t\t\t\t\t\t\t\t\t\t\t\t<\/a>\n\t\t\t\t\t\t\t<a class=\"e-gallery-item elementor-gallery-item elementor-animated-content\" href=\"https:\/\/swisspadel.ch\/wp-content\/uploads\/2024\/07\/history_womens_2010_1-scaled-2.jpeg\" data-elementor-open-lightbox=\"yes\" data-elementor-lightbox-slideshow=\"35d77816\" data-elementor-lightbox-title=\"history_womens_2010_1-scaled.jpeg\" data-e-action-hash=\"#elementor-action%3Aaction%3Dlightbox%26settings%3DeyJpZCI6MTU1NTksInVybCI6Imh0dHBzOlwvXC9zd2lzc3BhZGVsLmNoXC93cC1jb250ZW50XC91cGxvYWRzXC8yMDI0XC8wN1wvaGlzdG9yeV93b21lbnNfMjAxMF8xLXNjYWxlZC0yLmpwZWciLCJzbGlkZXNob3ciOiIzNWQ3NzgxNiJ9\">\n\t\t\t\t\t<div class=\"e-gallery-image elementor-gallery-item__image\" data-thumbnail=\"https:\/\/swisspadel.ch\/wp-content\/uploads\/2024\/07\/history_womens_2010_1-scaled-2-1536x865.jpeg\" data-width=\"1536\" data-height=\"865\" aria-label=\"\" role=\"img\" ><\/div>\n\t\t\t\t\t\t\t\t\t\t\t\t\t\t<\/a>\n\t\t\t\t\t<\/div>\n\t\t\t\t\t<\/div>\n\t\t\t\t<\/div>\n\t\t\t\t<div class=\"elementor-element elementor-element-26364f90 elementor-widget elementor-widget-video\" data-id=\"26364f90\" data-element_type=\"widget\" data-settings=\"{&quot;video_type&quot;:&quot;hosted&quot;,&quot;controls&quot;:&quot;yes&quot;}\" data-widget_type=\"video.default\">\n\t\t\t\t<div class=\"elementor-widget-container\">\n\t\t\t\t\t\t\t<div class=\"e-hosted-video elementor-wrapper elementor-open-inline\">\n\t\t\t\t\t<video class=\"elementor-video\" src=\"https:\/\/www.jonas.work\/wp-content\/uploads\/swisspadel_history_2010_srf_1.mp4\" controls=\"\" preload=\"metadata\" controlsList=\"nodownload\"><\/video>\n\t\t\t\t<\/div>\n\t\t\t\t\t\t<\/div>\n\t\t\t\t<\/div>\n\t\t\t\t<div class=\"elementor-element elementor-element-5b97a62b elementor-widget elementor-widget-video\" data-id=\"5b97a62b\" data-element_type=\"widget\" data-settings=\"{&quot;video_type&quot;:&quot;hosted&quot;,&quot;controls&quot;:&quot;yes&quot;}\" data-widget_type=\"video.default\">\n\t\t\t\t<div class=\"elementor-widget-container\">\n\t\t\t\t\t\t\t<div class=\"e-hosted-video elementor-wrapper elementor-open-inline\">\n\t\t\t\t\t<video class=\"elementor-video\" src=\"https:\/\/www.jonas.work\/wp-content\/uploads\/swisspadel_history_2010_srf_2.mp4\" controls=\"\" preload=\"metadata\" controlsList=\"nodownload\"><\/video>\n\t\t\t\t<\/div>\n\t\t\t\t\t\t<\/div>\n\t\t\t\t<\/div>\n\t\t\t\t<\/div>\n\t\t\t\t\t<\/div>\n\t\t\t\t<\/div>\n\t\t<div class=\"elementor-element elementor-element-74c98821 e-con-full e-flex e-con e-child\" data-id=\"74c98821\" data-element_type=\"container\" data-settings=\"{&quot;background_background&quot;:&quot;classic&quot;}\">\n\t\t<div class=\"elementor-element elementor-element-63317b22 e-con-full e-flex e-con e-child\" data-id=\"63317b22\" data-element_type=\"container\">\n\t\t\t\t<div class=\"elementor-element elementor-element-63d05d49 dm-timeline-left elementor-widget elementor-widget-heading\" data-id=\"63d05d49\" data-element_type=\"widget\" data-widget_type=\"heading.default\">\n\t\t\t\t<div class=\"elementor-widget-container\">\n\t\t\t\t\t<h2 class=\"elementor-heading-title elementor-size-default\">2013<\/h2>\t\t\t\t<\/div>\n\t\t\t\t<\/div>\n\t\t\t\t<\/div>\n\t\t<div class=\"elementor-element elementor-element-2df9cda0 e-con-full dm-bar-container e-flex e-con e-child\" data-id=\"2df9cda0\" data-element_type=\"container\">\n\t\t\t\t<div class=\"elementor-element elementor-element-56ab9248 dm-timeline-point elementor-widget elementor-widget-image\" data-id=\"56ab9248\" data-element_type=\"widget\" data-widget_type=\"image.default\">\n\t\t\t\t<div class=\"elementor-widget-container\">\n\t\t\t\t\t\t\t\t\t\t\t\t\t\t\t<img decoding=\"async\" width=\"150\" height=\"150\" src=\"https:\/\/swisspadel.ch\/wp-content\/uploads\/2024\/07\/circle-2.svg\" class=\"attachment-thumbnail size-thumbnail wp-image-15547\" alt=\"\" \/>\t\t\t\t\t\t\t\t\t\t\t\t\t\t\t<\/div>\n\t\t\t\t<\/div>\n\t\t<div class=\"elementor-element elementor-element-1a556864 e-con-full dm-timeline-bar e-transform e-flex e-con e-child\" data-id=\"1a556864\" data-element_type=\"container\" data-settings=\"{&quot;background_background&quot;:&quot;classic&quot;,&quot;position&quot;:&quot;absolute&quot;,&quot;_transform_translateX_effect&quot;:{&quot;unit&quot;:&quot;%&quot;,&quot;size&quot;:&quot;-50&quot;,&quot;sizes&quot;:[]},&quot;_transform_translateX_effect_tablet&quot;:{&quot;unit&quot;:&quot;%&quot;,&quot;size&quot;:&quot;&quot;,&quot;sizes&quot;:[]},&quot;_transform_translateX_effect_mobile&quot;:{&quot;unit&quot;:&quot;%&quot;,&quot;size&quot;:&quot;&quot;,&quot;sizes&quot;:[]},&quot;_transform_translateY_effect&quot;:{&quot;unit&quot;:&quot;%&quot;,&quot;size&quot;:&quot;0&quot;,&quot;sizes&quot;:[]},&quot;_transform_translateY_effect_tablet&quot;:{&quot;unit&quot;:&quot;%&quot;,&quot;size&quot;:&quot;&quot;,&quot;sizes&quot;:[]},&quot;_transform_translateY_effect_mobile&quot;:{&quot;unit&quot;:&quot;%&quot;,&quot;size&quot;:&quot;&quot;,&quot;sizes&quot;:[]}}\">\n\t\t<div class=\"elementor-element elementor-element-2a12cf5a e-con-full dm-progress-bar e-flex e-con e-child\" data-id=\"2a12cf5a\" data-element_type=\"container\" data-settings=\"{&quot;background_background&quot;:&quot;classic&quot;,&quot;position&quot;:&quot;absolute&quot;}\">\n\t\t\t\t<\/div>\n\t\t\t\t<\/div>\n\t\t\t\t<\/div>\n\t\t<div class=\"elementor-element elementor-element-40f1c7b6 e-con-full e-flex e-con e-child\" data-id=\"40f1c7b6\" data-element_type=\"container\">\n\t\t<div class=\"elementor-element elementor-element-3abc7d0b e-con-full e-flex e-con e-child\" data-id=\"3abc7d0b\" data-element_type=\"container\">\n\t\t\t\t<div class=\"elementor-element elementor-element-2431311c elementor-widget elementor-widget-heading\" data-id=\"2431311c\" data-element_type=\"widget\" data-widget_type=\"heading.default\">\n\t\t\t\t<div class=\"elementor-widget-container\">\n\t\t\t\t\t<h3 class=\"elementor-heading-title elementor-size-default\">Primera pista de p\u00e1del en Singapur<\/h3>\t\t\t\t<\/div>\n\t\t\t\t<\/div>\n\t\t\t\t<div class=\"elementor-element elementor-element-46ce3333 elementor-widget elementor-widget-gallery\" data-id=\"46ce3333\" data-element_type=\"widget\" data-settings=\"{&quot;columns&quot;:&quot;1&quot;,&quot;columns_tablet&quot;:&quot;1&quot;,&quot;gallery_layout&quot;:&quot;grid&quot;,&quot;columns_mobile&quot;:1,&quot;gap&quot;:{&quot;unit&quot;:&quot;px&quot;,&quot;size&quot;:10,&quot;sizes&quot;:[]},&quot;gap_tablet&quot;:{&quot;unit&quot;:&quot;px&quot;,&quot;size&quot;:10,&quot;sizes&quot;:[]},&quot;gap_mobile&quot;:{&quot;unit&quot;:&quot;px&quot;,&quot;size&quot;:10,&quot;sizes&quot;:[]},&quot;link_to&quot;:&quot;file&quot;,&quot;aspect_ratio&quot;:&quot;3:2&quot;,&quot;content_hover_animation&quot;:&quot;fade-in&quot;}\" data-widget_type=\"gallery.default\">\n\t\t\t\t<div class=\"elementor-widget-container\">\n\t\t\t\t\t\t\t<div class=\"elementor-gallery__container\">\n\t\t\t\t\t\t\t<a class=\"e-gallery-item elementor-gallery-item elementor-animated-content\" href=\"https:\/\/swisspadel.ch\/wp-content\/uploads\/2024\/07\/WhatsApp-Image-2024-07-17-at-23.47.04-2.jpeg\" data-elementor-open-lightbox=\"yes\" data-elementor-lightbox-slideshow=\"46ce3333\" data-elementor-lightbox-title=\"WhatsApp-Image-2024-07-17-at-23.47.04.jpeg\" data-e-action-hash=\"#elementor-action%3Aaction%3Dlightbox%26settings%3DeyJpZCI6MTU1NjQsInVybCI6Imh0dHBzOlwvXC9zd2lzc3BhZGVsLmNoXC93cC1jb250ZW50XC91cGxvYWRzXC8yMDI0XC8wN1wvV2hhdHNBcHAtSW1hZ2UtMjAyNC0wNy0xNy1hdC0yMy40Ny4wNC0yLmpwZWciLCJzbGlkZXNob3ciOiI0NmNlMzMzMyJ9\">\n\t\t\t\t\t<div class=\"e-gallery-image elementor-gallery-item__image\" data-thumbnail=\"https:\/\/swisspadel.ch\/wp-content\/uploads\/2024\/07\/WhatsApp-Image-2024-07-17-at-23.47.04-2-1152x1536.jpeg\" data-width=\"1152\" data-height=\"1536\" aria-label=\"\" role=\"img\" ><\/div>\n\t\t\t\t\t\t\t\t\t\t\t\t\t\t<\/a>\n\t\t\t\t\t\t\t<a class=\"e-gallery-item elementor-gallery-item elementor-animated-content\" href=\"https:\/\/swisspadel.ch\/wp-content\/uploads\/2024\/07\/suipa_singapore_history-2.jpg\" data-elementor-open-lightbox=\"yes\" data-elementor-lightbox-slideshow=\"46ce3333\" data-elementor-lightbox-title=\"suipa_singapore_history.jpg\" data-e-action-hash=\"#elementor-action%3Aaction%3Dlightbox%26settings%3DeyJpZCI6MTU1NjgsInVybCI6Imh0dHBzOlwvXC9zd2lzc3BhZGVsLmNoXC93cC1jb250ZW50XC91cGxvYWRzXC8yMDI0XC8wN1wvc3VpcGFfc2luZ2Fwb3JlX2hpc3RvcnktMi5qcGciLCJzbGlkZXNob3ciOiI0NmNlMzMzMyJ9\">\n\t\t\t\t\t<div class=\"e-gallery-image elementor-gallery-item__image\" data-thumbnail=\"https:\/\/swisspadel.ch\/wp-content\/uploads\/2024\/07\/suipa_singapore_history-2-1536x1084.jpg\" data-width=\"1536\" data-height=\"1084\" aria-label=\"\" role=\"img\" ><\/div>\n\t\t\t\t\t\t\t\t\t\t\t\t\t\t<\/a>\n\t\t\t\t\t<\/div>\n\t\t\t\t\t<\/div>\n\t\t\t\t<\/div>\n\t\t\t\t<\/div>\n\t\t<div class=\"elementor-element elementor-element-1025c46b e-con-full e-flex e-con e-child\" data-id=\"1025c46b\" data-element_type=\"container\">\n\t\t\t\t<div class=\"elementor-element elementor-element-504d4c02 elementor-widget elementor-widget-heading\" data-id=\"504d4c02\" data-element_type=\"widget\" data-widget_type=\"heading.default\">\n\t\t\t\t<div class=\"elementor-widget-container\">\n\t\t\t\t\t<h3 class=\"elementor-heading-title elementor-size-default\">Primer club de p\u00e1del en Ginebra<\/h3>\t\t\t\t<\/div>\n\t\t\t\t<\/div>\n\t\t\t\t<div class=\"elementor-element elementor-element-2b5e2f9a elementor-widget elementor-widget-text-editor\" data-id=\"2b5e2f9a\" data-element_type=\"widget\" data-widget_type=\"text-editor.default\">\n\t\t\t\t<div class=\"elementor-widget-container\">\n\t\t\t\t\t\t\t\t\t<p>El primer club de p\u00e1del se abri\u00f3 en Ginebra.<\/p>\t\t\t\t\t\t\t\t<\/div>\n\t\t\t\t<\/div>\n\t\t\t\t<\/div>\n\t\t\t\t<\/div>\n\t\t\t\t<\/div>\n\t\t<div class=\"elementor-element elementor-element-58ea7f13 e-con-full e-flex e-con e-child\" data-id=\"58ea7f13\" data-element_type=\"container\" data-settings=\"{&quot;background_background&quot;:&quot;classic&quot;}\">\n\t\t<div class=\"elementor-element elementor-element-3c812ab4 e-con-full e-flex e-con e-child\" data-id=\"3c812ab4\" data-element_type=\"container\">\n\t\t\t\t<div class=\"elementor-element elementor-element-876acd4 dm-timeline-left elementor-widget elementor-widget-heading\" data-id=\"876acd4\" data-element_type=\"widget\" data-widget_type=\"heading.default\">\n\t\t\t\t<div class=\"elementor-widget-container\">\n\t\t\t\t\t<h2 class=\"elementor-heading-title elementor-size-default\">2015<\/h2>\t\t\t\t<\/div>\n\t\t\t\t<\/div>\n\t\t\t\t<\/div>\n\t\t<div class=\"elementor-element elementor-element-4434f3ce e-con-full dm-bar-container e-flex e-con e-child\" data-id=\"4434f3ce\" data-element_type=\"container\">\n\t\t\t\t<div class=\"elementor-element elementor-element-4303f1ab dm-timeline-point elementor-widget elementor-widget-image\" data-id=\"4303f1ab\" data-element_type=\"widget\" data-widget_type=\"image.default\">\n\t\t\t\t<div class=\"elementor-widget-container\">\n\t\t\t\t\t\t\t\t\t\t\t\t\t\t\t<img decoding=\"async\" width=\"150\" height=\"150\" src=\"https:\/\/swisspadel.ch\/wp-content\/uploads\/2024\/07\/circle-2.svg\" class=\"attachment-thumbnail size-thumbnail wp-image-15547\" alt=\"\" \/>\t\t\t\t\t\t\t\t\t\t\t\t\t\t\t<\/div>\n\t\t\t\t<\/div>\n\t\t<div class=\"elementor-element elementor-element-4e894913 e-con-full dm-timeline-bar e-transform e-flex e-con e-child\" data-id=\"4e894913\" data-element_type=\"container\" data-settings=\"{&quot;background_background&quot;:&quot;classic&quot;,&quot;position&quot;:&quot;absolute&quot;,&quot;_transform_translateX_effect&quot;:{&quot;unit&quot;:&quot;%&quot;,&quot;size&quot;:&quot;-50&quot;,&quot;sizes&quot;:[]},&quot;_transform_translateX_effect_tablet&quot;:{&quot;unit&quot;:&quot;%&quot;,&quot;size&quot;:&quot;&quot;,&quot;sizes&quot;:[]},&quot;_transform_translateX_effect_mobile&quot;:{&quot;unit&quot;:&quot;%&quot;,&quot;size&quot;:&quot;&quot;,&quot;sizes&quot;:[]},&quot;_transform_translateY_effect&quot;:{&quot;unit&quot;:&quot;%&quot;,&quot;size&quot;:&quot;0&quot;,&quot;sizes&quot;:[]},&quot;_transform_translateY_effect_tablet&quot;:{&quot;unit&quot;:&quot;%&quot;,&quot;size&quot;:&quot;&quot;,&quot;sizes&quot;:[]},&quot;_transform_translateY_effect_mobile&quot;:{&quot;unit&quot;:&quot;%&quot;,&quot;size&quot;:&quot;&quot;,&quot;sizes&quot;:[]}}\">\n\t\t<div class=\"elementor-element elementor-element-2346f541 e-con-full dm-progress-bar e-flex e-con e-child\" data-id=\"2346f541\" data-element_type=\"container\" data-settings=\"{&quot;background_background&quot;:&quot;classic&quot;,&quot;position&quot;:&quot;absolute&quot;}\">\n\t\t\t\t<\/div>\n\t\t\t\t<\/div>\n\t\t\t\t<\/div>\n\t\t<div class=\"elementor-element elementor-element-2cb0ec94 e-con-full e-flex e-con e-child\" data-id=\"2cb0ec94\" data-element_type=\"container\">\n\t\t\t\t<div class=\"elementor-element elementor-element-20242e09 elementor-widget elementor-widget-heading\" data-id=\"20242e09\" data-element_type=\"widget\" data-widget_type=\"heading.default\">\n\t\t\t\t<div class=\"elementor-widget-container\">\n\t\t\t\t\t<h3 class=\"elementor-heading-title elementor-size-default\">Campeonato de Europa en Holanda<\/h3>\t\t\t\t<\/div>\n\t\t\t\t<\/div>\n\t\t\t\t<div class=\"elementor-element elementor-element-490551ba elementor-widget elementor-widget-text-editor\" data-id=\"490551ba\" data-element_type=\"widget\" data-widget_type=\"text-editor.default\">\n\t\t\t\t<div class=\"elementor-widget-container\">\n\t\t\t\t\t\t\t\t\t<p>Los Campeonatos de Suiza, el Torneo de Maestros y los Campeonatos Interclubes son organizados anualmente por Swiss Padel.<\/p>\t\t\t\t\t\t\t\t<\/div>\n\t\t\t\t<\/div>\n\t\t\t\t<div class=\"elementor-element elementor-element-1798c7bb elementor-widget elementor-widget-heading\" data-id=\"1798c7bb\" data-element_type=\"widget\" data-widget_type=\"heading.default\">\n\t\t\t\t<div class=\"elementor-widget-container\">\n\t\t\t\t\t<h3 class=\"elementor-heading-title elementor-size-default\">Establecimiento del Ranking Suizo de P\u00e1del<\/h3>\t\t\t\t<\/div>\n\t\t\t\t<\/div>\n\t\t\t\t<div class=\"elementor-element elementor-element-2aec1d4f elementor-widget elementor-widget-text-editor\" data-id=\"2aec1d4f\" data-element_type=\"widget\" data-widget_type=\"text-editor.default\">\n\t\t\t\t<div class=\"elementor-widget-container\">\n\t\t\t\t\t\t\t\t\t<p>La asociaci\u00f3n organiza el Swiss Padel Tour cada temporada y, desde 2016, el Swiss Padel Ranking.<\/p>\t\t\t\t\t\t\t\t<\/div>\n\t\t\t\t<\/div>\n\t\t\t\t<div class=\"elementor-element elementor-element-13f92f68 elementor-align-right elementor-widget elementor-widget-button\" data-id=\"13f92f68\" data-element_type=\"widget\" data-widget_type=\"button.default\">\n\t\t\t\t<div class=\"elementor-widget-container\">\n\t\t\t\t\t\t\t\t\t<div class=\"elementor-button-wrapper\">\n\t\t\t\t\t<a class=\"elementor-button elementor-button-link elementor-size-sm\" href=\"https:\/\/swisspadel.ch\/es\/competition\/calendar\/\">\n\t\t\t\t\t\t<span class=\"elementor-button-content-wrapper\">\n\t\t\t\t\t\t\t\t\t<span class=\"elementor-button-text\">Torneos<\/span>\n\t\t\t\t\t<\/span>\n\t\t\t\t\t<\/a>\n\t\t\t\t<\/div>\n\t\t\t\t\t\t\t\t<\/div>\n\t\t\t\t<\/div>\n\t\t\t\t<\/div>\n\t\t\t\t<\/div>\n\t\t<div class=\"elementor-element elementor-element-53cc8690 e-con-full e-flex e-con e-child\" data-id=\"53cc8690\" data-element_type=\"container\" data-settings=\"{&quot;background_background&quot;:&quot;classic&quot;}\">\n\t\t<div class=\"elementor-element elementor-element-338f6055 e-con-full e-flex e-con e-child\" data-id=\"338f6055\" data-element_type=\"container\">\n\t\t\t\t<div class=\"elementor-element elementor-element-53e50ef5 dm-timeline-left elementor-widget elementor-widget-heading\" data-id=\"53e50ef5\" data-element_type=\"widget\" data-widget_type=\"heading.default\">\n\t\t\t\t<div class=\"elementor-widget-container\">\n\t\t\t\t\t<h2 class=\"elementor-heading-title elementor-size-default\">2016<\/h2>\t\t\t\t<\/div>\n\t\t\t\t<\/div>\n\t\t\t\t<\/div>\n\t\t<div class=\"elementor-element elementor-element-f64fdf8 e-con-full dm-bar-container e-flex e-con e-child\" data-id=\"f64fdf8\" data-element_type=\"container\">\n\t\t\t\t<div class=\"elementor-element elementor-element-3fc10c7 dm-timeline-point elementor-widget elementor-widget-image\" data-id=\"3fc10c7\" data-element_type=\"widget\" data-widget_type=\"image.default\">\n\t\t\t\t<div class=\"elementor-widget-container\">\n\t\t\t\t\t\t\t\t\t\t\t\t\t\t\t<img decoding=\"async\" width=\"150\" height=\"150\" src=\"https:\/\/swisspadel.ch\/wp-content\/uploads\/2024\/07\/circle-2.svg\" class=\"attachment-thumbnail size-thumbnail wp-image-15547\" alt=\"\" \/>\t\t\t\t\t\t\t\t\t\t\t\t\t\t\t<\/div>\n\t\t\t\t<\/div>\n\t\t<div class=\"elementor-element elementor-element-556f5d7a e-con-full dm-timeline-bar e-transform e-flex e-con e-child\" data-id=\"556f5d7a\" data-element_type=\"container\" data-settings=\"{&quot;background_background&quot;:&quot;classic&quot;,&quot;position&quot;:&quot;absolute&quot;,&quot;_transform_translateX_effect&quot;:{&quot;unit&quot;:&quot;%&quot;,&quot;size&quot;:&quot;-50&quot;,&quot;sizes&quot;:[]},&quot;_transform_translateX_effect_tablet&quot;:{&quot;unit&quot;:&quot;%&quot;,&quot;size&quot;:&quot;&quot;,&quot;sizes&quot;:[]},&quot;_transform_translateX_effect_mobile&quot;:{&quot;unit&quot;:&quot;%&quot;,&quot;size&quot;:&quot;&quot;,&quot;sizes&quot;:[]},&quot;_transform_translateY_effect&quot;:{&quot;unit&quot;:&quot;%&quot;,&quot;size&quot;:&quot;0&quot;,&quot;sizes&quot;:[]},&quot;_transform_translateY_effect_tablet&quot;:{&quot;unit&quot;:&quot;%&quot;,&quot;size&quot;:&quot;&quot;,&quot;sizes&quot;:[]},&quot;_transform_translateY_effect_mobile&quot;:{&quot;unit&quot;:&quot;%&quot;,&quot;size&quot;:&quot;&quot;,&quot;sizes&quot;:[]}}\">\n\t\t<div class=\"elementor-element elementor-element-6147a320 e-con-full dm-progress-bar e-flex e-con e-child\" data-id=\"6147a320\" data-element_type=\"container\" data-settings=\"{&quot;background_background&quot;:&quot;classic&quot;,&quot;position&quot;:&quot;absolute&quot;}\">\n\t\t\t\t<\/div>\n\t\t\t\t<\/div>\n\t\t\t\t<\/div>\n\t\t<div class=\"elementor-element elementor-element-43364a14 e-con-full e-flex e-con e-child\" data-id=\"43364a14\" data-element_type=\"container\">\n\t\t<div class=\"elementor-element elementor-element-de18049 e-con-full e-flex e-con e-child\" data-id=\"de18049\" data-element_type=\"container\">\n\t\t\t\t<div class=\"elementor-element elementor-element-4e423484 elementor-widget elementor-widget-heading\" data-id=\"4e423484\" data-element_type=\"widget\" data-widget_type=\"heading.default\">\n\t\t\t\t<div class=\"elementor-widget-container\">\n\t\t\t\t\t<h3 class=\"elementor-heading-title elementor-size-default\">Clasificaci\u00f3n para la Copa del Mundo Femenina<\/h3>\t\t\t\t<\/div>\n\t\t\t\t<\/div>\n\t\t\t\t<div class=\"elementor-element elementor-element-721b0ece elementor-widget elementor-widget-text-editor\" data-id=\"721b0ece\" data-element_type=\"widget\" data-widget_type=\"text-editor.default\">\n\t\t\t\t<div class=\"elementor-widget-container\">\n\t\t\t\t\t\t\t\t\t<p>Foto: Clasificaci\u00f3n Mundial Femenina 2016<\/p>\t\t\t\t\t\t\t\t<\/div>\n\t\t\t\t<\/div>\n\t\t\t\t<div class=\"elementor-element elementor-element-71ac5b74 elementor-widget elementor-widget-gallery\" data-id=\"71ac5b74\" data-element_type=\"widget\" data-settings=\"{&quot;columns&quot;:&quot;1&quot;,&quot;columns_tablet&quot;:&quot;1&quot;,&quot;gallery_layout&quot;:&quot;grid&quot;,&quot;columns_mobile&quot;:1,&quot;gap&quot;:{&quot;unit&quot;:&quot;px&quot;,&quot;size&quot;:10,&quot;sizes&quot;:[]},&quot;gap_tablet&quot;:{&quot;unit&quot;:&quot;px&quot;,&quot;size&quot;:10,&quot;sizes&quot;:[]},&quot;gap_mobile&quot;:{&quot;unit&quot;:&quot;px&quot;,&quot;size&quot;:10,&quot;sizes&quot;:[]},&quot;link_to&quot;:&quot;file&quot;,&quot;aspect_ratio&quot;:&quot;3:2&quot;,&quot;content_hover_animation&quot;:&quot;fade-in&quot;}\" data-widget_type=\"gallery.default\">\n\t\t\t\t<div class=\"elementor-widget-container\">\n\t\t\t\t\t\t\t<div class=\"elementor-gallery__container\">\n\t\t\t\t\t\t\t<a class=\"e-gallery-item elementor-gallery-item elementor-animated-content\" href=\"https:\/\/swisspadel.ch\/wp-content\/uploads\/2024\/07\/2016_1-2.jpg\" data-elementor-open-lightbox=\"yes\" data-elementor-lightbox-slideshow=\"71ac5b74\" data-elementor-lightbox-title=\"2016_1.jpg\" data-e-action-hash=\"#elementor-action%3Aaction%3Dlightbox%26settings%3DeyJpZCI6MTU1NzIsInVybCI6Imh0dHBzOlwvXC9zd2lzc3BhZGVsLmNoXC93cC1jb250ZW50XC91cGxvYWRzXC8yMDI0XC8wN1wvMjAxNl8xLTIuanBnIiwic2xpZGVzaG93IjoiNzFhYzViNzQifQ%3D%3D\">\n\t\t\t\t\t<div class=\"e-gallery-image elementor-gallery-item__image\" data-thumbnail=\"https:\/\/swisspadel.ch\/wp-content\/uploads\/2024\/07\/2016_1-2.jpg\" data-width=\"960\" data-height=\"720\" aria-label=\"\" role=\"img\" ><\/div>\n\t\t\t\t\t\t\t\t\t\t\t\t\t\t<\/a>\n\t\t\t\t\t<\/div>\n\t\t\t\t\t<\/div>\n\t\t\t\t<\/div>\n\t\t\t\t<\/div>\n\t\t\t\t<\/div>\n\t\t\t\t<\/div>\n\t\t<div class=\"elementor-element elementor-element-32018bb3 e-con-full e-flex e-con e-child\" data-id=\"32018bb3\" data-element_type=\"container\" data-settings=\"{&quot;background_background&quot;:&quot;classic&quot;}\">\n\t\t<div class=\"elementor-element elementor-element-6c3eba06 e-con-full e-flex e-con e-child\" data-id=\"6c3eba06\" data-element_type=\"container\">\n\t\t\t\t<div class=\"elementor-element elementor-element-3e98360a dm-timeline-left elementor-widget elementor-widget-heading\" data-id=\"3e98360a\" data-element_type=\"widget\" data-widget_type=\"heading.default\">\n\t\t\t\t<div class=\"elementor-widget-container\">\n\t\t\t\t\t<h2 class=\"elementor-heading-title elementor-size-default\">2017<\/h2>\t\t\t\t<\/div>\n\t\t\t\t<\/div>\n\t\t\t\t<\/div>\n\t\t<div class=\"elementor-element elementor-element-21ab7c06 e-con-full dm-bar-container e-flex e-con e-child\" data-id=\"21ab7c06\" data-element_type=\"container\">\n\t\t\t\t<div class=\"elementor-element elementor-element-495d16b1 dm-timeline-point elementor-widget elementor-widget-image\" data-id=\"495d16b1\" data-element_type=\"widget\" data-widget_type=\"image.default\">\n\t\t\t\t<div class=\"elementor-widget-container\">\n\t\t\t\t\t\t\t\t\t\t\t\t\t\t\t<img decoding=\"async\" width=\"150\" height=\"150\" src=\"https:\/\/swisspadel.ch\/wp-content\/uploads\/2024\/07\/circle-2.svg\" class=\"attachment-thumbnail size-thumbnail wp-image-15547\" alt=\"\" \/>\t\t\t\t\t\t\t\t\t\t\t\t\t\t\t<\/div>\n\t\t\t\t<\/div>\n\t\t<div class=\"elementor-element elementor-element-3dac0e4d e-con-full dm-timeline-bar e-transform e-flex e-con e-child\" data-id=\"3dac0e4d\" data-element_type=\"container\" data-settings=\"{&quot;background_background&quot;:&quot;classic&quot;,&quot;position&quot;:&quot;absolute&quot;,&quot;_transform_translateX_effect&quot;:{&quot;unit&quot;:&quot;%&quot;,&quot;size&quot;:&quot;-50&quot;,&quot;sizes&quot;:[]},&quot;_transform_translateX_effect_tablet&quot;:{&quot;unit&quot;:&quot;%&quot;,&quot;size&quot;:&quot;&quot;,&quot;sizes&quot;:[]},&quot;_transform_translateX_effect_mobile&quot;:{&quot;unit&quot;:&quot;%&quot;,&quot;size&quot;:&quot;&quot;,&quot;sizes&quot;:[]},&quot;_transform_translateY_effect&quot;:{&quot;unit&quot;:&quot;%&quot;,&quot;size&quot;:&quot;0&quot;,&quot;sizes&quot;:[]},&quot;_transform_translateY_effect_tablet&quot;:{&quot;unit&quot;:&quot;%&quot;,&quot;size&quot;:&quot;&quot;,&quot;sizes&quot;:[]},&quot;_transform_translateY_effect_mobile&quot;:{&quot;unit&quot;:&quot;%&quot;,&quot;size&quot;:&quot;&quot;,&quot;sizes&quot;:[]}}\">\n\t\t<div class=\"elementor-element elementor-element-5bdbc192 e-con-full dm-progress-bar e-flex e-con e-child\" data-id=\"5bdbc192\" data-element_type=\"container\" data-settings=\"{&quot;background_background&quot;:&quot;classic&quot;,&quot;position&quot;:&quot;absolute&quot;}\">\n\t\t\t\t<\/div>\n\t\t\t\t<\/div>\n\t\t\t\t<\/div>\n\t\t<div class=\"elementor-element elementor-element-7f4b44cd e-con-full e-flex e-con e-child\" data-id=\"7f4b44cd\" data-element_type=\"container\">\n\t\t\t\t<div class=\"elementor-element elementor-element-21a941d9 elementor-widget elementor-widget-heading\" data-id=\"21a941d9\" data-element_type=\"widget\" data-widget_type=\"heading.default\">\n\t\t\t\t<div class=\"elementor-widget-container\">\n\t\t\t\t\t<h3 class=\"elementor-heading-title elementor-size-default\">Miembro de la FEPA<\/h3>\t\t\t\t<\/div>\n\t\t\t\t<\/div>\n\t\t\t\t<div class=\"elementor-element elementor-element-73662348 elementor-widget elementor-widget-text-editor\" data-id=\"73662348\" data-element_type=\"widget\" data-widget_type=\"text-editor.default\">\n\t\t\t\t<div class=\"elementor-widget-container\">\n\t\t\t\t\t\t\t\t\t<p>Swiss Padel se convirti\u00f3 en miembro de la Federaci\u00f3n Europea de P\u00e1del en 2017<\/p>\t\t\t\t\t\t\t\t<\/div>\n\t\t\t\t<\/div>\n\t\t\t\t<div class=\"elementor-element elementor-element-23c86fc7 elementor-align-right elementor-widget elementor-widget-button\" data-id=\"23c86fc7\" data-element_type=\"widget\" data-widget_type=\"button.default\">\n\t\t\t\t<div class=\"elementor-widget-container\">\n\t\t\t\t\t\t\t\t\t<div class=\"elementor-button-wrapper\">\n\t\t\t\t\t<a class=\"elementor-button elementor-button-link elementor-size-sm\" href=\"https:\/\/padel-europe.org\">\n\t\t\t\t\t\t<span class=\"elementor-button-content-wrapper\">\n\t\t\t\t\t\t\t\t\t<span class=\"elementor-button-text\">m\u00e1s informaci\u00f3n<\/span>\n\t\t\t\t\t<\/span>\n\t\t\t\t\t<\/a>\n\t\t\t\t<\/div>\n\t\t\t\t\t\t\t\t<\/div>\n\t\t\t\t<\/div>\n\t\t\t\t<div class=\"elementor-element elementor-element-6e8e8497 elementor-widget elementor-widget-gallery\" data-id=\"6e8e8497\" data-element_type=\"widget\" data-settings=\"{&quot;columns&quot;:&quot;1&quot;,&quot;columns_tablet&quot;:&quot;1&quot;,&quot;gallery_layout&quot;:&quot;grid&quot;,&quot;columns_mobile&quot;:1,&quot;gap&quot;:{&quot;unit&quot;:&quot;px&quot;,&quot;size&quot;:10,&quot;sizes&quot;:[]},&quot;gap_tablet&quot;:{&quot;unit&quot;:&quot;px&quot;,&quot;size&quot;:10,&quot;sizes&quot;:[]},&quot;gap_mobile&quot;:{&quot;unit&quot;:&quot;px&quot;,&quot;size&quot;:10,&quot;sizes&quot;:[]},&quot;link_to&quot;:&quot;file&quot;,&quot;aspect_ratio&quot;:&quot;3:2&quot;,&quot;content_hover_animation&quot;:&quot;fade-in&quot;}\" data-widget_type=\"gallery.default\">\n\t\t\t\t<div class=\"elementor-widget-container\">\n\t\t\t\t\t\t\t<div class=\"elementor-gallery__container\">\n\t\t\t\t\t\t\t<a class=\"e-gallery-item elementor-gallery-item elementor-animated-content\" href=\"https:\/\/swisspadel.ch\/wp-content\/uploads\/2024\/07\/logo_fepa_black-2.png\" data-elementor-open-lightbox=\"yes\" data-elementor-lightbox-slideshow=\"6e8e8497\" data-elementor-lightbox-title=\"logo_fepa_black.png\" data-e-action-hash=\"#elementor-action%3Aaction%3Dlightbox%26settings%3DeyJpZCI6MTU1NzMsInVybCI6Imh0dHBzOlwvXC9zd2lzc3BhZGVsLmNoXC93cC1jb250ZW50XC91cGxvYWRzXC8yMDI0XC8wN1wvbG9nb19mZXBhX2JsYWNrLTIucG5nIiwic2xpZGVzaG93IjoiNmU4ZTg0OTcifQ%3D%3D\">\n\t\t\t\t\t<div class=\"e-gallery-image elementor-gallery-item__image\" data-thumbnail=\"https:\/\/swisspadel.ch\/wp-content\/uploads\/2024\/07\/logo_fepa_black-2.png\" data-width=\"800\" data-height=\"529\" aria-label=\"\" role=\"img\" ><\/div>\n\t\t\t\t\t\t\t\t\t\t\t\t\t\t<\/a>\n\t\t\t\t\t<\/div>\n\t\t\t\t\t<\/div>\n\t\t\t\t<\/div>\n\t\t\t\t<\/div>\n\t\t\t\t<\/div>\n\t\t<div class=\"elementor-element elementor-element-1d456d2f e-con-full e-flex e-con e-child\" data-id=\"1d456d2f\" data-element_type=\"container\" data-settings=\"{&quot;background_background&quot;:&quot;classic&quot;}\">\n\t\t<div class=\"elementor-element elementor-element-2cda2639 e-con-full e-flex e-con e-child\" data-id=\"2cda2639\" data-element_type=\"container\">\n\t\t\t\t<div class=\"elementor-element elementor-element-3f457615 dm-timeline-left elementor-widget elementor-widget-heading\" data-id=\"3f457615\" data-element_type=\"widget\" data-widget_type=\"heading.default\">\n\t\t\t\t<div class=\"elementor-widget-container\">\n\t\t\t\t\t<h2 class=\"elementor-heading-title elementor-size-default\">2018<\/h2>\t\t\t\t<\/div>\n\t\t\t\t<\/div>\n\t\t\t\t<\/div>\n\t\t<div class=\"elementor-element elementor-element-61025bac e-con-full dm-bar-container e-flex e-con e-child\" data-id=\"61025bac\" data-element_type=\"container\">\n\t\t\t\t<div class=\"elementor-element elementor-element-3daa98a4 dm-timeline-point elementor-widget elementor-widget-image\" data-id=\"3daa98a4\" data-element_type=\"widget\" data-widget_type=\"image.default\">\n\t\t\t\t<div class=\"elementor-widget-container\">\n\t\t\t\t\t\t\t\t\t\t\t\t\t\t\t<img decoding=\"async\" width=\"150\" height=\"150\" src=\"https:\/\/swisspadel.ch\/wp-content\/uploads\/2024\/07\/circle-2.svg\" class=\"attachment-thumbnail size-thumbnail wp-image-15547\" alt=\"\" \/>\t\t\t\t\t\t\t\t\t\t\t\t\t\t\t<\/div>\n\t\t\t\t<\/div>\n\t\t<div class=\"elementor-element elementor-element-7d549a90 e-con-full dm-timeline-bar e-transform e-flex e-con e-child\" data-id=\"7d549a90\" data-element_type=\"container\" data-settings=\"{&quot;background_background&quot;:&quot;classic&quot;,&quot;position&quot;:&quot;absolute&quot;,&quot;_transform_translateX_effect&quot;:{&quot;unit&quot;:&quot;%&quot;,&quot;size&quot;:&quot;-50&quot;,&quot;sizes&quot;:[]},&quot;_transform_translateX_effect_tablet&quot;:{&quot;unit&quot;:&quot;%&quot;,&quot;size&quot;:&quot;&quot;,&quot;sizes&quot;:[]},&quot;_transform_translateX_effect_mobile&quot;:{&quot;unit&quot;:&quot;%&quot;,&quot;size&quot;:&quot;&quot;,&quot;sizes&quot;:[]},&quot;_transform_translateY_effect&quot;:{&quot;unit&quot;:&quot;%&quot;,&quot;size&quot;:&quot;0&quot;,&quot;sizes&quot;:[]},&quot;_transform_translateY_effect_tablet&quot;:{&quot;unit&quot;:&quot;%&quot;,&quot;size&quot;:&quot;&quot;,&quot;sizes&quot;:[]},&quot;_transform_translateY_effect_mobile&quot;:{&quot;unit&quot;:&quot;%&quot;,&quot;size&quot;:&quot;&quot;,&quot;sizes&quot;:[]}}\">\n\t\t<div class=\"elementor-element elementor-element-88845ed e-con-full dm-progress-bar e-flex e-con e-child\" data-id=\"88845ed\" data-element_type=\"container\" data-settings=\"{&quot;background_background&quot;:&quot;classic&quot;,&quot;position&quot;:&quot;absolute&quot;}\">\n\t\t\t\t<\/div>\n\t\t\t\t<\/div>\n\t\t\t\t<\/div>\n\t\t<div class=\"elementor-element elementor-element-2f0caaf0 e-con-full e-flex e-con e-child\" data-id=\"2f0caaf0\" data-element_type=\"container\">\n\t\t<div class=\"elementor-element elementor-element-786d1097 e-con-full e-flex e-con e-child\" data-id=\"786d1097\" data-element_type=\"container\">\n\t\t\t\t<div class=\"elementor-element elementor-element-79e1440f elementor-widget elementor-widget-heading\" data-id=\"79e1440f\" data-element_type=\"widget\" data-widget_type=\"heading.default\">\n\t\t\t\t<div class=\"elementor-widget-container\">\n\t\t\t\t\t<h3 class=\"elementor-heading-title elementor-size-default\">Fundaci\u00f3n de la FEPA<\/h3>\t\t\t\t<\/div>\n\t\t\t\t<\/div>\n\t\t\t\t<div class=\"elementor-element elementor-element-3cfdd34 elementor-widget elementor-widget-text-editor\" data-id=\"3cfdd34\" data-element_type=\"widget\" data-widget_type=\"text-editor.default\">\n\t\t\t\t<div class=\"elementor-widget-container\">\n\t\t\t\t\t\t\t\t\t<p>Swiss Padel es miembro fundador de la EPA (posteriormente FEPA), la Asociaci\u00f3n Europea de P\u00e1del.<\/p>\t\t\t\t\t\t\t\t<\/div>\n\t\t\t\t<\/div>\n\t\t\t\t<\/div>\n\t\t\t\t<\/div>\n\t\t\t\t<\/div>\n\t\t<div class=\"elementor-element elementor-element-1e8061cb e-con-full e-flex e-con e-child\" data-id=\"1e8061cb\" data-element_type=\"container\" data-settings=\"{&quot;background_background&quot;:&quot;classic&quot;}\">\n\t\t<div class=\"elementor-element elementor-element-6c7f049b e-con-full e-flex e-con e-child\" data-id=\"6c7f049b\" data-element_type=\"container\">\n\t\t\t\t<div class=\"elementor-element elementor-element-1cd32146 dm-timeline-left elementor-widget elementor-widget-heading\" data-id=\"1cd32146\" data-element_type=\"widget\" data-widget_type=\"heading.default\">\n\t\t\t\t<div class=\"elementor-widget-container\">\n\t\t\t\t\t<h2 class=\"elementor-heading-title elementor-size-default\">2019<\/h2>\t\t\t\t<\/div>\n\t\t\t\t<\/div>\n\t\t\t\t<\/div>\n\t\t<div class=\"elementor-element elementor-element-77a1c629 e-con-full dm-bar-container e-flex e-con e-child\" data-id=\"77a1c629\" data-element_type=\"container\">\n\t\t\t\t<div class=\"elementor-element elementor-element-71ad488b dm-timeline-point elementor-widget elementor-widget-image\" data-id=\"71ad488b\" data-element_type=\"widget\" data-widget_type=\"image.default\">\n\t\t\t\t<div class=\"elementor-widget-container\">\n\t\t\t\t\t\t\t\t\t\t\t\t\t\t\t<img decoding=\"async\" width=\"150\" height=\"150\" src=\"https:\/\/swisspadel.ch\/wp-content\/uploads\/2024\/07\/circle-2.svg\" class=\"attachment-thumbnail size-thumbnail wp-image-15547\" alt=\"\" \/>\t\t\t\t\t\t\t\t\t\t\t\t\t\t\t<\/div>\n\t\t\t\t<\/div>\n\t\t<div class=\"elementor-element elementor-element-1abf8835 e-con-full dm-timeline-bar e-transform e-flex e-con e-child\" data-id=\"1abf8835\" data-element_type=\"container\" data-settings=\"{&quot;background_background&quot;:&quot;classic&quot;,&quot;position&quot;:&quot;absolute&quot;,&quot;_transform_translateX_effect&quot;:{&quot;unit&quot;:&quot;%&quot;,&quot;size&quot;:&quot;-50&quot;,&quot;sizes&quot;:[]},&quot;_transform_translateX_effect_tablet&quot;:{&quot;unit&quot;:&quot;%&quot;,&quot;size&quot;:&quot;&quot;,&quot;sizes&quot;:[]},&quot;_transform_translateX_effect_mobile&quot;:{&quot;unit&quot;:&quot;%&quot;,&quot;size&quot;:&quot;&quot;,&quot;sizes&quot;:[]},&quot;_transform_translateY_effect&quot;:{&quot;unit&quot;:&quot;%&quot;,&quot;size&quot;:&quot;0&quot;,&quot;sizes&quot;:[]},&quot;_transform_translateY_effect_tablet&quot;:{&quot;unit&quot;:&quot;%&quot;,&quot;size&quot;:&quot;&quot;,&quot;sizes&quot;:[]},&quot;_transform_translateY_effect_mobile&quot;:{&quot;unit&quot;:&quot;%&quot;,&quot;size&quot;:&quot;&quot;,&quot;sizes&quot;:[]}}\">\n\t\t<div class=\"elementor-element elementor-element-34029d3 e-con-full dm-progress-bar e-flex e-con e-child\" data-id=\"34029d3\" data-element_type=\"container\" data-settings=\"{&quot;background_background&quot;:&quot;classic&quot;,&quot;position&quot;:&quot;absolute&quot;}\">\n\t\t\t\t<\/div>\n\t\t\t\t<\/div>\n\t\t\t\t<\/div>\n\t\t<div class=\"elementor-element elementor-element-7e601842 e-con-full e-flex e-con e-child\" data-id=\"7e601842\" data-element_type=\"container\">\n\t\t\t\t<div class=\"elementor-element elementor-element-78bdbc55 elementor-widget elementor-widget-heading\" data-id=\"78bdbc55\" data-element_type=\"widget\" data-widget_type=\"heading.default\">\n\t\t\t\t<div class=\"elementor-widget-container\">\n\t\t\t\t\t<h3 class=\"elementor-heading-title elementor-size-default\">Formaci\u00f3n oficial de entrenadores<\/h3>\t\t\t\t<\/div>\n\t\t\t\t<\/div>\n\t\t\t\t<div class=\"elementor-element elementor-element-5652547b elementor-widget elementor-widget-text-editor\" data-id=\"5652547b\" data-element_type=\"widget\" data-widget_type=\"text-editor.default\">\n\t\t\t\t<div class=\"elementor-widget-container\">\n\t\t\t\t\t\t\t\t\t<p>Desde 2019, Swiss Padel ha establecido un programa oficial de formaci\u00f3n de entrenadores y ha propuesto varios cursos al a\u00f1o para nuevos entrenadores.<\/p>\t\t\t\t\t\t\t\t<\/div>\n\t\t\t\t<\/div>\n\t\t\t\t<div class=\"elementor-element elementor-element-141240d5 elementor-align-right elementor-widget elementor-widget-button\" data-id=\"141240d5\" data-element_type=\"widget\" data-widget_type=\"button.default\">\n\t\t\t\t<div class=\"elementor-widget-container\">\n\t\t\t\t\t\t\t\t\t<div class=\"elementor-button-wrapper\">\n\t\t\t\t\t<a class=\"elementor-button elementor-button-link elementor-size-sm\" href=\"https:\/\/swisspadel.ch\/es\/education\/\">\n\t\t\t\t\t\t<span class=\"elementor-button-content-wrapper\">\n\t\t\t\t\t\t\t\t\t<span class=\"elementor-button-text\">m\u00e1s informaci\u00f3n<\/span>\n\t\t\t\t\t<\/span>\n\t\t\t\t\t<\/a>\n\t\t\t\t<\/div>\n\t\t\t\t\t\t\t\t<\/div>\n\t\t\t\t<\/div>\n\t\t\t\t<\/div>\n\t\t\t\t<\/div>\n\t\t<div class=\"elementor-element elementor-element-f4bc3ff e-con-full e-flex e-con e-child\" data-id=\"f4bc3ff\" data-element_type=\"container\" data-settings=\"{&quot;background_background&quot;:&quot;classic&quot;}\">\n\t\t<div class=\"elementor-element elementor-element-4d49985f e-con-full e-flex e-con e-child\" data-id=\"4d49985f\" data-element_type=\"container\">\n\t\t\t\t<div class=\"elementor-element elementor-element-524c4ff9 dm-timeline-left elementor-widget elementor-widget-heading\" data-id=\"524c4ff9\" data-element_type=\"widget\" data-widget_type=\"heading.default\">\n\t\t\t\t<div class=\"elementor-widget-container\">\n\t\t\t\t\t<h2 class=\"elementor-heading-title elementor-size-default\">2021<\/h2>\t\t\t\t<\/div>\n\t\t\t\t<\/div>\n\t\t\t\t<\/div>\n\t\t<div class=\"elementor-element elementor-element-b17204a e-con-full dm-bar-container e-flex e-con e-child\" data-id=\"b17204a\" data-element_type=\"container\">\n\t\t\t\t<div class=\"elementor-element elementor-element-4a2785bd dm-timeline-point elementor-widget elementor-widget-image\" data-id=\"4a2785bd\" data-element_type=\"widget\" data-widget_type=\"image.default\">\n\t\t\t\t<div class=\"elementor-widget-container\">\n\t\t\t\t\t\t\t\t\t\t\t\t\t\t\t<img decoding=\"async\" width=\"150\" height=\"150\" src=\"https:\/\/swisspadel.ch\/wp-content\/uploads\/2024\/07\/circle-2.svg\" class=\"attachment-thumbnail size-thumbnail wp-image-15547\" alt=\"\" \/>\t\t\t\t\t\t\t\t\t\t\t\t\t\t\t<\/div>\n\t\t\t\t<\/div>\n\t\t<div class=\"elementor-element elementor-element-6c3a08e2 e-con-full dm-timeline-bar e-transform e-flex e-con e-child\" data-id=\"6c3a08e2\" data-element_type=\"container\" data-settings=\"{&quot;background_background&quot;:&quot;classic&quot;,&quot;position&quot;:&quot;absolute&quot;,&quot;_transform_translateX_effect&quot;:{&quot;unit&quot;:&quot;%&quot;,&quot;size&quot;:&quot;-50&quot;,&quot;sizes&quot;:[]},&quot;_transform_translateX_effect_tablet&quot;:{&quot;unit&quot;:&quot;%&quot;,&quot;size&quot;:&quot;&quot;,&quot;sizes&quot;:[]},&quot;_transform_translateX_effect_mobile&quot;:{&quot;unit&quot;:&quot;%&quot;,&quot;size&quot;:&quot;&quot;,&quot;sizes&quot;:[]},&quot;_transform_translateY_effect&quot;:{&quot;unit&quot;:&quot;%&quot;,&quot;size&quot;:&quot;0&quot;,&quot;sizes&quot;:[]},&quot;_transform_translateY_effect_tablet&quot;:{&quot;unit&quot;:&quot;%&quot;,&quot;size&quot;:&quot;&quot;,&quot;sizes&quot;:[]},&quot;_transform_translateY_effect_mobile&quot;:{&quot;unit&quot;:&quot;%&quot;,&quot;size&quot;:&quot;&quot;,&quot;sizes&quot;:[]}}\">\n\t\t<div class=\"elementor-element elementor-element-1baecf88 e-con-full dm-progress-bar e-flex e-con e-child\" data-id=\"1baecf88\" data-element_type=\"container\" data-settings=\"{&quot;background_background&quot;:&quot;classic&quot;,&quot;position&quot;:&quot;absolute&quot;}\">\n\t\t\t\t<\/div>\n\t\t\t\t<\/div>\n\t\t\t\t<\/div>\n\t\t<div class=\"elementor-element elementor-element-535e323f e-con-full e-flex e-con e-child\" data-id=\"535e323f\" data-element_type=\"container\">\n\t\t<div class=\"elementor-element elementor-element-320081ff e-con-full e-flex e-con e-child\" data-id=\"320081ff\" data-element_type=\"container\">\n\t\t\t\t<div class=\"elementor-element elementor-element-5ca102e2 elementor-widget elementor-widget-heading\" data-id=\"5ca102e2\" data-element_type=\"widget\" data-widget_type=\"heading.default\">\n\t\t\t\t<div class=\"elementor-widget-container\">\n\t\t\t\t\t<h3 class=\"elementor-heading-title elementor-size-default\">  Bronce en los Campeonatos de Europa de Bilbao<\/h3>\t\t\t\t<\/div>\n\t\t\t\t<\/div>\n\t\t\t\t<div class=\"elementor-element elementor-element-7b257bd3 elementor-widget elementor-widget-text-editor\" data-id=\"7b257bd3\" data-element_type=\"widget\" data-widget_type=\"text-editor.default\">\n\t\t\t\t<div class=\"elementor-widget-container\">\n\t\t\t\t\t\t\t\t\t<p>2021 El Equipo Nacional Suizo Femenino de P\u00e1del gana la medalla de bronce en los Campeonatos Europeos de la FEPA en Bilbao (SP).<\/p>\t\t\t\t\t\t\t\t<\/div>\n\t\t\t\t<\/div>\n\t\t\t\t<\/div>\n\t\t\t\t<\/div>\n\t\t\t\t<\/div>\n\t\t<div class=\"elementor-element elementor-element-662ff0f8 e-con-full e-flex e-con e-child\" data-id=\"662ff0f8\" data-element_type=\"container\" data-settings=\"{&quot;background_background&quot;:&quot;classic&quot;}\">\n\t\t<div class=\"elementor-element elementor-element-1cf6d5e8 e-con-full e-flex e-con e-child\" data-id=\"1cf6d5e8\" data-element_type=\"container\">\n\t\t\t\t<div class=\"elementor-element elementor-element-66f5d0d dm-timeline-left elementor-widget elementor-widget-heading\" data-id=\"66f5d0d\" data-element_type=\"widget\" data-widget_type=\"heading.default\">\n\t\t\t\t<div class=\"elementor-widget-container\">\n\t\t\t\t\t<h2 class=\"elementor-heading-title elementor-size-default\">2022<\/h2>\t\t\t\t<\/div>\n\t\t\t\t<\/div>\n\t\t\t\t<\/div>\n\t\t<div class=\"elementor-element elementor-element-449d31e0 e-con-full dm-bar-container e-flex e-con e-child\" data-id=\"449d31e0\" data-element_type=\"container\">\n\t\t\t\t<div class=\"elementor-element elementor-element-63349b6b dm-timeline-point elementor-widget elementor-widget-image\" data-id=\"63349b6b\" data-element_type=\"widget\" data-widget_type=\"image.default\">\n\t\t\t\t<div class=\"elementor-widget-container\">\n\t\t\t\t\t\t\t\t\t\t\t\t\t\t\t<img decoding=\"async\" width=\"150\" height=\"150\" src=\"https:\/\/swisspadel.ch\/wp-content\/uploads\/2024\/07\/circle-2.svg\" class=\"attachment-thumbnail size-thumbnail wp-image-15547\" alt=\"\" \/>\t\t\t\t\t\t\t\t\t\t\t\t\t\t\t<\/div>\n\t\t\t\t<\/div>\n\t\t<div class=\"elementor-element elementor-element-240ffbb2 e-con-full dm-timeline-bar e-transform e-flex e-con e-child\" data-id=\"240ffbb2\" data-element_type=\"container\" data-settings=\"{&quot;background_background&quot;:&quot;classic&quot;,&quot;position&quot;:&quot;absolute&quot;,&quot;_transform_translateX_effect&quot;:{&quot;unit&quot;:&quot;%&quot;,&quot;size&quot;:&quot;-50&quot;,&quot;sizes&quot;:[]},&quot;_transform_translateX_effect_tablet&quot;:{&quot;unit&quot;:&quot;%&quot;,&quot;size&quot;:&quot;&quot;,&quot;sizes&quot;:[]},&quot;_transform_translateX_effect_mobile&quot;:{&quot;unit&quot;:&quot;%&quot;,&quot;size&quot;:&quot;&quot;,&quot;sizes&quot;:[]},&quot;_transform_translateY_effect&quot;:{&quot;unit&quot;:&quot;%&quot;,&quot;size&quot;:&quot;0&quot;,&quot;sizes&quot;:[]},&quot;_transform_translateY_effect_tablet&quot;:{&quot;unit&quot;:&quot;%&quot;,&quot;size&quot;:&quot;&quot;,&quot;sizes&quot;:[]},&quot;_transform_translateY_effect_mobile&quot;:{&quot;unit&quot;:&quot;%&quot;,&quot;size&quot;:&quot;&quot;,&quot;sizes&quot;:[]}}\">\n\t\t<div class=\"elementor-element elementor-element-432b9d9a e-con-full dm-progress-bar e-flex e-con e-child\" data-id=\"432b9d9a\" data-element_type=\"container\" data-settings=\"{&quot;background_background&quot;:&quot;classic&quot;,&quot;position&quot;:&quot;absolute&quot;}\">\n\t\t\t\t<\/div>\n\t\t\t\t<\/div>\n\t\t\t\t<\/div>\n\t\t<div class=\"elementor-element elementor-element-7ff64168 e-con-full e-flex e-con e-child\" data-id=\"7ff64168\" data-element_type=\"container\">\n\t\t<div class=\"elementor-element elementor-element-103eaec3 e-con-full e-flex e-con e-child\" data-id=\"103eaec3\" data-element_type=\"container\">\n\t\t\t\t<div class=\"elementor-element elementor-element-4ccd0e9c elementor-widget elementor-widget-heading\" data-id=\"4ccd0e9c\" data-element_type=\"widget\" data-widget_type=\"heading.default\">\n\t\t\t\t<div class=\"elementor-widget-container\">\n\t\t\t\t\t<h3 class=\"elementor-heading-title elementor-size-default\">Juniors y campeonatos internacionales<\/h3>\t\t\t\t<\/div>\n\t\t\t\t<\/div>\n\t\t\t\t<div class=\"elementor-element elementor-element-5cc1d289 elementor-widget elementor-widget-text-editor\" data-id=\"5cc1d289\" data-element_type=\"widget\" data-widget_type=\"text-editor.default\">\n\t\t\t\t<div class=\"elementor-widget-container\">\n\t\t\t\t\t\t\t\t\t<p>Desde 2022, Swiss Padel Juniors env\u00eda equipos nacionales a campeonatos internacionales oficiales.<\/p>\t\t\t\t\t\t\t\t<\/div>\n\t\t\t\t<\/div>\n\t\t\t\t<div class=\"elementor-element elementor-element-2bdc8d08 elementor-widget elementor-widget-gallery\" data-id=\"2bdc8d08\" data-element_type=\"widget\" data-settings=\"{&quot;columns&quot;:&quot;1&quot;,&quot;columns_tablet&quot;:&quot;1&quot;,&quot;gallery_layout&quot;:&quot;grid&quot;,&quot;columns_mobile&quot;:1,&quot;gap&quot;:{&quot;unit&quot;:&quot;px&quot;,&quot;size&quot;:10,&quot;sizes&quot;:[]},&quot;gap_tablet&quot;:{&quot;unit&quot;:&quot;px&quot;,&quot;size&quot;:10,&quot;sizes&quot;:[]},&quot;gap_mobile&quot;:{&quot;unit&quot;:&quot;px&quot;,&quot;size&quot;:10,&quot;sizes&quot;:[]},&quot;link_to&quot;:&quot;file&quot;,&quot;aspect_ratio&quot;:&quot;3:2&quot;,&quot;content_hover_animation&quot;:&quot;fade-in&quot;}\" data-widget_type=\"gallery.default\">\n\t\t\t\t<div class=\"elementor-widget-container\">\n\t\t\t\t\t\t\t<div class=\"elementor-gallery__container\">\n\t\t\t\t\t\t\t<a class=\"e-gallery-item elementor-gallery-item elementor-animated-content\" href=\"https:\/\/swisspadel.ch\/wp-content\/uploads\/2024\/07\/2022_1-2.jpg\" data-elementor-open-lightbox=\"yes\" data-elementor-lightbox-slideshow=\"2bdc8d08\" data-elementor-lightbox-title=\"2022_1.jpg\" data-e-action-hash=\"#elementor-action%3Aaction%3Dlightbox%26settings%3DeyJpZCI6MTU1NzUsInVybCI6Imh0dHBzOlwvXC9zd2lzc3BhZGVsLmNoXC93cC1jb250ZW50XC91cGxvYWRzXC8yMDI0XC8wN1wvMjAyMl8xLTIuanBnIiwic2xpZGVzaG93IjoiMmJkYzhkMDgifQ%3D%3D\">\n\t\t\t\t\t<div class=\"e-gallery-image elementor-gallery-item__image\" data-thumbnail=\"https:\/\/swisspadel.ch\/wp-content\/uploads\/2024\/07\/2022_1-2.jpg\" data-width=\"1312\" data-height=\"979\" aria-label=\"\" role=\"img\" ><\/div>\n\t\t\t\t\t\t\t\t\t\t\t\t\t\t<\/a>\n\t\t\t\t\t<\/div>\n\t\t\t\t\t<\/div>\n\t\t\t\t<\/div>\n\t\t\t\t<\/div>\n\t\t<div class=\"elementor-element elementor-element-13b8ca41 e-con-full e-flex e-con e-child\" data-id=\"13b8ca41\" data-element_type=\"container\">\n\t\t\t\t<div class=\"elementor-element elementor-element-29150451 elementor-widget elementor-widget-heading\" data-id=\"29150451\" data-element_type=\"widget\" data-widget_type=\"heading.default\">\n\t\t\t\t<div class=\"elementor-widget-container\">\n\t\t\t\t\t<h3 class=\"elementor-heading-title elementor-size-default\">Primer club de p\u00e1del del Tesino<\/h3>\t\t\t\t<\/div>\n\t\t\t\t<\/div>\n\t\t\t\t<div class=\"elementor-element elementor-element-3df494d elementor-widget elementor-widget-text-editor\" data-id=\"3df494d\" data-element_type=\"widget\" data-widget_type=\"text-editor.default\">\n\t\t\t\t<div class=\"elementor-widget-container\">\n\t\t\t\t\t\t\t\t\t<p>2022 Apertura del primer club de p\u00e1del en el Tesino: El p\u00e1del est\u00e1 en todas partes en Suiza.<\/p>\t\t\t\t\t\t\t\t<\/div>\n\t\t\t\t<\/div>\n\t\t\t\t<\/div>\n\t\t\t\t<\/div>\n\t\t\t\t<\/div>\n\t\t<div class=\"elementor-element elementor-element-a748551 e-con-full e-flex e-con e-child\" data-id=\"a748551\" data-element_type=\"container\" data-settings=\"{&quot;background_background&quot;:&quot;classic&quot;}\">\n\t\t<div class=\"elementor-element elementor-element-85a416d e-con-full e-flex e-con e-child\" data-id=\"85a416d\" data-element_type=\"container\">\n\t\t\t\t<div class=\"elementor-element elementor-element-f2be01a dm-timeline-left elementor-widget elementor-widget-heading\" data-id=\"f2be01a\" data-element_type=\"widget\" data-widget_type=\"heading.default\">\n\t\t\t\t<div class=\"elementor-widget-container\">\n\t\t\t\t\t<h2 class=\"elementor-heading-title elementor-size-default\">2023<\/h2>\t\t\t\t<\/div>\n\t\t\t\t<\/div>\n\t\t\t\t<\/div>\n\t\t<div class=\"elementor-element elementor-element-cc2ac37 e-con-full dm-bar-container e-flex e-con e-child\" data-id=\"cc2ac37\" data-element_type=\"container\">\n\t\t\t\t<div class=\"elementor-element elementor-element-6b02d2a dm-timeline-point elementor-widget elementor-widget-image\" data-id=\"6b02d2a\" data-element_type=\"widget\" data-widget_type=\"image.default\">\n\t\t\t\t<div class=\"elementor-widget-container\">\n\t\t\t\t\t\t\t\t\t\t\t\t\t\t\t<img decoding=\"async\" width=\"150\" height=\"150\" src=\"https:\/\/swisspadel.ch\/wp-content\/uploads\/2024\/07\/circle-2.svg\" class=\"attachment-thumbnail size-thumbnail wp-image-15547\" alt=\"\" \/>\t\t\t\t\t\t\t\t\t\t\t\t\t\t\t<\/div>\n\t\t\t\t<\/div>\n\t\t<div class=\"elementor-element elementor-element-89d36c5 e-con-full dm-timeline-bar e-transform e-flex e-con e-child\" data-id=\"89d36c5\" data-element_type=\"container\" data-settings=\"{&quot;background_background&quot;:&quot;classic&quot;,&quot;position&quot;:&quot;absolute&quot;,&quot;_transform_translateX_effect&quot;:{&quot;unit&quot;:&quot;%&quot;,&quot;size&quot;:&quot;-50&quot;,&quot;sizes&quot;:[]},&quot;_transform_translateX_effect_tablet&quot;:{&quot;unit&quot;:&quot;%&quot;,&quot;size&quot;:&quot;&quot;,&quot;sizes&quot;:[]},&quot;_transform_translateX_effect_mobile&quot;:{&quot;unit&quot;:&quot;%&quot;,&quot;size&quot;:&quot;&quot;,&quot;sizes&quot;:[]},&quot;_transform_translateY_effect&quot;:{&quot;unit&quot;:&quot;%&quot;,&quot;size&quot;:&quot;0&quot;,&quot;sizes&quot;:[]},&quot;_transform_translateY_effect_tablet&quot;:{&quot;unit&quot;:&quot;%&quot;,&quot;size&quot;:&quot;&quot;,&quot;sizes&quot;:[]},&quot;_transform_translateY_effect_mobile&quot;:{&quot;unit&quot;:&quot;%&quot;,&quot;size&quot;:&quot;&quot;,&quot;sizes&quot;:[]}}\">\n\t\t<div class=\"elementor-element elementor-element-f5696c2 e-con-full dm-progress-bar e-flex e-con e-child\" data-id=\"f5696c2\" data-element_type=\"container\" data-settings=\"{&quot;background_background&quot;:&quot;classic&quot;,&quot;position&quot;:&quot;absolute&quot;}\">\n\t\t\t\t<\/div>\n\t\t\t\t<\/div>\n\t\t\t\t<\/div>\n\t\t<div class=\"elementor-element elementor-element-21d41ab e-con-full e-flex e-con e-child\" data-id=\"21d41ab\" data-element_type=\"container\">\n\t\t<div class=\"elementor-element elementor-element-e9e5e87 e-con-full e-flex e-con e-child\" data-id=\"e9e5e87\" data-element_type=\"container\">\n\t\t\t\t<div class=\"elementor-element elementor-element-6dfcc34 elementor-widget elementor-widget-heading\" data-id=\"6dfcc34\" data-element_type=\"widget\" data-widget_type=\"heading.default\">\n\t\t\t\t<div class=\"elementor-widget-container\">\n\t\t\t\t\t<h3 class=\"elementor-heading-title elementor-size-default\">Equipo Nacional de Veteranos<\/h3>\t\t\t\t<\/div>\n\t\t\t\t<\/div>\n\t\t\t\t<div class=\"elementor-element elementor-element-779dd9e elementor-widget elementor-widget-text-editor\" data-id=\"779dd9e\" data-element_type=\"widget\" data-widget_type=\"text-editor.default\">\n\t\t\t\t<div class=\"elementor-widget-container\">\n\t\t\t\t\t\t\t\t\t<p>Desde 2023, el p\u00e1del suizo tambi\u00e9n env\u00eda equipos nacionales de veteranos a campeonatos internacionales oficiales.<\/p>\t\t\t\t\t\t\t\t<\/div>\n\t\t\t\t<\/div>\n\t\t\t\t<\/div>\n\t\t<div class=\"elementor-element elementor-element-cf57e9a e-con-full e-flex e-con e-child\" data-id=\"cf57e9a\" data-element_type=\"container\">\n\t\t\t\t<div class=\"elementor-element elementor-element-2a7fd92 elementor-widget elementor-widget-heading\" data-id=\"2a7fd92\" data-element_type=\"widget\" data-widget_type=\"heading.default\">\n\t\t\t\t<div class=\"elementor-widget-container\">\n\t\t\t\t\t<h3 class=\"elementor-heading-title elementor-size-default\">Primavera<\/h3>\t\t\t\t<\/div>\n\t\t\t\t<\/div>\n\t\t\t\t<div class=\"elementor-element elementor-element-c210b64 elementor-widget elementor-widget-text-editor\" data-id=\"c210b64\" data-element_type=\"widget\" data-widget_type=\"text-editor.default\">\n\t\t\t\t<div class=\"elementor-widget-container\">\n\t\t\t\t\t\t\t\t\t<p>En la primavera de 2023, 3 equipos suizos de p\u00e1del participaron en los Juegos Europeos de Cracovia.<\/p>\t\t\t\t\t\t\t\t<\/div>\n\t\t\t\t<\/div>\n\t\t\t\t<div class=\"elementor-element elementor-element-087057c elementor-widget elementor-widget-gallery\" data-id=\"087057c\" data-element_type=\"widget\" data-settings=\"{&quot;columns&quot;:&quot;1&quot;,&quot;columns_tablet&quot;:&quot;1&quot;,&quot;gallery_layout&quot;:&quot;grid&quot;,&quot;columns_mobile&quot;:1,&quot;gap&quot;:{&quot;unit&quot;:&quot;px&quot;,&quot;size&quot;:10,&quot;sizes&quot;:[]},&quot;gap_tablet&quot;:{&quot;unit&quot;:&quot;px&quot;,&quot;size&quot;:10,&quot;sizes&quot;:[]},&quot;gap_mobile&quot;:{&quot;unit&quot;:&quot;px&quot;,&quot;size&quot;:10,&quot;sizes&quot;:[]},&quot;link_to&quot;:&quot;file&quot;,&quot;aspect_ratio&quot;:&quot;3:2&quot;,&quot;content_hover_animation&quot;:&quot;fade-in&quot;}\" data-widget_type=\"gallery.default\">\n\t\t\t\t<div class=\"elementor-widget-container\">\n\t\t\t\t\t\t\t<div class=\"elementor-gallery__container\">\n\t\t\t\t\t\t\t<a class=\"e-gallery-item elementor-gallery-item elementor-animated-content\" href=\"https:\/\/swisspadel.ch\/wp-content\/uploads\/2024\/07\/2023_1-2.jpg\" data-elementor-open-lightbox=\"yes\" data-elementor-lightbox-slideshow=\"087057c\" data-elementor-lightbox-title=\"2023_1.jpg\" data-e-action-hash=\"#elementor-action%3Aaction%3Dlightbox%26settings%3DeyJpZCI6MTU1NzgsInVybCI6Imh0dHBzOlwvXC9zd2lzc3BhZGVsLmNoXC93cC1jb250ZW50XC91cGxvYWRzXC8yMDI0XC8wN1wvMjAyM18xLTIuanBnIiwic2xpZGVzaG93IjoiMDg3MDU3YyJ9\">\n\t\t\t\t\t<div class=\"e-gallery-image elementor-gallery-item__image\" data-thumbnail=\"https:\/\/swisspadel.ch\/wp-content\/uploads\/2024\/07\/2023_1-2.jpg\" data-width=\"1080\" data-height=\"1080\" aria-label=\"\" role=\"img\" ><\/div>\n\t\t\t\t\t\t\t\t\t\t\t\t\t\t<\/a>\n\t\t\t\t\t<\/div>\n\t\t\t\t\t<\/div>\n\t\t\t\t<\/div>\n\t\t\t\t<\/div>\n\t\t<div class=\"elementor-element elementor-element-13be99b e-con-full e-flex e-con e-child\" data-id=\"13be99b\" data-element_type=\"container\">\n\t\t\t\t<div class=\"elementor-element elementor-element-98aaa50 elementor-widget elementor-widget-heading\" data-id=\"98aaa50\" data-element_type=\"widget\" data-widget_type=\"heading.default\">\n\t\t\t\t<div class=\"elementor-widget-container\">\n\t\t\t\t\t<h3 class=\"elementor-heading-title elementor-size-default\">Verano<\/h3>\t\t\t\t<\/div>\n\t\t\t\t<\/div>\n\t\t\t\t<div class=\"elementor-element elementor-element-b727507 elementor-widget elementor-widget-text-editor\" data-id=\"b727507\" data-element_type=\"widget\" data-widget_type=\"text-editor.default\">\n\t\t\t\t<div class=\"elementor-widget-container\">\n\t\t\t\t\t\t\t\t\t<p>Swiss Padel ha alcanzado los 1000 jugadores de competici\u00f3n con licencia.<\/p>\t\t\t\t\t\t\t\t<\/div>\n\t\t\t\t<\/div>\n\t\t\t\t<div class=\"elementor-element elementor-element-2be0e20 elementor-align-right elementor-widget elementor-widget-button\" data-id=\"2be0e20\" data-element_type=\"widget\" data-widget_type=\"button.default\">\n\t\t\t\t<div class=\"elementor-widget-container\">\n\t\t\t\t\t\t\t\t\t<div class=\"elementor-button-wrapper\">\n\t\t\t\t\t<a class=\"elementor-button elementor-button-link elementor-size-sm\" href=\"https:\/\/swisspadel.ch\/es\/competition\/licences\/\">\n\t\t\t\t\t\t<span class=\"elementor-button-content-wrapper\">\n\t\t\t\t\t\t\t\t\t<span class=\"elementor-button-text\">a las licencias<\/span>\n\t\t\t\t\t<\/span>\n\t\t\t\t\t<\/a>\n\t\t\t\t<\/div>\n\t\t\t\t\t\t\t\t<\/div>\n\t\t\t\t<\/div>\n\t\t\t\t<\/div>\n\t\t<div class=\"elementor-element elementor-element-79ffcfc e-con-full e-flex e-con e-child\" data-id=\"79ffcfc\" data-element_type=\"container\">\n\t\t\t\t<div class=\"elementor-element elementor-element-0aaf7ab elementor-widget elementor-widget-heading\" data-id=\"0aaf7ab\" data-element_type=\"widget\" data-widget_type=\"heading.default\">\n\t\t\t\t<div class=\"elementor-widget-container\">\n\t\t\t\t\t<h3 class=\"elementor-heading-title elementor-size-default\">Oto\u00f1o<\/h3>\t\t\t\t<\/div>\n\t\t\t\t<\/div>\n\t\t\t\t<div class=\"elementor-element elementor-element-57e31a4 elementor-widget elementor-widget-text-editor\" data-id=\"57e31a4\" data-element_type=\"widget\" data-widget_type=\"text-editor.default\">\n\t\t\t\t<div class=\"elementor-widget-container\">\n\t\t\t\t\t\t\t\t\t<p>En oto\u00f1o de 2023, la pareja de Campeonas de Suiza de P\u00e1del Femenino gana la medalla de plata en el Trofeo de Campeonas de Europa de la FEPA en San Sebasti\u00e1n (SP).<\/p>\t\t\t\t\t\t\t\t<\/div>\n\t\t\t\t<\/div>\n\t\t\t\t<div class=\"elementor-element elementor-element-da66d70 elementor-widget elementor-widget-gallery\" data-id=\"da66d70\" data-element_type=\"widget\" data-settings=\"{&quot;columns&quot;:&quot;1&quot;,&quot;columns_tablet&quot;:&quot;1&quot;,&quot;gallery_layout&quot;:&quot;grid&quot;,&quot;columns_mobile&quot;:1,&quot;gap&quot;:{&quot;unit&quot;:&quot;px&quot;,&quot;size&quot;:10,&quot;sizes&quot;:[]},&quot;gap_tablet&quot;:{&quot;unit&quot;:&quot;px&quot;,&quot;size&quot;:10,&quot;sizes&quot;:[]},&quot;gap_mobile&quot;:{&quot;unit&quot;:&quot;px&quot;,&quot;size&quot;:10,&quot;sizes&quot;:[]},&quot;link_to&quot;:&quot;file&quot;,&quot;aspect_ratio&quot;:&quot;3:2&quot;,&quot;content_hover_animation&quot;:&quot;fade-in&quot;}\" data-widget_type=\"gallery.default\">\n\t\t\t\t<div class=\"elementor-widget-container\">\n\t\t\t\t\t\t\t<div class=\"elementor-gallery__container\">\n\t\t\t\t\t\t\t<a class=\"e-gallery-item elementor-gallery-item elementor-animated-content\" href=\"https:\/\/swisspadel.ch\/wp-content\/uploads\/2024\/07\/2023_2-2.jpg\" data-elementor-open-lightbox=\"yes\" data-elementor-lightbox-slideshow=\"da66d70\" data-elementor-lightbox-title=\"2023_2.jpg\" data-e-action-hash=\"#elementor-action%3Aaction%3Dlightbox%26settings%3DeyJpZCI6MTU1ODEsInVybCI6Imh0dHBzOlwvXC9zd2lzc3BhZGVsLmNoXC93cC1jb250ZW50XC91cGxvYWRzXC8yMDI0XC8wN1wvMjAyM18yLTIuanBnIiwic2xpZGVzaG93IjoiZGE2NmQ3MCJ9\">\n\t\t\t\t\t<div class=\"e-gallery-image elementor-gallery-item__image\" data-thumbnail=\"https:\/\/swisspadel.ch\/wp-content\/uploads\/2024\/07\/2023_2-2-1229x1536.jpg\" data-width=\"1229\" data-height=\"1536\" aria-label=\"\" role=\"img\" ><\/div>\n\t\t\t\t\t\t\t\t\t\t\t\t\t\t<\/a>\n\t\t\t\t\t<\/div>\n\t\t\t\t\t<\/div>\n\t\t\t\t<\/div>\n\t\t\t\t<\/div>\n\t\t<div class=\"elementor-element elementor-element-a792325 e-con-full e-flex e-con e-child\" data-id=\"a792325\" data-element_type=\"container\">\n\t\t\t\t<div class=\"elementor-element elementor-element-f3489f1 elementor-widget elementor-widget-heading\" data-id=\"f3489f1\" data-element_type=\"widget\" data-widget_type=\"heading.default\">\n\t\t\t\t<div class=\"elementor-widget-container\">\n\t\t\t\t\t<h3 class=\"elementor-heading-title elementor-size-default\">Invierno 2023 Proceso de admisi\u00f3n de la Federaci\u00f3n Suiza de P\u00e1del a los Juegos Ol\u00edmpicos de Suiza<\/h3>\t\t\t\t<\/div>\n\t\t\t\t<\/div>\n\t\t\t\t<div class=\"elementor-element elementor-element-88416fb elementor-widget elementor-widget-text-editor\" data-id=\"88416fb\" data-element_type=\"widget\" data-widget_type=\"text-editor.default\">\n\t\t\t\t<div class=\"elementor-widget-container\">\n\t\t\t\t\t\t\t\t\t<p>Se han cumplido los requisitos de Swiss Olympic y la Asociaci\u00f3n Suiza de P\u00e1del est\u00e1 en proceso de ser aceptada por Swiss Olympic. (Pendiente de la decisi\u00f3n del parlamento deportivo del 22 de noviembre de 2024) <\/p><p>El crecimiento, la cobertura y la repru00e4sentaci\u00f3n necesarios para cumplir estos amplios requisitos son testimonio del empuje y la dedicaci\u00f3n de Claudia Bru00e4hm (Presidenta de la Asociaci\u00f3n Suiza de P\u00e1del (SUIPA) 2016-2024).<\/p>\t\t\t\t\t\t\t\t<\/div>\n\t\t\t\t<\/div>\n\t\t\t\t<div class=\"elementor-element elementor-element-4c4b0c6 elementor-widget elementor-widget-image\" data-id=\"4c4b0c6\" data-element_type=\"widget\" data-widget_type=\"image.default\">\n\t\t\t\t<div class=\"elementor-widget-container\">\n\t\t\t\t\t\t\t\t\t\t\t\t\t\t\t<img decoding=\"async\" width=\"800\" height=\"437\" src=\"https:\/\/swisspadel.ch\/wp-content\/uploads\/2024\/07\/swissolympic-1-1024x559.jpg\" class=\"attachment-large size-large wp-image-15584\" alt=\"\" srcset=\"https:\/\/swisspadel.ch\/wp-content\/uploads\/2024\/07\/swissolympic-1-1024x559.jpg 1024w, https:\/\/swisspadel.ch\/wp-content\/uploads\/2024\/07\/swissolympic-1-300x164.jpg 300w, https:\/\/swisspadel.ch\/wp-content\/uploads\/2024\/07\/swissolympic-1-768x419.jpg 768w, https:\/\/swisspadel.ch\/wp-content\/uploads\/2024\/07\/swissolympic-1-600x327.jpg 600w, https:\/\/swisspadel.ch\/wp-content\/uploads\/2024\/07\/swissolympic-1.jpg 1299w\" sizes=\"(max-width: 800px) 100vw, 800px\" \/>\t\t\t\t\t\t\t\t\t\t\t\t\t\t\t<\/div>\n\t\t\t\t<\/div>\n\t\t\t\t<\/div>\n\t\t<div class=\"elementor-element elementor-element-30dab9e e-con-full e-flex e-con e-child\" data-id=\"30dab9e\" data-element_type=\"container\">\n\t\t\t\t<div class=\"elementor-element elementor-element-db09554 elementor-widget elementor-widget-heading\" data-id=\"db09554\" data-element_type=\"widget\" data-widget_type=\"heading.default\">\n\t\t\t\t<div class=\"elementor-widget-container\">\n\t\t\t\t\t<h3 class=\"elementor-heading-title elementor-size-default\">m\u00e1s de 200 torneos suizos de p\u00e1del<\/h3>\t\t\t\t<\/div>\n\t\t\t\t<\/div>\n\t\t\t\t<div class=\"elementor-element elementor-element-62588b1 elementor-widget elementor-widget-text-editor\" data-id=\"62588b1\" data-element_type=\"widget\" data-widget_type=\"text-editor.default\">\n\t\t\t\t<div class=\"elementor-widget-container\">\n\t\t\t\t\t\t\t\t\t<p>En 2023 se jugaron m\u00e1s de 200 torneos oficiales de p\u00e1del suizo.<\/p>\t\t\t\t\t\t\t\t<\/div>\n\t\t\t\t<\/div>\n\t\t\t\t<div class=\"elementor-element elementor-element-8376247 elementor-align-right elementor-widget elementor-widget-button\" data-id=\"8376247\" data-element_type=\"widget\" data-widget_type=\"button.default\">\n\t\t\t\t<div class=\"elementor-widget-container\">\n\t\t\t\t\t\t\t\t\t<div class=\"elementor-button-wrapper\">\n\t\t\t\t\t<a class=\"elementor-button elementor-button-link elementor-size-sm\" href=\"https:\/\/swisspadel.ch\/es\/competition\/calendar\/\">\n\t\t\t\t\t\t<span class=\"elementor-button-content-wrapper\">\n\t\t\t\t\t\t\t\t\t<span class=\"elementor-button-text\">a los torneos<\/span>\n\t\t\t\t\t<\/span>\n\t\t\t\t\t<\/a>\n\t\t\t\t<\/div>\n\t\t\t\t\t\t\t\t<\/div>\n\t\t\t\t<\/div>\n\t\t\t\t<\/div>\n\t\t\t\t<\/div>\n\t\t\t\t<\/div>\n\t\t<div class=\"elementor-element elementor-element-2b20ca9e e-con-full e-flex e-con e-child\" data-id=\"2b20ca9e\" data-element_type=\"container\" data-settings=\"{&quot;background_background&quot;:&quot;classic&quot;}\">\n\t\t<div class=\"elementor-element elementor-element-774b79e6 e-con-full e-flex e-con e-child\" data-id=\"774b79e6\" data-element_type=\"container\">\n\t\t\t\t<div class=\"elementor-element elementor-element-2e72b7e6 dm-timeline-left elementor-widget elementor-widget-heading\" data-id=\"2e72b7e6\" data-element_type=\"widget\" data-widget_type=\"heading.default\">\n\t\t\t\t<div class=\"elementor-widget-container\">\n\t\t\t\t\t<h2 class=\"elementor-heading-title elementor-size-default\">2024<\/h2>\t\t\t\t<\/div>\n\t\t\t\t<\/div>\n\t\t\t\t<\/div>\n\t\t<div class=\"elementor-element elementor-element-74ef8b9 e-con-full dm-bar-container e-flex e-con e-child\" data-id=\"74ef8b9\" data-element_type=\"container\">\n\t\t\t\t<div class=\"elementor-element elementor-element-aded743 dm-timeline-point elementor-widget elementor-widget-image\" data-id=\"aded743\" data-element_type=\"widget\" data-widget_type=\"image.default\">\n\t\t\t\t<div class=\"elementor-widget-container\">\n\t\t\t\t\t\t\t\t\t\t\t\t\t\t\t<img decoding=\"async\" width=\"150\" height=\"150\" src=\"https:\/\/swisspadel.ch\/wp-content\/uploads\/2024\/07\/circle-2.svg\" class=\"attachment-thumbnail size-thumbnail wp-image-15547\" alt=\"\" \/>\t\t\t\t\t\t\t\t\t\t\t\t\t\t\t<\/div>\n\t\t\t\t<\/div>\n\t\t<div class=\"elementor-element elementor-element-a37dfef e-con-full dm-timeline-bar e-transform e-flex e-con e-child\" data-id=\"a37dfef\" data-element_type=\"container\" data-settings=\"{&quot;background_background&quot;:&quot;classic&quot;,&quot;position&quot;:&quot;absolute&quot;,&quot;_transform_translateX_effect&quot;:{&quot;unit&quot;:&quot;%&quot;,&quot;size&quot;:&quot;-50&quot;,&quot;sizes&quot;:[]},&quot;_transform_translateX_effect_tablet&quot;:{&quot;unit&quot;:&quot;%&quot;,&quot;size&quot;:&quot;&quot;,&quot;sizes&quot;:[]},&quot;_transform_translateX_effect_mobile&quot;:{&quot;unit&quot;:&quot;%&quot;,&quot;size&quot;:&quot;&quot;,&quot;sizes&quot;:[]},&quot;_transform_translateY_effect&quot;:{&quot;unit&quot;:&quot;%&quot;,&quot;size&quot;:&quot;0&quot;,&quot;sizes&quot;:[]},&quot;_transform_translateY_effect_tablet&quot;:{&quot;unit&quot;:&quot;%&quot;,&quot;size&quot;:&quot;&quot;,&quot;sizes&quot;:[]},&quot;_transform_translateY_effect_mobile&quot;:{&quot;unit&quot;:&quot;%&quot;,&quot;size&quot;:&quot;&quot;,&quot;sizes&quot;:[]}}\">\n\t\t<div class=\"elementor-element elementor-element-f2a3e7f e-con-full dm-progress-bar e-flex e-con e-child\" data-id=\"f2a3e7f\" data-element_type=\"container\" data-settings=\"{&quot;background_background&quot;:&quot;classic&quot;,&quot;position&quot;:&quot;absolute&quot;}\">\n\t\t\t\t<\/div>\n\t\t\t\t<\/div>\n\t\t\t\t<\/div>\n\t\t<div class=\"elementor-element elementor-element-54dfdbc e-con-full e-flex e-con e-child\" data-id=\"54dfdbc\" data-element_type=\"container\">\n\t\t<div class=\"elementor-element elementor-element-4dc41f8 e-con-full e-flex e-con e-child\" data-id=\"4dc41f8\" data-element_type=\"container\">\n\t\t\t\t<div class=\"elementor-element elementor-element-70fd3870 elementor-widget elementor-widget-heading\" data-id=\"70fd3870\" data-element_type=\"widget\" data-widget_type=\"heading.default\">\n\t\t\t\t<div class=\"elementor-widget-container\">\n\t\t\t\t\t<h3 class=\"elementor-heading-title elementor-size-default\">Casi 100 equipos de toda Suiza<\/h3>\t\t\t\t<\/div>\n\t\t\t\t<\/div>\n\t\t\t\t<div class=\"elementor-element elementor-element-2a1d712 elementor-widget elementor-widget-text-editor\" data-id=\"2a1d712\" data-element_type=\"widget\" data-widget_type=\"text-editor.default\">\n\t\t\t\t<div class=\"elementor-widget-container\">\n\t\t\t\t\t\t\t\t\t<p>M\u00e1s de 80 equipos participan en el Campeonato Interclubes.<\/p>\t\t\t\t\t\t\t\t<\/div>\n\t\t\t\t<\/div>\n\t\t\t\t<\/div>\n\t\t<div class=\"elementor-element elementor-element-51e4299c e-con-full e-flex e-con e-child\" data-id=\"51e4299c\" data-element_type=\"container\">\n\t\t\t\t<div class=\"elementor-element elementor-element-123ae6e0 elementor-widget elementor-widget-heading\" data-id=\"123ae6e0\" data-element_type=\"widget\" data-widget_type=\"heading.default\">\n\t\t\t\t<div class=\"elementor-widget-container\">\n\t\t\t\t\t<h3 class=\"elementor-heading-title elementor-size-default\">400 torneos en 2024<\/h3>\t\t\t\t<\/div>\n\t\t\t\t<\/div>\n\t\t\t\t<div class=\"elementor-element elementor-element-29e35b4f elementor-widget elementor-widget-text-editor\" data-id=\"29e35b4f\" data-element_type=\"widget\" data-widget_type=\"text-editor.default\">\n\t\t\t\t<div class=\"elementor-widget-container\">\n\t\t\t\t\t\t\t\t\t<p>En 2024 se celebraron 400 torneos, frente a los 200 de 2023. Adem\u00e1s, la asociaci\u00f3n registr\u00f3 un aumento del 47% de nuevos miembros con licencia entre enero y junio de 2024. <\/p>\t\t\t\t\t\t\t\t<\/div>\n\t\t\t\t<\/div>\n\t\t\t\t<\/div>\n\t\t\t\t<\/div>\n\t\t\t\t<\/div>\n\t\t<div class=\"elementor-element elementor-element-5be27395 e-con-full e-flex e-con e-child\" data-id=\"5be27395\" data-element_type=\"container\" data-settings=\"{&quot;background_background&quot;:&quot;classic&quot;}\">\n\t\t<div class=\"elementor-element elementor-element-1ce0cadc e-con-full e-flex e-con e-child\" data-id=\"1ce0cadc\" data-element_type=\"container\">\n\t\t\t\t<div class=\"elementor-element elementor-element-2d96a92d dm-timeline-left elementor-widget elementor-widget-heading\" data-id=\"2d96a92d\" data-element_type=\"widget\" data-widget_type=\"heading.default\">\n\t\t\t\t<div class=\"elementor-widget-container\">\n\t\t\t\t\t<h2 class=\"elementor-heading-title elementor-size-default\">2025<\/h2>\t\t\t\t<\/div>\n\t\t\t\t<\/div>\n\t\t\t\t<\/div>\n\t\t<div class=\"elementor-element elementor-element-3b6d0e94 e-con-full dm-bar-container e-flex e-con e-child\" data-id=\"3b6d0e94\" data-element_type=\"container\">\n\t\t\t\t<div class=\"elementor-element elementor-element-baf5dc5 dm-timeline-point elementor-widget elementor-widget-image\" data-id=\"baf5dc5\" data-element_type=\"widget\" data-widget_type=\"image.default\">\n\t\t\t\t<div class=\"elementor-widget-container\">\n\t\t\t\t\t\t\t\t\t\t\t\t\t\t\t<img decoding=\"async\" width=\"150\" height=\"150\" src=\"https:\/\/swisspadel.ch\/wp-content\/uploads\/2024\/07\/circle-2.svg\" class=\"attachment-thumbnail size-thumbnail wp-image-15547\" alt=\"\" \/>\t\t\t\t\t\t\t\t\t\t\t\t\t\t\t<\/div>\n\t\t\t\t<\/div>\n\t\t<div class=\"elementor-element elementor-element-6312be31 e-con-full dm-timeline-bar e-transform e-flex e-con e-child\" data-id=\"6312be31\" data-element_type=\"container\" data-settings=\"{&quot;background_background&quot;:&quot;classic&quot;,&quot;position&quot;:&quot;absolute&quot;,&quot;_transform_translateX_effect&quot;:{&quot;unit&quot;:&quot;%&quot;,&quot;size&quot;:&quot;-50&quot;,&quot;sizes&quot;:[]},&quot;_transform_translateX_effect_tablet&quot;:{&quot;unit&quot;:&quot;%&quot;,&quot;size&quot;:&quot;&quot;,&quot;sizes&quot;:[]},&quot;_transform_translateX_effect_mobile&quot;:{&quot;unit&quot;:&quot;%&quot;,&quot;size&quot;:&quot;&quot;,&quot;sizes&quot;:[]},&quot;_transform_translateY_effect&quot;:{&quot;unit&quot;:&quot;%&quot;,&quot;size&quot;:&quot;0&quot;,&quot;sizes&quot;:[]},&quot;_transform_translateY_effect_tablet&quot;:{&quot;unit&quot;:&quot;%&quot;,&quot;size&quot;:&quot;&quot;,&quot;sizes&quot;:[]},&quot;_transform_translateY_effect_mobile&quot;:{&quot;unit&quot;:&quot;%&quot;,&quot;size&quot;:&quot;&quot;,&quot;sizes&quot;:[]}}\">\n\t\t<div class=\"elementor-element elementor-element-7665214f e-con-full dm-progress-bar e-flex e-con e-child\" data-id=\"7665214f\" data-element_type=\"container\" data-settings=\"{&quot;background_background&quot;:&quot;classic&quot;,&quot;position&quot;:&quot;absolute&quot;}\">\n\t\t\t\t<\/div>\n\t\t\t\t<\/div>\n\t\t\t\t<\/div>\n\t\t<div class=\"elementor-element elementor-element-75929e3d e-con-full e-flex e-con e-child\" data-id=\"75929e3d\" data-element_type=\"container\">\n\t\t<div class=\"elementor-element elementor-element-307b6a82 e-con-full e-flex e-con e-child\" data-id=\"307b6a82\" data-element_type=\"container\">\n\t\t\t\t<div class=\"elementor-element elementor-element-ca59cd0 elementor-widget elementor-widget-heading\" data-id=\"ca59cd0\" data-element_type=\"widget\" data-widget_type=\"heading.default\">\n\t\t\t\t<div class=\"elementor-widget-container\">\n\t\t\t\t\t<h3 class=\"elementor-heading-title elementor-size-default\">Yakin Arena, el nuevo centro de espect\u00e1culos<\/h3>\t\t\t\t<\/div>\n\t\t\t\t<\/div>\n\t\t\t\t<div class=\"elementor-element elementor-element-2458cfda elementor-widget elementor-widget-text-editor\" data-id=\"2458cfda\" data-element_type=\"widget\" data-widget_type=\"text-editor.default\">\n\t\t\t\t<div class=\"elementor-widget-container\">\n\t\t\t\t\t\t\t\t\t<p>El Yakin Arena es el nuevo centro de rendimiento de la selecci\u00f3n nacional suiza y ofrece unas instalaciones de entrenamiento \u00f3ptimas.<\/p>\t\t\t\t\t\t\t\t<\/div>\n\t\t\t\t<\/div>\n\t\t\t\t<div class=\"elementor-element elementor-element-b4ad6a5 elementor-widget elementor-widget-gallery\" data-id=\"b4ad6a5\" data-element_type=\"widget\" data-settings=\"{&quot;columns&quot;:&quot;1&quot;,&quot;columns_tablet&quot;:&quot;1&quot;,&quot;gallery_layout&quot;:&quot;grid&quot;,&quot;columns_mobile&quot;:1,&quot;gap&quot;:{&quot;unit&quot;:&quot;px&quot;,&quot;size&quot;:10,&quot;sizes&quot;:[]},&quot;gap_tablet&quot;:{&quot;unit&quot;:&quot;px&quot;,&quot;size&quot;:10,&quot;sizes&quot;:[]},&quot;gap_mobile&quot;:{&quot;unit&quot;:&quot;px&quot;,&quot;size&quot;:10,&quot;sizes&quot;:[]},&quot;link_to&quot;:&quot;file&quot;,&quot;aspect_ratio&quot;:&quot;3:2&quot;,&quot;content_hover_animation&quot;:&quot;fade-in&quot;}\" data-widget_type=\"gallery.default\">\n\t\t\t\t<div class=\"elementor-widget-container\">\n\t\t\t\t\t\t\t<div class=\"elementor-gallery__container\">\n\t\t\t\t\t\t\t<a class=\"e-gallery-item elementor-gallery-item elementor-animated-content\" href=\"https:\/\/swisspadel.ch\/wp-content\/uploads\/2025\/11\/DSC6082.jpg\" data-elementor-open-lightbox=\"yes\" data-elementor-lightbox-slideshow=\"b4ad6a5\" data-elementor-lightbox-title=\"_DSC6082\" data-e-action-hash=\"#elementor-action%3Aaction%3Dlightbox%26settings%3DeyJpZCI6MjU4NzUsInVybCI6Imh0dHBzOlwvXC9zd2lzc3BhZGVsLmNoXC93cC1jb250ZW50XC91cGxvYWRzXC8yMDI1XC8xMVwvRFNDNjA4Mi5qcGciLCJzbGlkZXNob3ciOiJiNGFkNmE1In0%3D\">\n\t\t\t\t\t<div class=\"e-gallery-image elementor-gallery-item__image\" data-thumbnail=\"https:\/\/swisspadel.ch\/wp-content\/uploads\/2025\/11\/DSC6082-1229x1536.jpg\" data-width=\"1229\" data-height=\"1536\" aria-label=\"\" role=\"img\" ><\/div>\n\t\t\t\t\t\t\t\t\t\t\t\t\t\t<\/a>\n\t\t\t\t\t\t\t<a class=\"e-gallery-item elementor-gallery-item elementor-animated-content\" href=\"https:\/\/swisspadel.ch\/wp-content\/uploads\/2025\/11\/DSC6177-scaled-e1762952732117.jpg\" data-elementor-open-lightbox=\"yes\" data-elementor-lightbox-slideshow=\"b4ad6a5\" data-elementor-lightbox-title=\"_DSC6177\" data-e-action-hash=\"#elementor-action%3Aaction%3Dlightbox%26settings%3DeyJpZCI6MjU4ODAsInVybCI6Imh0dHBzOlwvXC9zd2lzc3BhZGVsLmNoXC93cC1jb250ZW50XC91cGxvYWRzXC8yMDI1XC8xMVwvRFNDNjE3Ny1zY2FsZWQtZTE3NjI5NTI3MzIxMTcuanBnIiwic2xpZGVzaG93IjoiYjRhZDZhNSJ9\">\n\t\t\t\t\t<div class=\"e-gallery-image elementor-gallery-item__image\" data-thumbnail=\"https:\/\/swisspadel.ch\/wp-content\/uploads\/2025\/11\/DSC6177-1229x1536.jpg\" data-width=\"1229\" data-height=\"1536\" aria-label=\"\" role=\"img\" ><\/div>\n\t\t\t\t\t\t\t\t\t\t\t\t\t\t<\/a>\n\t\t\t\t\t<\/div>\n\t\t\t\t\t<\/div>\n\t\t\t\t<\/div>\n\t\t\t\t<\/div>\n\t\t<div class=\"elementor-element elementor-element-35ee4fe e-con-full e-flex e-con e-child\" data-id=\"35ee4fe\" data-element_type=\"container\">\n\t\t\t\t<div class=\"elementor-element elementor-element-47a5a77b elementor-widget elementor-widget-heading\" data-id=\"47a5a77b\" data-element_type=\"widget\" data-widget_type=\"heading.default\">\n\t\t\t\t<div class=\"elementor-widget-container\">\n\t\t\t\t\t<h3 class=\"elementor-heading-title elementor-size-default\">Campo de entrenamiento de <span style=\"font-size: 1.75rem\">M\u00e1laga<\/span><span style=\"color: inherit;font-family: inherit;font-size: 1.75rem\"><\/span><br><\/h3>\t\t\t\t<\/div>\n\t\t\t\t<\/div>\n\t\t\t\t<div class=\"elementor-element elementor-element-3cc021e1 elementor-widget elementor-widget-text-editor\" data-id=\"3cc021e1\" data-element_type=\"widget\" data-widget_type=\"text-editor.default\">\n\t\t\t\t<div class=\"elementor-widget-container\">\n\t\t\t\t\t\t\t\t\t<p>En mayo, nuestro equipo nacional suizo asisti\u00f3 a un campo de entrenamiento profesional organizado por Swiss Padel en M\u00e1laga.<\/p>\t\t\t\t\t\t\t\t<\/div>\n\t\t\t\t<\/div>\n\t\t\t\t<div class=\"elementor-element elementor-element-cef0de4 elementor-widget elementor-widget-gallery\" data-id=\"cef0de4\" data-element_type=\"widget\" data-settings=\"{&quot;columns&quot;:&quot;1&quot;,&quot;columns_tablet&quot;:&quot;1&quot;,&quot;gallery_layout&quot;:&quot;grid&quot;,&quot;columns_mobile&quot;:1,&quot;gap&quot;:{&quot;unit&quot;:&quot;px&quot;,&quot;size&quot;:10,&quot;sizes&quot;:[]},&quot;gap_tablet&quot;:{&quot;unit&quot;:&quot;px&quot;,&quot;size&quot;:10,&quot;sizes&quot;:[]},&quot;gap_mobile&quot;:{&quot;unit&quot;:&quot;px&quot;,&quot;size&quot;:10,&quot;sizes&quot;:[]},&quot;link_to&quot;:&quot;file&quot;,&quot;aspect_ratio&quot;:&quot;3:2&quot;,&quot;content_hover_animation&quot;:&quot;fade-in&quot;}\" data-widget_type=\"gallery.default\">\n\t\t\t\t<div class=\"elementor-widget-container\">\n\t\t\t\t\t\t\t<div class=\"elementor-gallery__container\">\n\t\t\t\t\t\t\t<a class=\"e-gallery-item elementor-gallery-item elementor-animated-content\" href=\"https:\/\/swisspadel.ch\/wp-content\/uploads\/2025\/11\/DSC4953-scaled.jpg\" data-elementor-open-lightbox=\"yes\" data-elementor-lightbox-slideshow=\"cef0de4\" data-elementor-lightbox-title=\"_DSC4953\" data-e-action-hash=\"#elementor-action%3Aaction%3Dlightbox%26settings%3DeyJpZCI6MjU3OTcsInVybCI6Imh0dHBzOlwvXC9zd2lzc3BhZGVsLmNoXC93cC1jb250ZW50XC91cGxvYWRzXC8yMDI1XC8xMVwvRFNDNDk1My1zY2FsZWQuanBnIiwic2xpZGVzaG93IjoiY2VmMGRlNCJ9\">\n\t\t\t\t\t<div class=\"e-gallery-image elementor-gallery-item__image\" data-thumbnail=\"https:\/\/swisspadel.ch\/wp-content\/uploads\/2025\/11\/DSC4953-1536x1187.jpg\" data-width=\"1536\" data-height=\"1187\" aria-label=\"\" role=\"img\" ><\/div>\n\t\t\t\t\t\t\t\t\t\t\t\t\t\t<\/a>\n\t\t\t\t\t<\/div>\n\t\t\t\t\t<\/div>\n\t\t\t\t<\/div>\n\t\t\t\t<\/div>\n\t\t<div class=\"elementor-element elementor-element-6e80bf36 e-con-full e-flex e-con e-child\" data-id=\"6e80bf36\" data-element_type=\"container\">\n\t\t\t\t<div class=\"elementor-element elementor-element-857dc25 elementor-widget elementor-widget-heading\" data-id=\"857dc25\" data-element_type=\"widget\" data-widget_type=\"heading.default\">\n\t\t\t\t<div class=\"elementor-widget-container\">\n\t\t\t\t\t<h3 class=\"elementor-heading-title elementor-size-default\">FIP Euro Padel Cup Madrid<\/h3>\t\t\t\t<\/div>\n\t\t\t\t<\/div>\n\t\t\t\t<div class=\"elementor-element elementor-element-1ddf6e31 elementor-widget elementor-widget-text-editor\" data-id=\"1ddf6e31\" data-element_type=\"widget\" data-widget_type=\"text-editor.default\">\n\t\t\t\t<div class=\"elementor-widget-container\">\n\t\t\t\t\t\t\t\t\t<p>En julio, nuestra selecci\u00f3n nacional demostr\u00f3 su val\u00eda en la escena europea.<\/p>\t\t\t\t\t\t\t\t<\/div>\n\t\t\t\t<\/div>\n\t\t\t\t<div class=\"elementor-element elementor-element-3f9262a elementor-widget elementor-widget-gallery\" data-id=\"3f9262a\" data-element_type=\"widget\" data-settings=\"{&quot;columns&quot;:&quot;1&quot;,&quot;columns_tablet&quot;:&quot;1&quot;,&quot;gallery_layout&quot;:&quot;grid&quot;,&quot;columns_mobile&quot;:1,&quot;gap&quot;:{&quot;unit&quot;:&quot;px&quot;,&quot;size&quot;:10,&quot;sizes&quot;:[]},&quot;gap_tablet&quot;:{&quot;unit&quot;:&quot;px&quot;,&quot;size&quot;:10,&quot;sizes&quot;:[]},&quot;gap_mobile&quot;:{&quot;unit&quot;:&quot;px&quot;,&quot;size&quot;:10,&quot;sizes&quot;:[]},&quot;link_to&quot;:&quot;file&quot;,&quot;aspect_ratio&quot;:&quot;3:2&quot;,&quot;content_hover_animation&quot;:&quot;fade-in&quot;}\" data-widget_type=\"gallery.default\">\n\t\t\t\t<div class=\"elementor-widget-container\">\n\t\t\t\t\t\t\t<div class=\"elementor-gallery__container\">\n\t\t\t\t\t\t\t<a class=\"e-gallery-item elementor-gallery-item elementor-animated-content\" href=\"https:\/\/swisspadel.ch\/wp-content\/uploads\/2025\/11\/DSC0600-scaled.jpg\" data-elementor-open-lightbox=\"yes\" data-elementor-lightbox-slideshow=\"3f9262a\" data-elementor-lightbox-title=\"_DSC0600\" data-e-action-hash=\"#elementor-action%3Aaction%3Dlightbox%26settings%3DeyJpZCI6MjU4MDIsInVybCI6Imh0dHBzOlwvXC9zd2lzc3BhZGVsLmNoXC93cC1jb250ZW50XC91cGxvYWRzXC8yMDI1XC8xMVwvRFNDMDYwMC1zY2FsZWQuanBnIiwic2xpZGVzaG93IjoiM2Y5MjYyYSJ9\">\n\t\t\t\t\t<div class=\"e-gallery-image elementor-gallery-item__image\" data-thumbnail=\"https:\/\/swisspadel.ch\/wp-content\/uploads\/2025\/11\/DSC0600-1229x1536.jpg\" data-width=\"1229\" data-height=\"1536\" aria-label=\"\" role=\"img\" ><\/div>\n\t\t\t\t\t\t\t\t\t\t\t\t\t\t<\/a>\n\t\t\t\t\t<\/div>\n\t\t\t\t\t<\/div>\n\t\t\t\t<\/div>\n\t\t\t\t<\/div>\n\t\t<div class=\"elementor-element elementor-element-2fbed750 e-con-full e-flex e-con e-child\" data-id=\"2fbed750\" data-element_type=\"container\">\n\t\t\t\t<div class=\"elementor-element elementor-element-4587a3cf elementor-widget elementor-widget-heading\" data-id=\"4587a3cf\" data-element_type=\"widget\" data-widget_type=\"heading.default\">\n\t\t\t\t<div class=\"elementor-widget-container\">\n\t\t\t\t\t<h3 class=\"elementor-heading-title elementor-size-default\">Campeonatos de Suiza 2025<\/h3>\t\t\t\t<\/div>\n\t\t\t\t<\/div>\n\t\t\t\t<div class=\"elementor-element elementor-element-7356cedf elementor-widget elementor-widget-text-editor\" data-id=\"7356cedf\" data-element_type=\"widget\" data-widget_type=\"text-editor.default\">\n\t\t\t\t<div class=\"elementor-widget-container\">\n\t\t\t\t\t\t\t\t\t<p>En septiembre, Juniors, Veteranos y una categor\u00eda abierta compitieron por el t\u00edtulo de Campe\u00f3n de Suiza. Swiss Padel se enorgullece de coronar a los nuevos campeones con nuestro socio Certina. <\/p>\t\t\t\t\t\t\t\t<\/div>\n\t\t\t\t<\/div>\n\t\t\t\t<div class=\"elementor-element elementor-element-17fc3f6e elementor-widget elementor-widget-gallery\" data-id=\"17fc3f6e\" data-element_type=\"widget\" data-settings=\"{&quot;columns&quot;:&quot;1&quot;,&quot;columns_tablet&quot;:&quot;1&quot;,&quot;gallery_layout&quot;:&quot;grid&quot;,&quot;columns_mobile&quot;:1,&quot;gap&quot;:{&quot;unit&quot;:&quot;px&quot;,&quot;size&quot;:10,&quot;sizes&quot;:[]},&quot;gap_tablet&quot;:{&quot;unit&quot;:&quot;px&quot;,&quot;size&quot;:10,&quot;sizes&quot;:[]},&quot;gap_mobile&quot;:{&quot;unit&quot;:&quot;px&quot;,&quot;size&quot;:10,&quot;sizes&quot;:[]},&quot;link_to&quot;:&quot;file&quot;,&quot;aspect_ratio&quot;:&quot;3:2&quot;,&quot;content_hover_animation&quot;:&quot;fade-in&quot;}\" data-widget_type=\"gallery.default\">\n\t\t\t\t<div class=\"elementor-widget-container\">\n\t\t\t\t\t\t\t<div class=\"elementor-gallery__container\">\n\t\t\t\t\t\t\t<a class=\"e-gallery-item elementor-gallery-item elementor-animated-content\" href=\"https:\/\/swisspadel.ch\/wp-content\/uploads\/2025\/11\/DSC2953-scaled-e1762944632406.jpg\" data-elementor-open-lightbox=\"yes\" data-elementor-lightbox-slideshow=\"17fc3f6e\" data-elementor-lightbox-title=\"_DSC2953\" data-e-action-hash=\"#elementor-action%3Aaction%3Dlightbox%26settings%3DeyJpZCI6MjU4MDcsInVybCI6Imh0dHBzOlwvXC9zd2lzc3BhZGVsLmNoXC93cC1jb250ZW50XC91cGxvYWRzXC8yMDI1XC8xMVwvRFNDMjk1My1zY2FsZWQtZTE3NjI5NDQ2MzI0MDYuanBnIiwic2xpZGVzaG93IjoiMTdmYzNmNmUifQ%3D%3D\">\n\t\t\t\t\t<div class=\"e-gallery-image elementor-gallery-item__image\" data-thumbnail=\"https:\/\/swisspadel.ch\/wp-content\/uploads\/2025\/11\/DSC2953-1229x1536.jpg\" data-width=\"1229\" data-height=\"1536\" aria-label=\"\" role=\"img\" ><\/div>\n\t\t\t\t\t\t\t\t\t\t\t\t\t\t<\/a>\n\t\t\t\t\t<\/div>\n\t\t\t\t\t<\/div>\n\t\t\t\t<\/div>\n\t\t\t\t<\/div>\n\t\t<div class=\"elementor-element elementor-element-45159ad3 e-con-full e-flex e-con e-child\" data-id=\"45159ad3\" data-element_type=\"container\">\n\t\t\t\t<div class=\"elementor-element elementor-element-77f4ec74 elementor-widget elementor-widget-heading\" data-id=\"77f4ec74\" data-element_type=\"widget\" data-widget_type=\"heading.default\">\n\t\t\t\t<div class=\"elementor-widget-container\">\n\t\t\t\t\t<h3 class=\"elementor-heading-title elementor-size-default\">Copa del Mundo Juvenil FIP Reus<\/h3>\t\t\t\t<\/div>\n\t\t\t\t<\/div>\n\t\t\t\t<div class=\"elementor-element elementor-element-73d45d77 elementor-widget elementor-widget-text-editor\" data-id=\"73d45d77\" data-element_type=\"widget\" data-widget_type=\"text-editor.default\">\n\t\t\t\t<div class=\"elementor-widget-container\">\n\t\t\t\t\t\t\t\t\t<p>A finales de septiembre, nuestro equipo Swiss Juniors compiti\u00f3 en la escena internacional y demostr\u00f3 lo que significa el esp\u00edritu de equipo.<\/p>\t\t\t\t\t\t\t\t<\/div>\n\t\t\t\t<\/div>\n\t\t\t\t<div class=\"elementor-element elementor-element-e055219 elementor-widget elementor-widget-gallery\" data-id=\"e055219\" data-element_type=\"widget\" data-settings=\"{&quot;columns&quot;:&quot;1&quot;,&quot;columns_tablet&quot;:&quot;1&quot;,&quot;gallery_layout&quot;:&quot;grid&quot;,&quot;columns_mobile&quot;:1,&quot;gap&quot;:{&quot;unit&quot;:&quot;px&quot;,&quot;size&quot;:10,&quot;sizes&quot;:[]},&quot;gap_tablet&quot;:{&quot;unit&quot;:&quot;px&quot;,&quot;size&quot;:10,&quot;sizes&quot;:[]},&quot;gap_mobile&quot;:{&quot;unit&quot;:&quot;px&quot;,&quot;size&quot;:10,&quot;sizes&quot;:[]},&quot;link_to&quot;:&quot;file&quot;,&quot;aspect_ratio&quot;:&quot;3:2&quot;,&quot;content_hover_animation&quot;:&quot;fade-in&quot;}\" data-widget_type=\"gallery.default\">\n\t\t\t\t<div class=\"elementor-widget-container\">\n\t\t\t\t\t\t\t<div class=\"elementor-gallery__container\">\n\t\t\t\t\t\t\t<a class=\"e-gallery-item elementor-gallery-item elementor-animated-content\" href=\"https:\/\/swisspadel.ch\/wp-content\/uploads\/2025\/11\/day2-7-scaled.jpg\" data-elementor-open-lightbox=\"yes\" data-elementor-lightbox-slideshow=\"e055219\" data-elementor-lightbox-title=\"day2 -7\" data-e-action-hash=\"#elementor-action%3Aaction%3Dlightbox%26settings%3DeyJpZCI6MjU4MTIsInVybCI6Imh0dHBzOlwvXC9zd2lzc3BhZGVsLmNoXC93cC1jb250ZW50XC91cGxvYWRzXC8yMDI1XC8xMVwvZGF5Mi03LXNjYWxlZC5qcGciLCJzbGlkZXNob3ciOiJlMDU1MjE5In0%3D\">\n\t\t\t\t\t<div class=\"e-gallery-image elementor-gallery-item__image\" data-thumbnail=\"https:\/\/swisspadel.ch\/wp-content\/uploads\/2025\/11\/day2-7-1229x1536.jpg\" data-width=\"1229\" data-height=\"1536\" aria-label=\"\" role=\"img\" ><\/div>\n\t\t\t\t\t\t\t\t\t\t\t\t\t\t<\/a>\n\t\t\t\t\t<\/div>\n\t\t\t\t\t<\/div>\n\t\t\t\t<\/div>\n\t\t\t\t<\/div>\n\t\t<div class=\"elementor-element elementor-element-73655797 e-con-full e-flex e-con e-child\" data-id=\"73655797\" data-element_type=\"container\">\n\t\t\t\t<div class=\"elementor-element elementor-element-6eac01f2 elementor-widget elementor-widget-heading\" data-id=\"6eac01f2\" data-element_type=\"widget\" data-widget_type=\"heading.default\">\n\t\t\t\t<div class=\"elementor-widget-container\">\n\t\t\t\t\t<h3 class=\"elementor-heading-title elementor-size-default\">FIP y OCA<\/h3>\t\t\t\t<\/div>\n\t\t\t\t<\/div>\n\t\t\t\t<div class=\"elementor-element elementor-element-577bd61c elementor-widget elementor-widget-text-editor\" data-id=\"577bd61c\" data-element_type=\"widget\" data-widget_type=\"text-editor.default\">\n\t\t\t\t<div class=\"elementor-widget-container\">\n\t\t\t\t\t\t\t\t\t<p>La Federaci\u00f3n Internacional de P\u00e1del (FIP) ha sido reconocida oficialmente por el Consejo Ol\u00edmpico de Asia (OCA) y el p\u00e1del se incluir\u00e1 como deporte oficial en el programa de las pr\u00f3ximas ediciones de los Juegos Asi\u00e1ticos.<\/p>\t\t\t\t\t\t\t\t<\/div>\n\t\t\t\t<\/div>\n\t\t\t\t<div class=\"elementor-element elementor-element-edd639d elementor-widget elementor-widget-image\" data-id=\"edd639d\" data-element_type=\"widget\" data-widget_type=\"image.default\">\n\t\t\t\t<div class=\"elementor-widget-container\">\n\t\t\t\t\t\t\t\t\t\t\t\t\t\t\t<img loading=\"lazy\" decoding=\"async\" width=\"652\" height=\"858\" src=\"https:\/\/swisspadel.ch\/wp-content\/uploads\/2025\/11\/FIPandOCA.png\" class=\"attachment-large size-large wp-image-25860\" alt=\"\" srcset=\"https:\/\/swisspadel.ch\/wp-content\/uploads\/2025\/11\/FIPandOCA.png 652w, https:\/\/swisspadel.ch\/wp-content\/uploads\/2025\/11\/FIPandOCA-228x300.png 228w, https:\/\/swisspadel.ch\/wp-content\/uploads\/2025\/11\/FIPandOCA-600x790.png 600w\" sizes=\"(max-width: 652px) 100vw, 652px\" \/>\t\t\t\t\t\t\t\t\t\t\t\t\t\t\t<\/div>\n\t\t\t\t<\/div>\n\t\t\t\t<\/div>\n\t\t<div class=\"elementor-element elementor-element-c2664bf e-con-full e-flex e-con e-child\" data-id=\"c2664bf\" data-element_type=\"container\">\n\t\t\t\t<div class=\"elementor-element elementor-element-769f1f5 elementor-widget elementor-widget-heading\" data-id=\"769f1f5\" data-element_type=\"widget\" data-widget_type=\"heading.default\">\n\t\t\t\t<div class=\"elementor-widget-container\">\n\t\t\t\t\t<h3 class=\"elementor-heading-title elementor-size-default\">FIP y AIMS<\/h3>\t\t\t\t<\/div>\n\t\t\t\t<\/div>\n\t\t\t\t<div class=\"elementor-element elementor-element-2bfd113 elementor-widget elementor-widget-text-editor\" data-id=\"2bfd113\" data-element_type=\"widget\" data-widget_type=\"text-editor.default\">\n\t\t\t\t<div class=\"elementor-widget-container\">\n\t\t\t\t\t\t\t\t\t<p>La Federaci\u00f3n Internacional de P\u00e1del (FIP) se encuentra en la fase final de su admisi\u00f3n en <strong data-start=\"94\" data-end=\"156\">la AIMS (Alianza de Miembros Independientes Reconocidos del Deporte)<\/strong>, un paso necesario en el camino hacia el reconocimiento ol\u00edmpico del p\u00e1del.<\/p>\t\t\t\t\t\t\t\t<\/div>\n\t\t\t\t<\/div>\n\t\t\t\t<div class=\"elementor-element elementor-element-cc4e711 elementor-widget elementor-widget-image\" data-id=\"cc4e711\" data-element_type=\"widget\" data-widget_type=\"image.default\">\n\t\t\t\t<div class=\"elementor-widget-container\">\n\t\t\t\t\t\t\t\t\t\t\t\t\t\t\t<img loading=\"lazy\" decoding=\"async\" width=\"620\" height=\"796\" src=\"https:\/\/swisspadel.ch\/wp-content\/uploads\/2025\/11\/FIPandAIMS1.png\" class=\"attachment-large size-large wp-image-25865\" alt=\"\" srcset=\"https:\/\/swisspadel.ch\/wp-content\/uploads\/2025\/11\/FIPandAIMS1.png 620w, https:\/\/swisspadel.ch\/wp-content\/uploads\/2025\/11\/FIPandAIMS1-234x300.png 234w, https:\/\/swisspadel.ch\/wp-content\/uploads\/2025\/11\/FIPandAIMS1-600x770.png 600w\" sizes=\"(max-width: 620px) 100vw, 620px\" \/>\t\t\t\t\t\t\t\t\t\t\t\t\t\t\t<\/div>\n\t\t\t\t<\/div>\n\t\t\t\t<\/div>\n\t\t\t\t<div class=\"elementor-element elementor-element-da7117b elementor-widget elementor-widget-image\" data-id=\"da7117b\" data-element_type=\"widget\" data-widget_type=\"image.default\">\n\t\t\t\t<div class=\"elementor-widget-container\">\n\t\t\t\t\t\t\t\t\t\t\t\t\t\t\t<img decoding=\"async\" src=\"https:\/\/swisspadel.ch\/wp-content\/uploads\/2025\/11\/FIPandAIMS2.png\" title=\"\" alt=\"\" loading=\"lazy\" \/>\t\t\t\t\t\t\t\t\t\t\t\t\t\t\t<\/div>\n\t\t\t\t<\/div>\n\t\t\t\t<\/div>\n\t\t\t\t<\/div>\n\t\t\t\t\t<\/div>\n\t\t\t\t<\/div>\n\t\t<div class=\"elementor-element elementor-element-5fbf0dd8 e-flex e-con-boxed e-con e-parent\" data-id=\"5fbf0dd8\" data-element_type=\"container\" data-settings=\"{&quot;background_background&quot;:&quot;classic&quot;}\">\n\t\t\t\t\t<div class=\"e-con-inner\">\n\t\t<div class=\"elementor-element elementor-element-7747712d e-con-full e-flex e-con e-child\" data-id=\"7747712d\" data-element_type=\"container\">\n\t\t\t\t<div class=\"elementor-element elementor-element-2a8af9da animated-fast elementor-invisible elementor-widget elementor-widget-heading\" data-id=\"2a8af9da\" data-element_type=\"widget\" data-settings=\"{&quot;_animation&quot;:&quot;slideInUp&quot;,&quot;_animation_delay&quot;:&quot;200&quot;}\" data-widget_type=\"heading.default\">\n\t\t\t\t<div class=\"elementor-widget-container\">\n\t\t\t\t\t<h2 class=\"elementor-heading-title elementor-size-default\">Historia del p\u00e1del<\/h2>\t\t\t\t<\/div>\n\t\t\t\t<\/div>\n\t\t\t\t<div class=\"elementor-element elementor-element-48cfab8a animated-fast elementor-invisible elementor-widget elementor-widget-heading\" data-id=\"48cfab8a\" data-element_type=\"widget\" data-settings=\"{&quot;_animation&quot;:&quot;slideInUp&quot;,&quot;_animation_delay&quot;:&quot;400&quot;}\" data-widget_type=\"heading.default\">\n\t\t\t\t<div class=\"elementor-widget-container\">\n\t\t\t\t\t<p class=\"elementor-heading-title elementor-size-default\">Haz clic aqu\u00ed para ver la historia del desarrollo de este deporte.<\/p>\t\t\t\t<\/div>\n\t\t\t\t<\/div>\n\t\t\t\t<\/div>\n\t\t<div class=\"elementor-element elementor-element-3e0520f3 e-con-full e-flex e-con e-child\" data-id=\"3e0520f3\" data-element_type=\"container\">\n\t\t\t\t<div class=\"elementor-element elementor-element-d5bdbfe elementor-widget elementor-widget-button\" data-id=\"d5bdbfe\" data-element_type=\"widget\" data-widget_type=\"button.default\">\n\t\t\t\t<div class=\"elementor-widget-container\">\n\t\t\t\t\t\t\t\t\t<div class=\"elementor-button-wrapper\">\n\t\t\t\t\t<a class=\"elementor-button elementor-button-link elementor-size-sm\" href=\"https:\/\/swisspadel.ch\/es\/padelsport\/\">\n\t\t\t\t\t\t<span class=\"elementor-button-content-wrapper\">\n\t\t\t\t\t\t\t\t\t<span class=\"elementor-button-text\">saber m\u00e1s<\/span>\n\t\t\t\t\t<\/span>\n\t\t\t\t\t<\/a>\n\t\t\t\t<\/div>\n\t\t\t\t\t\t\t\t<\/div>\n\t\t\t\t<\/div>\n\t\t\t\t<\/div>\n\t\t\t\t\t<\/div>\n\t\t\t\t<\/div>\n\t\t<div class=\"elementor-element elementor-element-a0811e2 e-grid e-con-boxed e-con e-parent\" data-id=\"a0811e2\" data-element_type=\"container\">\n\t\t\t\t\t<div class=\"e-con-inner\">\n\t\t\t\t\t<\/div>\n\t\t\t\t<\/div>\n\t\t\t\t<\/div>\n\t\t","protected":false},"excerpt":{"rendered":"<p>Una historia de \u00e9xito en el deporte del p\u00e1del<\/p>\n","protected":false},"author":1840,"featured_media":23575,"parent":23894,"menu_order":0,"comment_status":"closed","ping_status":"open","template":"","meta":{"_acf_changed":false,"footnotes":""},"class_list":["post-23574","page","type-page","status-publish","has-post-thumbnail","hentry"],"acf":[],"_links":{"self":[{"href":"https:\/\/swisspadel.ch\/es\/wp-json\/wp\/v2\/pages\/23574","targetHints":{"allow":["GET"]}}],"collection":[{"href":"https:\/\/swisspadel.ch\/es\/wp-json\/wp\/v2\/pages"}],"about":[{"href":"https:\/\/swisspadel.ch\/es\/wp-json\/wp\/v2\/types\/page"}],"author":[{"embeddable":true,"href":"https:\/\/swisspadel.ch\/es\/wp-json\/wp\/v2\/users\/1840"}],"replies":[{"embeddable":true,"href":"https:\/\/swisspadel.ch\/es\/wp-json\/wp\/v2\/comments?post=23574"}],"version-history":[{"count":14,"href":"https:\/\/swisspadel.ch\/es\/wp-json\/wp\/v2\/pages\/23574\/revisions"}],"predecessor-version":[{"id":25890,"href":"https:\/\/swisspadel.ch\/es\/wp-json\/wp\/v2\/pages\/23574\/revisions\/25890"}],"up":[{"embeddable":true,"href":"https:\/\/swisspadel.ch\/es\/wp-json\/wp\/v2\/pages\/23894"}],"wp:featuredmedia":[{"embeddable":true,"href":"https:\/\/swisspadel.ch\/es\/wp-json\/wp\/v2\/media\/23575"}],"wp:attachment":[{"href":"https:\/\/swisspadel.ch\/es\/wp-json\/wp\/v2\/media?parent=23574"}],"curies":[{"name":"wp","href":"https:\/\/api.w.org\/{rel}","templated":true}]}}