{"id":23871,"date":"2024-07-19T19:12:57","date_gmt":"2024-07-19T19:12:57","guid":{"rendered":"https:\/\/swisspadel.ch\/vision\/"},"modified":"2026-03-09T17:14:38","modified_gmt":"2026-03-09T17:14:38","slug":"vision","status":"publish","type":"page","link":"https:\/\/swisspadel.ch\/es\/association\/vision\/","title":{"rendered":"Declaraci\u00f3n de objetivos"},"content":{"rendered":"\t\t<div data-elementor-type=\"wp-page\" data-elementor-id=\"23871\" class=\"elementor elementor-23871 elementor-14958\" data-elementor-post-type=\"page\">\n\t\t\t\t<div class=\"elementor-element elementor-element-42978154 e-flex e-con-boxed e-con e-parent\" data-id=\"42978154\" data-element_type=\"container\">\n\t\t\t\t\t<div class=\"e-con-inner\">\n\t\t\t\t<div class=\"elementor-element elementor-element-606d07ae elementor-widget elementor-widget-template\" data-id=\"606d07ae\" data-element_type=\"widget\" data-widget_type=\"template.default\">\n\t\t\t\t<div class=\"elementor-widget-container\">\n\t\t\t\t\t\t\t<div class=\"elementor-template\">\n\t\t\t\t\t<div data-elementor-type=\"container\" data-elementor-id=\"14753\" class=\"elementor elementor-14753\" data-elementor-post-type=\"elementor_library\">\n\t\t\t\t<div class=\"elementor-element elementor-element-257480bf e-con-full e-flex e-con e-parent\" data-id=\"257480bf\" data-element_type=\"container\" data-settings=\"{&quot;background_background&quot;:&quot;classic&quot;}\">\n\t\t<div class=\"elementor-element elementor-element-a9fa854 e-flex e-con-boxed e-con e-child\" data-id=\"a9fa854\" data-element_type=\"container\">\n\t\t\t\t\t<div class=\"e-con-inner\">\n\t\t\t\t<div class=\"elementor-element elementor-element-61ba23ed animated-fast elementor-invisible elementor-widget elementor-widget-heading\" data-id=\"61ba23ed\" data-element_type=\"widget\" data-settings=\"{&quot;_animation&quot;:&quot;fadeInUp&quot;,&quot;_animation_delay&quot;:1050}\" data-widget_type=\"heading.default\">\n\t\t\t\t<div class=\"elementor-widget-container\">\n\t\t\t\t\t<h5 class=\"elementor-heading-title elementor-size-default\">M\u00e1s informaci\u00f3n sobre la visi\u00f3n de la asociaci\u00f3n<\/h5>\t\t\t\t<\/div>\n\t\t\t\t<\/div>\n\t\t\t\t\t<\/div>\n\t\t\t\t<\/div>\n\t\t\t\t<\/div>\n\t\t\t\t<\/div>\n\t\t\t\t<\/div>\n\t\t\t\t\t\t<\/div>\n\t\t\t\t<\/div>\n\t\t\t\t\t<\/div>\n\t\t\t\t<\/div>\n\t\t<div class=\"elementor-element elementor-element-1bf0b037 e-flex e-con-boxed e-con e-parent\" data-id=\"1bf0b037\" data-element_type=\"container\">\n\t\t\t\t\t<div class=\"e-con-inner\">\n\t\t<div class=\"elementor-element elementor-element-20f5a256 e-con-full animated-fast e-flex elementor-invisible e-con e-child\" data-id=\"20f5a256\" data-element_type=\"container\" data-settings=\"{&quot;animation&quot;:&quot;fadeInUp&quot;,&quot;animation_delay&quot;:&quot;400&quot;}\">\n\t\t\t\t<div class=\"elementor-element elementor-element-3f452dd4 elementor-widget elementor-widget-heading\" data-id=\"3f452dd4\" data-element_type=\"widget\" data-widget_type=\"heading.default\">\n\t\t\t\t<div class=\"elementor-widget-container\">\n\t\t\t\t\t<h2 class=\"elementor-heading-title elementor-size-default\">Nuestra visi\u00f3n y objetivos para el futuro<\/h2>\t\t\t\t<\/div>\n\t\t\t\t<\/div>\n\t\t\t\t<div class=\"elementor-element elementor-element-34e979d7 elementor-widget elementor-widget-text-editor\" data-id=\"34e979d7\" data-element_type=\"widget\" data-widget_type=\"text-editor.default\">\n\t\t\t\t<div class=\"elementor-widget-container\">\n\t\t\t\t\t\t\t\t\t<p>La visi\u00f3n de la Asociaci\u00f3n Suiza de P\u00e1del es seguir promoviendo el p\u00e1del como uno de los deportes m\u00e1s populares y accesibles de Suiza. Nuestra misi\u00f3n es fortalecer el deporte del p\u00e1del construyendo una comunidad activa, organizando competiciones de alta calidad y mejorando continuamente las infraestructuras y las oportunidades de entrenamiento. Para ello, nos basamos en nuestra pasi\u00f3n por el p\u00e1del, nuestro compromiso con la comunidad y nuestra b\u00fasqueda de la excelencia deportiva. Queremos ofrecer una plataforma para que tanto los principiantes como los jugadores experimentados desarrollen y compartan su amor por este deporte. Tambi\u00e9n apoyamos a los clubes de toda Suiza para que establezcan y promuevan el deporte del p\u00e1del en todo el pa\u00eds. Nuestra declaraci\u00f3n de principios a\u00fana estos objetivos y nos impulsa cada d\u00eda a fortalecer y promover de forma sostenible el deporte del p\u00e1del en Suiza.     <\/p>\t\t\t\t\t\t\t\t<\/div>\n\t\t\t\t<\/div>\n\t\t\t\t<div class=\"elementor-element elementor-element-16de8eac elementor-widget elementor-widget-button\" data-id=\"16de8eac\" data-element_type=\"widget\" data-widget_type=\"button.default\">\n\t\t\t\t<div class=\"elementor-widget-container\">\n\t\t\t\t\t\t\t\t\t<div class=\"elementor-button-wrapper\">\n\t\t\t\t\t<a class=\"elementor-button elementor-button-link elementor-size-sm\" href=\"https:\/\/dev.suipa.ss-r.ch\/competition\/licences\/\">\n\t\t\t\t\t\t<span class=\"elementor-button-content-wrapper\">\n\t\t\t\t\t\t\t\t\t<span class=\"elementor-button-text\">\u00fanete ahora<\/span>\n\t\t\t\t\t<\/span>\n\t\t\t\t\t<\/a>\n\t\t\t\t<\/div>\n\t\t\t\t\t\t\t\t<\/div>\n\t\t\t\t<\/div>\n\t\t\t\t<\/div>\n\t\t<div class=\"elementor-element elementor-element-7654edbd e-con-full animated-fast e-flex elementor-invisible e-con e-child\" data-id=\"7654edbd\" data-element_type=\"container\" data-settings=\"{&quot;animation&quot;:&quot;fadeInUp&quot;,&quot;animation_delay&quot;:&quot;200&quot;}\">\n\t\t\t\t<div class=\"elementor-element elementor-element-76edc932 elementor-widget elementor-widget-image\" data-id=\"76edc932\" data-element_type=\"widget\" data-widget_type=\"image.default\">\n\t\t\t\t<div class=\"elementor-widget-container\">\n\t\t\t\t\t\t\t\t\t\t\t\t\t\t\t<img fetchpriority=\"high\" decoding=\"async\" width=\"1106\" height=\"1106\" src=\"https:\/\/swisspadel.ch\/wp-content\/uploads\/2024\/07\/M9-1_XL-04-1.jpg\" class=\"attachment-full size-full wp-image-14959\" alt=\"\" srcset=\"https:\/\/swisspadel.ch\/wp-content\/uploads\/2024\/07\/M9-1_XL-04-1.jpg 1106w, https:\/\/swisspadel.ch\/wp-content\/uploads\/2024\/07\/M9-1_XL-04-1-300x300.jpg 300w, https:\/\/swisspadel.ch\/wp-content\/uploads\/2024\/07\/M9-1_XL-04-1-1024x1024.jpg 1024w, https:\/\/swisspadel.ch\/wp-content\/uploads\/2024\/07\/M9-1_XL-04-1-150x150.jpg 150w, https:\/\/swisspadel.ch\/wp-content\/uploads\/2024\/07\/M9-1_XL-04-1-768x768.jpg 768w, https:\/\/swisspadel.ch\/wp-content\/uploads\/2024\/07\/M9-1_XL-04-1-600x600.jpg 600w, https:\/\/swisspadel.ch\/wp-content\/uploads\/2024\/07\/M9-1_XL-04-1-100x100.jpg 100w\" sizes=\"(max-width: 1106px) 100vw, 1106px\" \/>\t\t\t\t\t\t\t\t\t\t\t\t\t\t\t<\/div>\n\t\t\t\t<\/div>\n\t\t\t\t<\/div>\n\t\t\t\t\t<\/div>\n\t\t\t\t<\/div>\n\t\t<div class=\"elementor-element elementor-element-330a44e7 e-flex e-con-boxed e-con e-parent\" data-id=\"330a44e7\" data-element_type=\"container\">\n\t\t\t\t\t<div class=\"e-con-inner\">\n\t\t<div class=\"elementor-element elementor-element-31cb9fb4 e-con-full animated-fast e-flex elementor-invisible e-con e-child\" data-id=\"31cb9fb4\" data-element_type=\"container\" data-settings=\"{&quot;animation&quot;:&quot;fadeInUp&quot;,&quot;animation_delay&quot;:&quot;200&quot;}\">\n\t\t\t\t<div class=\"elementor-element elementor-element-748dd3b9 elementor-widget elementor-widget-image\" data-id=\"748dd3b9\" data-element_type=\"widget\" data-widget_type=\"image.default\">\n\t\t\t\t<div class=\"elementor-widget-container\">\n\t\t\t\t\t\t\t\t\t\t\t\t\t\t\t<img decoding=\"async\" width=\"2500\" height=\"1667\" src=\"https:\/\/swisspadel.ch\/wp-content\/uploads\/2024\/07\/swisspadel_unsp__0004_vincenzo-morelli-aYTK2HNocNw-unsplash-1.jpg\" class=\"attachment-full size-full wp-image-23708\" alt=\"\" srcset=\"https:\/\/swisspadel.ch\/wp-content\/uploads\/2024\/07\/swisspadel_unsp__0004_vincenzo-morelli-aYTK2HNocNw-unsplash-1.jpg 2500w, https:\/\/swisspadel.ch\/wp-content\/uploads\/2024\/07\/swisspadel_unsp__0004_vincenzo-morelli-aYTK2HNocNw-unsplash-1-300x200.jpg 300w, https:\/\/swisspadel.ch\/wp-content\/uploads\/2024\/07\/swisspadel_unsp__0004_vincenzo-morelli-aYTK2HNocNw-unsplash-1-1024x683.jpg 1024w, https:\/\/swisspadel.ch\/wp-content\/uploads\/2024\/07\/swisspadel_unsp__0004_vincenzo-morelli-aYTK2HNocNw-unsplash-1-768x512.jpg 768w, https:\/\/swisspadel.ch\/wp-content\/uploads\/2024\/07\/swisspadel_unsp__0004_vincenzo-morelli-aYTK2HNocNw-unsplash-1-1536x1024.jpg 1536w, https:\/\/swisspadel.ch\/wp-content\/uploads\/2024\/07\/swisspadel_unsp__0004_vincenzo-morelli-aYTK2HNocNw-unsplash-1-2048x1366.jpg 2048w, https:\/\/swisspadel.ch\/wp-content\/uploads\/2024\/07\/swisspadel_unsp__0004_vincenzo-morelli-aYTK2HNocNw-unsplash-1-600x400.jpg 600w\" sizes=\"(max-width: 2500px) 100vw, 2500px\" \/>\t\t\t\t\t\t\t\t\t\t\t\t\t\t\t<\/div>\n\t\t\t\t<\/div>\n\t\t\t\t<\/div>\n\t\t<div class=\"elementor-element elementor-element-16dc1fb4 e-con-full animated-fast e-flex elementor-invisible e-con e-child\" data-id=\"16dc1fb4\" data-element_type=\"container\" data-settings=\"{&quot;animation&quot;:&quot;fadeInUp&quot;,&quot;animation_delay&quot;:&quot;400&quot;}\">\n\t\t\t\t<div class=\"elementor-element elementor-element-4f742f4b elementor-widget elementor-widget-heading\" data-id=\"4f742f4b\" data-element_type=\"widget\" data-widget_type=\"heading.default\">\n\t\t\t\t<div class=\"elementor-widget-container\">\n\t\t\t\t\t<h2 class=\"elementor-heading-title elementor-size-default\">Promoci\u00f3n del desarrollo del deporte por la asociaci\u00f3n<\/h2>\t\t\t\t<\/div>\n\t\t\t\t<\/div>\n\t\t\t\t<div class=\"elementor-element elementor-element-3ca1b35b elementor-widget elementor-widget-text-editor\" data-id=\"3ca1b35b\" data-element_type=\"widget\" data-widget_type=\"text-editor.default\">\n\t\t\t\t<div class=\"elementor-widget-container\">\n\t\t\t\t\t\t\t\t\t<p>La Asociaci\u00f3n Suiza de P\u00e1del participa activamente en la promoci\u00f3n y el desarrollo del deporte del p\u00e1del. Mediante la organizaci\u00f3n de torneos, cursos de formaci\u00f3n y talleres y el suministro de informaci\u00f3n y recursos, la asociaci\u00f3n apoya a jugadores, entrenadores, clubes y asociaciones. <\/p>\t\t\t\t\t\t\t\t<\/div>\n\t\t\t\t<\/div>\n\t\t\t\t<div class=\"elementor-element elementor-element-34663561 elementor-widget elementor-widget-button\" data-id=\"34663561\" data-element_type=\"widget\" data-widget_type=\"button.default\">\n\t\t\t\t<div class=\"elementor-widget-container\">\n\t\t\t\t\t\t\t\t\t<div class=\"elementor-button-wrapper\">\n\t\t\t\t\t<a class=\"elementor-button elementor-button-link elementor-size-sm\" href=\"https:\/\/dev.suipa.ss-r.ch\/education\/\">\n\t\t\t\t\t\t<span class=\"elementor-button-content-wrapper\">\n\t\t\t\t\t\t\t\t\t<span class=\"elementor-button-text\">saber m\u00e1s<\/span>\n\t\t\t\t\t<\/span>\n\t\t\t\t\t<\/a>\n\t\t\t\t<\/div>\n\t\t\t\t\t\t\t\t<\/div>\n\t\t\t\t<\/div>\n\t\t\t\t<\/div>\n\t\t\t\t\t<\/div>\n\t\t\t\t<\/div>\n\t\t<div class=\"elementor-element elementor-element-147ae5b2 e-flex e-con-boxed e-con e-parent\" data-id=\"147ae5b2\" data-element_type=\"container\">\n\t\t\t\t\t<div class=\"e-con-inner\">\n\t\t<div class=\"elementor-element elementor-element-3c2c813a e-con-full animated-fast e-flex elementor-invisible e-con e-child\" data-id=\"3c2c813a\" data-element_type=\"container\" data-settings=\"{&quot;animation&quot;:&quot;fadeInUp&quot;,&quot;animation_delay&quot;:&quot;400&quot;}\">\n\t\t\t\t<div class=\"elementor-element elementor-element-cbaade9 elementor-widget elementor-widget-heading\" data-id=\"cbaade9\" data-element_type=\"widget\" data-widget_type=\"heading.default\">\n\t\t\t\t<div class=\"elementor-widget-container\">\n\t\t\t\t\t<h2 class=\"elementor-heading-title elementor-size-default\">Futuro inclusivo: p\u00e1del para todos<\/h2>\t\t\t\t<\/div>\n\t\t\t\t<\/div>\n\t\t\t\t<div class=\"elementor-element elementor-element-2808dced elementor-widget elementor-widget-text-editor\" data-id=\"2808dced\" data-element_type=\"widget\" data-widget_type=\"text-editor.default\">\n\t\t\t\t<div class=\"elementor-widget-container\">\n\t\t\t\t\t\t\t\t\t<p>Otro foco de atenci\u00f3n que est\u00e1 en proyecto se refiere a los deportes para discapacitados. Tenemos previsto desarrollar programas integradores y facilitar el acceso de las personas con discapacidad a los deportes de p\u00e1del. A trav\u00e9s de programas especialmente adaptados y de la cooperaci\u00f3n con las organizaciones pertinentes, queremos garantizar que el p\u00e1del sea accesible y que todo el mundo pueda practicarlo. Esta iniciativa es una parte importante de nuestra visi\u00f3n de establecer el p\u00e1del como un deporte para todos.   <\/p>\t\t\t\t\t\t\t\t<\/div>\n\t\t\t\t<\/div>\n\t\t\t\t<\/div>\n\t\t\t\t\t<\/div>\n\t\t\t\t<\/div>\n\t\t\t\t<\/div>\n\t\t","protected":false},"excerpt":{"rendered":"<p>M\u00e1s informaci\u00f3n sobre la visi\u00f3n de la asociaci\u00f3n<\/p>\n","protected":false},"author":1,"featured_media":23872,"parent":23894,"menu_order":0,"comment_status":"closed","ping_status":"open","template":"","meta":{"_acf_changed":false,"footnotes":""},"class_list":["post-23871","page","type-page","status-publish","has-post-thumbnail","hentry"],"acf":[],"_links":{"self":[{"href":"https:\/\/swisspadel.ch\/es\/wp-json\/wp\/v2\/pages\/23871","targetHints":{"allow":["GET"]}}],"collection":[{"href":"https:\/\/swisspadel.ch\/es\/wp-json\/wp\/v2\/pages"}],"about":[{"href":"https:\/\/swisspadel.ch\/es\/wp-json\/wp\/v2\/types\/page"}],"author":[{"embeddable":true,"href":"https:\/\/swisspadel.ch\/es\/wp-json\/wp\/v2\/users\/1"}],"replies":[{"embeddable":true,"href":"https:\/\/swisspadel.ch\/es\/wp-json\/wp\/v2\/comments?post=23871"}],"version-history":[{"count":2,"href":"https:\/\/swisspadel.ch\/es\/wp-json\/wp\/v2\/pages\/23871\/revisions"}],"predecessor-version":[{"id":26527,"href":"https:\/\/swisspadel.ch\/es\/wp-json\/wp\/v2\/pages\/23871\/revisions\/26527"}],"up":[{"embeddable":true,"href":"https:\/\/swisspadel.ch\/es\/wp-json\/wp\/v2\/pages\/23894"}],"wp:featuredmedia":[{"embeddable":true,"href":"https:\/\/swisspadel.ch\/es\/wp-json\/wp\/v2\/media\/23872"}],"wp:attachment":[{"href":"https:\/\/swisspadel.ch\/es\/wp-json\/wp\/v2\/media?parent=23871"}],"curies":[{"name":"wp","href":"https:\/\/api.w.org\/{rel}","templated":true}]}}