{"id":24178,"date":"2024-07-19T19:10:58","date_gmt":"2024-07-19T19:10:58","guid":{"rendered":"https:\/\/swisspadel.ch\/competition\/nationalteam\/"},"modified":"2025-06-13T13:24:47","modified_gmt":"2025-06-13T13:24:47","slug":"nationalteam","status":"publish","type":"page","link":"https:\/\/swisspadel.ch\/es\/competition\/nationalteam\/","title":{"rendered":"Equipo nacional"},"content":{"rendered":"\t\t<div data-elementor-type=\"wp-page\" data-elementor-id=\"24178\" class=\"elementor elementor-24178 elementor-14923\" data-elementor-post-type=\"page\">\n\t\t\t\t<div class=\"elementor-element elementor-element-47540911 e-flex e-con-boxed e-con e-parent\" data-id=\"47540911\" data-element_type=\"container\">\n\t\t\t\t\t<div class=\"e-con-inner\">\n\t\t\t\t<div class=\"elementor-element elementor-element-1d62065f elementor-widget elementor-widget-template\" data-id=\"1d62065f\" data-element_type=\"widget\" data-widget_type=\"template.default\">\n\t\t\t\t<div class=\"elementor-widget-container\">\n\t\t\t\t\t\t\t<div class=\"elementor-template\">\n\t\t\t\t\t<div data-elementor-type=\"container\" data-elementor-id=\"14753\" class=\"elementor elementor-14753\" data-elementor-post-type=\"elementor_library\">\n\t\t\t\t<div class=\"elementor-element elementor-element-257480bf e-con-full e-flex e-con e-parent\" data-id=\"257480bf\" data-element_type=\"container\" data-settings=\"{&quot;background_background&quot;:&quot;classic&quot;}\">\n\t\t<div class=\"elementor-element elementor-element-a9fa854 e-flex e-con-boxed e-con e-child\" data-id=\"a9fa854\" data-element_type=\"container\">\n\t\t\t\t\t<div class=\"e-con-inner\">\n\t\t\t\t<div class=\"elementor-element elementor-element-61ba23ed animated-fast elementor-invisible elementor-widget elementor-widget-heading\" data-id=\"61ba23ed\" data-element_type=\"widget\" data-settings=\"{&quot;_animation&quot;:&quot;fadeInUp&quot;,&quot;_animation_delay&quot;:1050}\" data-widget_type=\"heading.default\">\n\t\t\t\t<div class=\"elementor-widget-container\">\n\t\t\t\t\t<h5 class=\"elementor-heading-title elementor-size-default\">Los mejores jugadores para representar a nuestro pa\u00eds.<\/h5>\t\t\t\t<\/div>\n\t\t\t\t<\/div>\n\t\t\t\t\t<\/div>\n\t\t\t\t<\/div>\n\t\t\t\t<\/div>\n\t\t\t\t<\/div>\n\t\t\t\t<\/div>\n\t\t\t\t\t\t<\/div>\n\t\t\t\t<\/div>\n\t\t\t\t\t<\/div>\n\t\t\t\t<\/div>\n\t\t<div class=\"elementor-element elementor-element-52083372 e-flex e-con-boxed e-con e-parent\" data-id=\"52083372\" data-element_type=\"container\">\n\t\t\t\t\t<div class=\"e-con-inner\">\n\t\t<div class=\"elementor-element elementor-element-47150621 e-con-full animated-fast e-flex elementor-invisible e-con e-child\" data-id=\"47150621\" data-element_type=\"container\" data-settings=\"{&quot;animation&quot;:&quot;fadeInUp&quot;,&quot;animation_delay&quot;:&quot;400&quot;}\">\n\t\t\t\t<div class=\"elementor-element elementor-element-481bf9d7 elementor-widget elementor-widget-heading\" data-id=\"481bf9d7\" data-element_type=\"widget\" data-widget_type=\"heading.default\">\n\t\t\t\t<div class=\"elementor-widget-container\">\n\t\t\t\t\t<h2 class=\"elementor-heading-title elementor-size-default\">Historia, \u00e9xitos y misi\u00f3n<\/h2>\t\t\t\t<\/div>\n\t\t\t\t<\/div>\n\t\t\t\t<div class=\"elementor-element elementor-element-14a6188f elementor-widget elementor-widget-text-editor\" data-id=\"14a6188f\" data-element_type=\"widget\" data-widget_type=\"text-editor.default\">\n\t\t\t\t<div class=\"elementor-widget-container\">\n\t\t\t\t\t\t\t\t\t<p>El equipo nacional de la Asociaci\u00f3n Suiza de P\u00e1del tiene una rica historia, llena de \u00e9xitos y una misi\u00f3n clara. Desde la fundaci\u00f3n de la asociaci\u00f3n, el equipo ha trabajado duro para promover el deporte del p\u00e1del en Suiza y competir a nivel internacional. Con un equipo dedicado de jugadores y entrenadores, el equipo nacional se enorgullece de representar a Suiza en las competiciones de p\u00e1del.  <\/p>\t\t\t\t\t\t\t\t<\/div>\n\t\t\t\t<\/div>\n\t\t<div class=\"elementor-element elementor-element-6b363869 e-con-full animated-fast e-flex elementor-invisible e-con e-child\" data-id=\"6b363869\" data-element_type=\"container\" data-settings=\"{&quot;animation&quot;:&quot;fadeInUp&quot;,&quot;animation_delay&quot;:&quot;400&quot;}\">\n\t\t\t\t<div class=\"elementor-element elementor-element-1b8a0be8 elementor-mobile-align-center elementor-widget elementor-widget-button\" data-id=\"1b8a0be8\" data-element_type=\"widget\" data-widget_type=\"button.default\">\n\t\t\t\t<div class=\"elementor-widget-container\">\n\t\t\t\t\t\t\t\t\t<div class=\"elementor-button-wrapper\">\n\t\t\t\t\t<a class=\"elementor-button elementor-button-link elementor-size-sm\" href=\"#Nationalteam-Herren\">\n\t\t\t\t\t\t<span class=\"elementor-button-content-wrapper\">\n\t\t\t\t\t\t<span class=\"elementor-button-icon\">\n\t\t\t\t<svg aria-hidden=\"true\" class=\"e-font-icon-svg e-fas-arrow-down\" viewBox=\"0 0 448 512\" xmlns=\"http:\/\/www.w3.org\/2000\/svg\"><path d=\"M413.1 222.5l22.2 22.2c9.4 9.4 9.4 24.6 0 33.9L241 473c-9.4 9.4-24.6 9.4-33.9 0L12.7 278.6c-9.4-9.4-9.4-24.6 0-33.9l22.2-22.2c9.5-9.5 25-9.3 34.3.4L184 343.4V56c0-13.3 10.7-24 24-24h32c13.3 0 24 10.7 24 24v287.4l114.8-120.5c9.3-9.8 24.8-10 34.3-.4z\"><\/path><\/svg>\t\t\t<\/span>\n\t\t\t\t\t\t\t\t\t<span class=\"elementor-button-text\">al equipo masculino<\/span>\n\t\t\t\t\t<\/span>\n\t\t\t\t\t<\/a>\n\t\t\t\t<\/div>\n\t\t\t\t\t\t\t\t<\/div>\n\t\t\t\t<\/div>\n\t\t\t\t<div class=\"elementor-element elementor-element-6dedef59 elementor-mobile-align-center elementor-widget elementor-widget-button\" data-id=\"6dedef59\" data-element_type=\"widget\" data-widget_type=\"button.default\">\n\t\t\t\t<div class=\"elementor-widget-container\">\n\t\t\t\t\t\t\t\t\t<div class=\"elementor-button-wrapper\">\n\t\t\t\t\t<a class=\"elementor-button elementor-button-link elementor-size-sm\" href=\"#Nationalteam-Damen\">\n\t\t\t\t\t\t<span class=\"elementor-button-content-wrapper\">\n\t\t\t\t\t\t<span class=\"elementor-button-icon\">\n\t\t\t\t<svg aria-hidden=\"true\" class=\"e-font-icon-svg e-fas-arrow-down\" viewBox=\"0 0 448 512\" xmlns=\"http:\/\/www.w3.org\/2000\/svg\"><path d=\"M413.1 222.5l22.2 22.2c9.4 9.4 9.4 24.6 0 33.9L241 473c-9.4 9.4-24.6 9.4-33.9 0L12.7 278.6c-9.4-9.4-9.4-24.6 0-33.9l22.2-22.2c9.5-9.5 25-9.3 34.3.4L184 343.4V56c0-13.3 10.7-24 24-24h32c13.3 0 24 10.7 24 24v287.4l114.8-120.5c9.3-9.8 24.8-10 34.3-.4z\"><\/path><\/svg>\t\t\t<\/span>\n\t\t\t\t\t\t\t\t\t<span class=\"elementor-button-text\">al equipo femenino<\/span>\n\t\t\t\t\t<\/span>\n\t\t\t\t\t<\/a>\n\t\t\t\t<\/div>\n\t\t\t\t\t\t\t\t<\/div>\n\t\t\t\t<\/div>\n\t\t\t\t<\/div>\n\t\t<div class=\"elementor-element elementor-element-2ea9752c e-con-full animated-fast e-flex elementor-invisible e-con e-child\" data-id=\"2ea9752c\" data-element_type=\"container\" data-settings=\"{&quot;animation&quot;:&quot;fadeInUp&quot;,&quot;animation_delay&quot;:&quot;400&quot;}\">\n\t\t\t\t<div class=\"elementor-element elementor-element-358efc20 elementor-mobile-align-center elementor-widget elementor-widget-button\" data-id=\"358efc20\" data-element_type=\"widget\" data-widget_type=\"button.default\">\n\t\t\t\t<div class=\"elementor-widget-container\">\n\t\t\t\t\t\t\t\t\t<div class=\"elementor-button-wrapper\">\n\t\t\t\t\t<a class=\"elementor-button elementor-button-link elementor-size-sm\" href=\"#Archiv\">\n\t\t\t\t\t\t<span class=\"elementor-button-content-wrapper\">\n\t\t\t\t\t\t<span class=\"elementor-button-icon\">\n\t\t\t\t<svg aria-hidden=\"true\" class=\"e-font-icon-svg e-fas-arrow-down\" viewBox=\"0 0 448 512\" xmlns=\"http:\/\/www.w3.org\/2000\/svg\"><path d=\"M413.1 222.5l22.2 22.2c9.4 9.4 9.4 24.6 0 33.9L241 473c-9.4 9.4-24.6 9.4-33.9 0L12.7 278.6c-9.4-9.4-9.4-24.6 0-33.9l22.2-22.2c9.5-9.5 25-9.3 34.3.4L184 343.4V56c0-13.3 10.7-24 24-24h32c13.3 0 24 10.7 24 24v287.4l114.8-120.5c9.3-9.8 24.8-10 34.3-.4z\"><\/path><\/svg>\t\t\t<\/span>\n\t\t\t\t\t\t\t\t\t<span class=\"elementor-button-text\">al archivo<\/span>\n\t\t\t\t\t<\/span>\n\t\t\t\t\t<\/a>\n\t\t\t\t<\/div>\n\t\t\t\t\t\t\t\t<\/div>\n\t\t\t\t<\/div>\n\t\t\t\t<\/div>\n\t\t\t\t<\/div>\n\t\t<div class=\"elementor-element elementor-element-5269c83 e-con-full animated-fast e-flex elementor-invisible e-con e-child\" data-id=\"5269c83\" data-element_type=\"container\" data-settings=\"{&quot;animation&quot;:&quot;fadeInUp&quot;,&quot;animation_delay&quot;:&quot;200&quot;}\">\n\t\t\t\t<div class=\"elementor-element elementor-element-680c163a elementor-widget elementor-widget-image\" data-id=\"680c163a\" data-element_type=\"widget\" data-widget_type=\"image.default\">\n\t\t\t\t<div class=\"elementor-widget-container\">\n\t\t\t\t\t\t\t\t\t\t\t\t\t\t\t<img fetchpriority=\"high\" decoding=\"async\" width=\"1786\" height=\"2500\" src=\"https:\/\/swisspadel.ch\/wp-content\/uploads\/2024\/07\/padel_cupra_action_hres-7061_hoch-1.jpg\" class=\"attachment-full size-full wp-image-14625\" alt=\"\" srcset=\"https:\/\/swisspadel.ch\/wp-content\/uploads\/2024\/07\/padel_cupra_action_hres-7061_hoch-1.jpg 1786w, https:\/\/swisspadel.ch\/wp-content\/uploads\/2024\/07\/padel_cupra_action_hres-7061_hoch-1-214x300.jpg 214w, https:\/\/swisspadel.ch\/wp-content\/uploads\/2024\/07\/padel_cupra_action_hres-7061_hoch-1-732x1024.jpg 732w, https:\/\/swisspadel.ch\/wp-content\/uploads\/2024\/07\/padel_cupra_action_hres-7061_hoch-1-768x1075.jpg 768w, https:\/\/swisspadel.ch\/wp-content\/uploads\/2024\/07\/padel_cupra_action_hres-7061_hoch-1-1097x1536.jpg 1097w, https:\/\/swisspadel.ch\/wp-content\/uploads\/2024\/07\/padel_cupra_action_hres-7061_hoch-1-1463x2048.jpg 1463w, https:\/\/swisspadel.ch\/wp-content\/uploads\/2024\/07\/padel_cupra_action_hres-7061_hoch-1-600x840.jpg 600w\" sizes=\"(max-width: 1786px) 100vw, 1786px\" \/>\t\t\t\t\t\t\t\t\t\t\t\t\t\t\t<\/div>\n\t\t\t\t<\/div>\n\t\t\t\t<\/div>\n\t\t\t\t\t<\/div>\n\t\t\t\t<\/div>\n\t\t<div class=\"elementor-element elementor-element-2cd8747e e-con-full e-flex e-con e-parent\" data-id=\"2cd8747e\" data-element_type=\"container\">\n\t\t<div class=\"elementor-element elementor-element-64a39c9 e-con-full e-flex e-con e-child\" data-id=\"64a39c9\" data-element_type=\"container\">\n\t\t\t\t<div class=\"elementor-element elementor-element-495787a2 animated-fast elementor-invisible elementor-widget elementor-widget-heading\" data-id=\"495787a2\" data-element_type=\"widget\" data-settings=\"{&quot;_animation&quot;:&quot;fadeInUp&quot;,&quot;_animation_delay&quot;:&quot;200&quot;}\" data-widget_type=\"heading.default\">\n\t\t\t\t<div class=\"elementor-widget-container\">\n\t\t\t\t\t<p class=\"elementor-heading-title elementor-size-default\">Actividades actuales<\/p>\t\t\t\t<\/div>\n\t\t\t\t<\/div>\n\t\t\t\t<div class=\"elementor-element elementor-element-6fe0aa8e animated-fast elementor-invisible elementor-widget elementor-widget-heading\" data-id=\"6fe0aa8e\" data-element_type=\"widget\" data-settings=\"{&quot;_animation&quot;:&quot;fadeInUp&quot;,&quot;_animation_delay&quot;:&quot;500&quot;}\" data-widget_type=\"heading.default\">\n\t\t\t\t<div class=\"elementor-widget-container\">\n\t\t\t\t\t<h2 class=\"elementor-heading-title elementor-size-default\">Programa<\/h2>\t\t\t\t<\/div>\n\t\t\t\t<\/div>\n\t\t\t\t<div class=\"elementor-element elementor-element-544b276e animated-fast elementor-invisible elementor-widget elementor-widget-heading\" data-id=\"544b276e\" data-element_type=\"widget\" data-settings=\"{&quot;_animation&quot;:&quot;fadeInUp&quot;,&quot;_animation_delay&quot;:&quot;200&quot;}\" data-widget_type=\"heading.default\">\n\t\t\t\t<div class=\"elementor-widget-container\">\n\t\t\t\t\t<p class=\"elementor-heading-title elementor-size-default\">El calendario de las selecciones nacionales suizas de p\u00e1del CUPRA: entrenamientos, torneos y preparaci\u00f3n estrat\u00e9gica para rendir al m\u00e1ximo.<\/p>\t\t\t\t<\/div>\n\t\t\t\t<\/div>\n\t\t\t\t<\/div>\n\t\t<div class=\"elementor-element elementor-element-e735bbb e-con-full e-flex e-con e-child\" data-id=\"e735bbb\" data-element_type=\"container\">\n\t\t<div class=\"elementor-element elementor-element-22f19899 e-con-full animated-fast e-flex elementor-invisible e-con e-child\" data-id=\"22f19899\" data-element_type=\"container\" data-settings=\"{&quot;background_background&quot;:&quot;classic&quot;,&quot;animation&quot;:&quot;fadeInUp&quot;}\">\n\t\t<div class=\"elementor-element elementor-element-5b5ad96d e-con-full e-flex e-con e-child\" data-id=\"5b5ad96d\" data-element_type=\"container\">\n\t\t\t\t<div class=\"elementor-element elementor-element-7bfdabc8 elementor-widget elementor-widget-image\" data-id=\"7bfdabc8\" data-element_type=\"widget\" data-widget_type=\"image.default\">\n\t\t\t\t<div class=\"elementor-widget-container\">\n\t\t\t\t\t\t\t\t\t\t\t\t\t\t\t<img decoding=\"async\" width=\"724\" height=\"1024\" src=\"https:\/\/swisspadel.ch\/wp-content\/uploads\/2024\/07\/fip_european_championship_2024-1.jpeg\" class=\"attachment-large size-large wp-image-14924\" alt=\"\" srcset=\"https:\/\/swisspadel.ch\/wp-content\/uploads\/2024\/07\/fip_european_championship_2024-1.jpeg 724w, https:\/\/swisspadel.ch\/wp-content\/uploads\/2024\/07\/fip_european_championship_2024-1-212x300.jpeg 212w, https:\/\/swisspadel.ch\/wp-content\/uploads\/2024\/07\/fip_european_championship_2024-1-600x849.jpeg 600w\" sizes=\"(max-width: 724px) 100vw, 724px\" \/>\t\t\t\t\t\t\t\t\t\t\t\t\t\t\t<\/div>\n\t\t\t\t<\/div>\n\t\t\t\t<\/div>\n\t\t<div class=\"elementor-element elementor-element-2a474188 e-con-full e-flex e-con e-child\" data-id=\"2a474188\" data-element_type=\"container\">\n\t\t\t\t<div class=\"elementor-element elementor-element-51ddbe05 animated-fast elementor-invisible elementor-widget elementor-widget-heading\" data-id=\"51ddbe05\" data-element_type=\"widget\" data-settings=\"{&quot;_animation&quot;:&quot;fadeInUp&quot;,&quot;_animation_delay&quot;:&quot;200&quot;}\" data-widget_type=\"heading.default\">\n\t\t\t\t<div class=\"elementor-widget-container\">\n\t\t\t\t\t<p class=\"elementor-heading-title elementor-size-default\">22 - 27 de julio de 2024<\/p>\t\t\t\t<\/div>\n\t\t\t\t<\/div>\n\t\t\t\t<div class=\"elementor-element elementor-element-7d8fefe3 elementor-widget elementor-widget-heading\" data-id=\"7d8fefe3\" data-element_type=\"widget\" data-widget_type=\"heading.default\">\n\t\t\t\t<div class=\"elementor-widget-container\">\n\t\t\t\t\t<h3 class=\"elementor-heading-title elementor-size-default\">Campeonatos de Europa de P\u00e1del de la FIP<\/h3>\t\t\t\t<\/div>\n\t\t\t\t<\/div>\n\t\t\t\t<div class=\"elementor-element elementor-element-39065499 animated-fast elementor-invisible elementor-widget elementor-widget-heading\" data-id=\"39065499\" data-element_type=\"widget\" data-settings=\"{&quot;_animation&quot;:&quot;fadeInUp&quot;,&quot;_animation_delay&quot;:&quot;200&quot;}\" data-widget_type=\"heading.default\">\n\t\t\t\t<div class=\"elementor-widget-container\">\n\t\t\t\t\t<p class=\"elementor-heading-title elementor-size-default\">Cagliari (Italia)<\/p>\t\t\t\t<\/div>\n\t\t\t\t<\/div>\n\t\t\t\t<div class=\"elementor-element elementor-element-e7b5e6b elementor-widget-divider--view-line elementor-widget elementor-widget-divider\" data-id=\"e7b5e6b\" data-element_type=\"widget\" data-widget_type=\"divider.default\">\n\t\t\t\t<div class=\"elementor-widget-container\">\n\t\t\t\t\t\t\t<div class=\"elementor-divider\">\n\t\t\t<span class=\"elementor-divider-separator\">\n\t\t\t\t\t\t<\/span>\n\t\t<\/div>\n\t\t\t\t\t\t<\/div>\n\t\t\t\t<\/div>\n\t\t\t\t<div class=\"elementor-element elementor-element-5d98167b animated-fast elementor-invisible elementor-widget elementor-widget-heading\" data-id=\"5d98167b\" data-element_type=\"widget\" data-settings=\"{&quot;_animation&quot;:&quot;fadeInUp&quot;,&quot;_animation_delay&quot;:&quot;200&quot;}\" data-widget_type=\"heading.default\">\n\t\t\t\t<div class=\"elementor-widget-container\">\n\t\t\t\t\t<p class=\"elementor-heading-title elementor-size-default\">Los Campeonatos de Europa de P\u00e1del de la FIP: Donde nacen los campeones y se hace historia.<\/p>\t\t\t\t<\/div>\n\t\t\t\t<\/div>\n\t\t<div class=\"elementor-element elementor-element-494acdc7 e-con-full animated-fast e-flex elementor-invisible e-con e-child\" data-id=\"494acdc7\" data-element_type=\"container\" data-settings=\"{&quot;animation&quot;:&quot;fadeInUp&quot;,&quot;animation_delay&quot;:&quot;400&quot;}\">\n\t\t\t\t<div class=\"elementor-element elementor-element-141728a8 elementor-mobile-align-left elementor-widget elementor-widget-button\" data-id=\"141728a8\" data-element_type=\"widget\" data-widget_type=\"button.default\">\n\t\t\t\t<div class=\"elementor-widget-container\">\n\t\t\t\t\t\t\t\t\t<div class=\"elementor-button-wrapper\">\n\t\t\t\t\t<a class=\"elementor-button elementor-button-link elementor-size-sm\" href=\"https:\/\/www.fitp.it\/Federazione\/News\/Padel\/european-padel-championships-cagliari\">\n\t\t\t\t\t\t<span class=\"elementor-button-content-wrapper\">\n\t\t\t\t\t\t\t\t\t<span class=\"elementor-button-text\">Informaci\u00f3n<\/span>\n\t\t\t\t\t<\/span>\n\t\t\t\t\t<\/a>\n\t\t\t\t<\/div>\n\t\t\t\t\t\t\t\t<\/div>\n\t\t\t\t<\/div>\n\t\t\t\t<\/div>\n\t\t\t\t<\/div>\n\t\t\t\t<\/div>\n\t\t<div class=\"elementor-element elementor-element-393ffe21 e-con-full animated-fast e-flex elementor-invisible e-con e-child\" data-id=\"393ffe21\" data-element_type=\"container\" data-settings=\"{&quot;background_background&quot;:&quot;classic&quot;,&quot;animation&quot;:&quot;fadeInUp&quot;}\">\n\t\t<div class=\"elementor-element elementor-element-5ffced36 e-con-full e-flex e-con e-child\" data-id=\"5ffced36\" data-element_type=\"container\">\n\t\t\t\t<div class=\"elementor-element elementor-element-46a4f91 elementor-widget elementor-widget-image\" data-id=\"46a4f91\" data-element_type=\"widget\" data-widget_type=\"image.default\">\n\t\t\t\t<div class=\"elementor-widget-container\">\n\t\t\t\t\t\t\t\t\t\t\t\t\t\t\t<img decoding=\"async\" width=\"724\" height=\"1024\" src=\"https:\/\/swisspadel.ch\/wp-content\/uploads\/2024\/07\/fip_juniors_european_championship_2024-1-1.jpg\" class=\"attachment-large size-large wp-image-14925\" alt=\"\" srcset=\"https:\/\/swisspadel.ch\/wp-content\/uploads\/2024\/07\/fip_juniors_european_championship_2024-1-1.jpg 724w, https:\/\/swisspadel.ch\/wp-content\/uploads\/2024\/07\/fip_juniors_european_championship_2024-1-1-212x300.jpg 212w, https:\/\/swisspadel.ch\/wp-content\/uploads\/2024\/07\/fip_juniors_european_championship_2024-1-1-600x849.jpg 600w\" sizes=\"(max-width: 724px) 100vw, 724px\" \/>\t\t\t\t\t\t\t\t\t\t\t\t\t\t\t<\/div>\n\t\t\t\t<\/div>\n\t\t\t\t<\/div>\n\t\t<div class=\"elementor-element elementor-element-54b2b2dc e-con-full e-flex e-con e-child\" data-id=\"54b2b2dc\" data-element_type=\"container\">\n\t\t\t\t<div class=\"elementor-element elementor-element-671dea96 animated-fast elementor-invisible elementor-widget elementor-widget-heading\" data-id=\"671dea96\" data-element_type=\"widget\" data-settings=\"{&quot;_animation&quot;:&quot;fadeInUp&quot;,&quot;_animation_delay&quot;:&quot;200&quot;}\" data-widget_type=\"heading.default\">\n\t\t\t\t<div class=\"elementor-widget-container\">\n\t\t\t\t\t<p class=\"elementor-heading-title elementor-size-default\">2 - 9 de septiembre de 2024<\/p>\t\t\t\t<\/div>\n\t\t\t\t<\/div>\n\t\t\t\t<div class=\"elementor-element elementor-element-7385745e elementor-widget elementor-widget-heading\" data-id=\"7385745e\" data-element_type=\"widget\" data-widget_type=\"heading.default\">\n\t\t\t\t<div class=\"elementor-widget-container\">\n\t\t\t\t\t<h3 class=\"elementor-heading-title elementor-size-default\">Campeonato de Europa de Padel FIP Juniors  <\/h3>\t\t\t\t<\/div>\n\t\t\t\t<\/div>\n\t\t\t\t<div class=\"elementor-element elementor-element-29516b5e animated-fast elementor-invisible elementor-widget elementor-widget-heading\" data-id=\"29516b5e\" data-element_type=\"widget\" data-settings=\"{&quot;_animation&quot;:&quot;fadeInUp&quot;,&quot;_animation_delay&quot;:&quot;200&quot;}\" data-widget_type=\"heading.default\">\n\t\t\t\t<div class=\"elementor-widget-container\">\n\t\t\t\t\t<p class=\"elementor-heading-title elementor-size-default\">Budapest (Hungr\u00eda)<\/p>\t\t\t\t<\/div>\n\t\t\t\t<\/div>\n\t\t\t\t<div class=\"elementor-element elementor-element-48befb3 animated-fast elementor-invisible elementor-widget elementor-widget-heading\" data-id=\"48befb3\" data-element_type=\"widget\" data-settings=\"{&quot;_animation&quot;:&quot;fadeInUp&quot;,&quot;_animation_delay&quot;:&quot;200&quot;}\" data-widget_type=\"heading.default\">\n\t\t\t\t<div class=\"elementor-widget-container\">\n\t\t\t\t\t<p class=\"elementor-heading-title elementor-size-default\">SUB14, SUB16, SUB18<\/p>\t\t\t\t<\/div>\n\t\t\t\t<\/div>\n\t\t\t\t<div class=\"elementor-element elementor-element-6d8be845 elementor-widget-divider--view-line elementor-widget elementor-widget-divider\" data-id=\"6d8be845\" data-element_type=\"widget\" data-widget_type=\"divider.default\">\n\t\t\t\t<div class=\"elementor-widget-container\">\n\t\t\t\t\t\t\t<div class=\"elementor-divider\">\n\t\t\t<span class=\"elementor-divider-separator\">\n\t\t\t\t\t\t<\/span>\n\t\t<\/div>\n\t\t\t\t\t\t<\/div>\n\t\t\t\t<\/div>\n\t\t\t\t<div class=\"elementor-element elementor-element-70a4db1e animated-fast elementor-invisible elementor-widget elementor-widget-heading\" data-id=\"70a4db1e\" data-element_type=\"widget\" data-settings=\"{&quot;_animation&quot;:&quot;fadeInUp&quot;,&quot;_animation_delay&quot;:&quot;200&quot;}\" data-widget_type=\"heading.default\">\n\t\t\t\t<div class=\"elementor-widget-container\">\n\t\t\t\t\t<p class=\"elementor-heading-title elementor-size-default\">Los Campeonatos de Europa de P\u00e1del FIP Juniors: donde los j\u00f3venes talentos dan sus primeros pasos en el gran escenario.<\/p>\t\t\t\t<\/div>\n\t\t\t\t<\/div>\n\t\t<div class=\"elementor-element elementor-element-74dbf59 e-con-full animated-fast e-flex elementor-invisible e-con e-child\" data-id=\"74dbf59\" data-element_type=\"container\" data-settings=\"{&quot;animation&quot;:&quot;fadeInUp&quot;,&quot;animation_delay&quot;:&quot;400&quot;}\">\n\t\t\t\t<div class=\"elementor-element elementor-element-6cb3cfa9 elementor-mobile-align-left elementor-widget elementor-widget-button\" data-id=\"6cb3cfa9\" data-element_type=\"widget\" data-widget_type=\"button.default\">\n\t\t\t\t<div class=\"elementor-widget-container\">\n\t\t\t\t\t\t\t\t\t<div class=\"elementor-button-wrapper\">\n\t\t\t\t\t<a class=\"elementor-button elementor-button-link elementor-size-sm\" href=\"https:\/\/www.padelfip.com\/events\/fip-juniors-european-padel-championships\/\">\n\t\t\t\t\t\t<span class=\"elementor-button-content-wrapper\">\n\t\t\t\t\t\t\t\t\t<span class=\"elementor-button-text\">Informaci\u00f3n<\/span>\n\t\t\t\t\t<\/span>\n\t\t\t\t\t<\/a>\n\t\t\t\t<\/div>\n\t\t\t\t\t\t\t\t<\/div>\n\t\t\t\t<\/div>\n\t\t\t\t<\/div>\n\t\t\t\t<\/div>\n\t\t\t\t<\/div>\n\t\t<div class=\"elementor-element elementor-element-7e49a1de e-con-full animated-fast e-flex elementor-invisible e-con e-child\" data-id=\"7e49a1de\" data-element_type=\"container\" data-settings=\"{&quot;background_background&quot;:&quot;classic&quot;,&quot;animation&quot;:&quot;fadeInUp&quot;}\">\n\t\t<div class=\"elementor-element elementor-element-54c4932c e-con-full e-flex e-con e-child\" data-id=\"54c4932c\" data-element_type=\"container\">\n\t\t\t\t<div class=\"elementor-element elementor-element-2dd9ff33 elementor-widget elementor-widget-image\" data-id=\"2dd9ff33\" data-element_type=\"widget\" data-widget_type=\"image.default\">\n\t\t\t\t<div class=\"elementor-widget-container\">\n\t\t\t\t\t\t\t\t\t\t\t\t\t\t\t<img loading=\"lazy\" decoding=\"async\" width=\"724\" height=\"1024\" src=\"https:\/\/swisspadel.ch\/wp-content\/uploads\/2024\/07\/fip_world_championship_2024-1-1.jpeg\" class=\"attachment-large size-large wp-image-14926\" alt=\"\" srcset=\"https:\/\/swisspadel.ch\/wp-content\/uploads\/2024\/07\/fip_world_championship_2024-1-1.jpeg 724w, https:\/\/swisspadel.ch\/wp-content\/uploads\/2024\/07\/fip_world_championship_2024-1-1-212x300.jpeg 212w, https:\/\/swisspadel.ch\/wp-content\/uploads\/2024\/07\/fip_world_championship_2024-1-1-600x849.jpeg 600w\" sizes=\"(max-width: 724px) 100vw, 724px\" \/>\t\t\t\t\t\t\t\t\t\t\t\t\t\t\t<\/div>\n\t\t\t\t<\/div>\n\t\t\t\t<\/div>\n\t\t<div class=\"elementor-element elementor-element-3ba72da8 e-con-full e-flex e-con e-child\" data-id=\"3ba72da8\" data-element_type=\"container\">\n\t\t\t\t<div class=\"elementor-element elementor-element-6a4b16ab animated-fast elementor-invisible elementor-widget elementor-widget-heading\" data-id=\"6a4b16ab\" data-element_type=\"widget\" data-settings=\"{&quot;_animation&quot;:&quot;fadeInUp&quot;,&quot;_animation_delay&quot;:&quot;200&quot;}\" data-widget_type=\"heading.default\">\n\t\t\t\t<div class=\"elementor-widget-container\">\n\t\t\t\t\t<p class=\"elementor-heading-title elementor-size-default\">28 de octubre - 2 de noviembre de 2024<\/p>\t\t\t\t<\/div>\n\t\t\t\t<\/div>\n\t\t\t\t<div class=\"elementor-element elementor-element-37801732 elementor-widget elementor-widget-heading\" data-id=\"37801732\" data-element_type=\"widget\" data-widget_type=\"heading.default\">\n\t\t\t\t<div class=\"elementor-widget-container\">\n\t\t\t\t\t<h3 class=\"elementor-heading-title elementor-size-default\">Campeonatos del Mundo de P\u00e1del FIP  <\/h3>\t\t\t\t<\/div>\n\t\t\t\t<\/div>\n\t\t\t\t<div class=\"elementor-element elementor-element-5391492f animated-fast elementor-invisible elementor-widget elementor-widget-heading\" data-id=\"5391492f\" data-element_type=\"widget\" data-settings=\"{&quot;_animation&quot;:&quot;fadeInUp&quot;,&quot;_animation_delay&quot;:&quot;200&quot;}\" data-widget_type=\"heading.default\">\n\t\t\t\t<div class=\"elementor-widget-container\">\n\t\t\t\t\t<p class=\"elementor-heading-title elementor-size-default\">Doha (Qatar)<\/p>\t\t\t\t<\/div>\n\t\t\t\t<\/div>\n\t\t\t\t<div class=\"elementor-element elementor-element-203ae68a elementor-widget-divider--view-line elementor-widget elementor-widget-divider\" data-id=\"203ae68a\" data-element_type=\"widget\" data-widget_type=\"divider.default\">\n\t\t\t\t<div class=\"elementor-widget-container\">\n\t\t\t\t\t\t\t<div class=\"elementor-divider\">\n\t\t\t<span class=\"elementor-divider-separator\">\n\t\t\t\t\t\t<\/span>\n\t\t<\/div>\n\t\t\t\t\t\t<\/div>\n\t\t\t\t<\/div>\n\t\t\t\t<div class=\"elementor-element elementor-element-7d266d02 animated-fast elementor-invisible elementor-widget elementor-widget-heading\" data-id=\"7d266d02\" data-element_type=\"widget\" data-settings=\"{&quot;_animation&quot;:&quot;fadeInUp&quot;,&quot;_animation_delay&quot;:&quot;200&quot;}\" data-widget_type=\"heading.default\">\n\t\t\t\t<div class=\"elementor-widget-container\">\n\t\t\t\t\t<p class=\"elementor-heading-title elementor-size-default\">Los Campeonatos del Mundo de P\u00e1del de la FIP: El torneo por excelencia donde se re\u00fanen los mejores jugadores del mundo.<\/p>\t\t\t\t<\/div>\n\t\t\t\t<\/div>\n\t\t<div class=\"elementor-element elementor-element-36f249f9 e-con-full animated-fast e-flex elementor-invisible e-con e-child\" data-id=\"36f249f9\" data-element_type=\"container\" data-settings=\"{&quot;animation&quot;:&quot;fadeInUp&quot;,&quot;animation_delay&quot;:&quot;400&quot;}\">\n\t\t\t\t<div class=\"elementor-element elementor-element-31f30aff elementor-mobile-align-left elementor-widget elementor-widget-button\" data-id=\"31f30aff\" data-element_type=\"widget\" data-widget_type=\"button.default\">\n\t\t\t\t<div class=\"elementor-widget-container\">\n\t\t\t\t\t\t\t\t\t<div class=\"elementor-button-wrapper\">\n\t\t\t\t\t<a class=\"elementor-button elementor-button-link elementor-size-sm\" href=\"https:\/\/www.padelfip.com\/events\/fip-world-padel-championships-qatar-2024\/\">\n\t\t\t\t\t\t<span class=\"elementor-button-content-wrapper\">\n\t\t\t\t\t\t\t\t\t<span class=\"elementor-button-text\">Informaci\u00f3n<\/span>\n\t\t\t\t\t<\/span>\n\t\t\t\t\t<\/a>\n\t\t\t\t<\/div>\n\t\t\t\t\t\t\t\t<\/div>\n\t\t\t\t<\/div>\n\t\t\t\t<\/div>\n\t\t\t\t<\/div>\n\t\t\t\t<\/div>\n\t\t\t\t<\/div>\n\t\t\t\t<\/div>\n\t\t<div class=\"elementor-element elementor-element-1d4aef64 e-con-full e-flex e-con e-parent\" data-id=\"1d4aef64\" data-element_type=\"container\">\n\t\t\t\t<div class=\"elementor-element elementor-element-20b0538e elementor-widget elementor-widget-menu-anchor\" data-id=\"20b0538e\" data-element_type=\"widget\" data-widget_type=\"menu-anchor.default\">\n\t\t\t\t<div class=\"elementor-widget-container\">\n\t\t\t\t\t\t\t<div class=\"elementor-menu-anchor\" id=\"Equiponacionalmasculino\"><\/div>\n\t\t\t\t\t\t<\/div>\n\t\t\t\t<\/div>\n\t\t<div class=\"elementor-element elementor-element-6361c52a e-con-full e-flex e-con e-child\" data-id=\"6361c52a\" data-element_type=\"container\">\n\t\t\t\t<div class=\"elementor-element elementor-element-12d3f8a9 animated-fast elementor-invisible elementor-widget elementor-widget-heading\" data-id=\"12d3f8a9\" data-element_type=\"widget\" data-settings=\"{&quot;_animation&quot;:&quot;fadeInUp&quot;,&quot;_animation_delay&quot;:&quot;200&quot;}\" data-widget_type=\"heading.default\">\n\t\t\t\t<div class=\"elementor-widget-container\">\n\t\t\t\t\t<p class=\"elementor-heading-title elementor-size-default\">Conoce a nuestro equipo nacional<\/p>\t\t\t\t<\/div>\n\t\t\t\t<\/div>\n\t\t\t\t<div class=\"elementor-element elementor-element-5f4a4a50 animated-fast elementor-invisible elementor-widget elementor-widget-heading\" data-id=\"5f4a4a50\" data-element_type=\"widget\" data-settings=\"{&quot;_animation&quot;:&quot;fadeInUp&quot;,&quot;_animation_delay&quot;:&quot;500&quot;}\" data-widget_type=\"heading.default\">\n\t\t\t\t<div class=\"elementor-widget-container\">\n\t\t\t\t\t<h2 class=\"elementor-heading-title elementor-size-default\">CUPRA Equipo Nacional Suizo de P\u00e1del Masculino<\/h2>\t\t\t\t<\/div>\n\t\t\t\t<\/div>\n\t\t\t\t<\/div>\n\t\t<div class=\"elementor-element elementor-element-5672a9a2 e-grid e-con-full e-con e-child\" data-id=\"5672a9a2\" data-element_type=\"container\">\n\t\t<div class=\"elementor-element elementor-element-2854b75e e-con-full animated-fast e-flex elementor-invisible e-con e-child\" data-id=\"2854b75e\" data-element_type=\"container\" data-settings=\"{&quot;animation&quot;:&quot;fadeInUp&quot;}\">\n\t\t\t\t<div class=\"elementor-element elementor-element-4e20458c elementor-widget elementor-widget-image\" data-id=\"4e20458c\" data-element_type=\"widget\" data-widget_type=\"image.default\">\n\t\t\t\t<div class=\"elementor-widget-container\">\n\t\t\t\t\t\t\t\t\t\t\t\t\t\t\t<img loading=\"lazy\" decoding=\"async\" width=\"683\" height=\"1024\" src=\"https:\/\/swisspadel.ch\/wp-content\/uploads\/2024\/07\/swisspadel_nationalteam_dylan_sessagesimi-1-683x1024.jpg\" class=\"attachment-large size-large wp-image-14927\" alt=\"\" srcset=\"https:\/\/swisspadel.ch\/wp-content\/uploads\/2024\/07\/swisspadel_nationalteam_dylan_sessagesimi-1-683x1024.jpg 683w, https:\/\/swisspadel.ch\/wp-content\/uploads\/2024\/07\/swisspadel_nationalteam_dylan_sessagesimi-1-200x300.jpg 200w, https:\/\/swisspadel.ch\/wp-content\/uploads\/2024\/07\/swisspadel_nationalteam_dylan_sessagesimi-1-768x1151.jpg 768w, https:\/\/swisspadel.ch\/wp-content\/uploads\/2024\/07\/swisspadel_nationalteam_dylan_sessagesimi-1-1025x1536.jpg 1025w, https:\/\/swisspadel.ch\/wp-content\/uploads\/2024\/07\/swisspadel_nationalteam_dylan_sessagesimi-1-600x900.jpg 600w, https:\/\/swisspadel.ch\/wp-content\/uploads\/2024\/07\/swisspadel_nationalteam_dylan_sessagesimi-1.jpg 1334w\" sizes=\"(max-width: 683px) 100vw, 683px\" \/>\t\t\t\t\t\t\t\t\t\t\t\t\t\t\t<\/div>\n\t\t\t\t<\/div>\n\t\t\t\t<div class=\"elementor-element elementor-element-14e6a784 elementor-widget elementor-widget-heading\" data-id=\"14e6a784\" data-element_type=\"widget\" data-widget_type=\"heading.default\">\n\t\t\t\t<div class=\"elementor-widget-container\">\n\t\t\t\t\t<h4 class=\"elementor-heading-title elementor-size-default\">Dylan Sessagesimi<\/h4>\t\t\t\t<\/div>\n\t\t\t\t<\/div>\n\t\t\t\t<div class=\"elementor-element elementor-element-6459c907 elementor-widget elementor-widget-text-editor\" data-id=\"6459c907\" data-element_type=\"widget\" data-widget_type=\"text-editor.default\">\n\t\t\t\t<div class=\"elementor-widget-container\">\n\t\t\t\t\t\t\t\t\t<p>Jugador<\/p>\t\t\t\t\t\t\t\t<\/div>\n\t\t\t\t<\/div>\n\t\t\t\t<\/div>\n\t\t<div class=\"elementor-element elementor-element-6046c46b e-con-full animated-fast e-flex elementor-invisible e-con e-child\" data-id=\"6046c46b\" data-element_type=\"container\" data-settings=\"{&quot;animation&quot;:&quot;fadeInUp&quot;,&quot;animation_delay&quot;:&quot;200&quot;}\">\n\t\t\t\t<div class=\"elementor-element elementor-element-4a2d22b6 elementor-widget elementor-widget-image\" data-id=\"4a2d22b6\" data-element_type=\"widget\" data-widget_type=\"image.default\">\n\t\t\t\t<div class=\"elementor-widget-container\">\n\t\t\t\t\t\t\t\t\t\t\t\t\t\t\t<img loading=\"lazy\" decoding=\"async\" width=\"683\" height=\"1024\" src=\"https:\/\/swisspadel.ch\/wp-content\/uploads\/2024\/07\/swisspadel_nationalteam_jonas_meinecke-1-683x1024.jpg\" class=\"attachment-large size-large wp-image-14928\" alt=\"\" srcset=\"https:\/\/swisspadel.ch\/wp-content\/uploads\/2024\/07\/swisspadel_nationalteam_jonas_meinecke-1-683x1024.jpg 683w, https:\/\/swisspadel.ch\/wp-content\/uploads\/2024\/07\/swisspadel_nationalteam_jonas_meinecke-1-200x300.jpg 200w, https:\/\/swisspadel.ch\/wp-content\/uploads\/2024\/07\/swisspadel_nationalteam_jonas_meinecke-1-768x1151.jpg 768w, https:\/\/swisspadel.ch\/wp-content\/uploads\/2024\/07\/swisspadel_nationalteam_jonas_meinecke-1-1025x1536.jpg 1025w, https:\/\/swisspadel.ch\/wp-content\/uploads\/2024\/07\/swisspadel_nationalteam_jonas_meinecke-1-600x900.jpg 600w, https:\/\/swisspadel.ch\/wp-content\/uploads\/2024\/07\/swisspadel_nationalteam_jonas_meinecke-1.jpg 1334w\" sizes=\"(max-width: 683px) 100vw, 683px\" \/>\t\t\t\t\t\t\t\t\t\t\t\t\t\t\t<\/div>\n\t\t\t\t<\/div>\n\t\t\t\t<div class=\"elementor-element elementor-element-92e2f93 elementor-widget elementor-widget-heading\" data-id=\"92e2f93\" data-element_type=\"widget\" data-widget_type=\"heading.default\">\n\t\t\t\t<div class=\"elementor-widget-container\">\n\t\t\t\t\t<h4 class=\"elementor-heading-title elementor-size-default\">Jonas Meinecke<\/h4>\t\t\t\t<\/div>\n\t\t\t\t<\/div>\n\t\t\t\t<div class=\"elementor-element elementor-element-2ee9a6c2 elementor-widget elementor-widget-text-editor\" data-id=\"2ee9a6c2\" data-element_type=\"widget\" data-widget_type=\"text-editor.default\">\n\t\t\t\t<div class=\"elementor-widget-container\">\n\t\t\t\t\t\t\t\t\t<p>Jugador<\/p>\t\t\t\t\t\t\t\t<\/div>\n\t\t\t\t<\/div>\n\t\t\t\t<\/div>\n\t\t<div class=\"elementor-element elementor-element-7574b2ef e-con-full animated-fast e-flex elementor-invisible e-con e-child\" data-id=\"7574b2ef\" data-element_type=\"container\" data-settings=\"{&quot;animation&quot;:&quot;fadeInUp&quot;,&quot;animation_delay&quot;:&quot;400&quot;}\">\n\t\t\t\t<div class=\"elementor-element elementor-element-4df6e8b4 elementor-widget elementor-widget-image\" data-id=\"4df6e8b4\" data-element_type=\"widget\" data-widget_type=\"image.default\">\n\t\t\t\t<div class=\"elementor-widget-container\">\n\t\t\t\t\t\t\t\t\t\t\t\t\t\t\t<img loading=\"lazy\" decoding=\"async\" width=\"683\" height=\"1024\" src=\"https:\/\/swisspadel.ch\/wp-content\/uploads\/2024\/07\/padel_cupra_gs_hres-5588-1-683x1024.jpg\" class=\"attachment-large size-large wp-image-14929\" alt=\"\" srcset=\"https:\/\/swisspadel.ch\/wp-content\/uploads\/2024\/07\/padel_cupra_gs_hres-5588-1-683x1024.jpg 683w, https:\/\/swisspadel.ch\/wp-content\/uploads\/2024\/07\/padel_cupra_gs_hres-5588-1-200x300.jpg 200w, https:\/\/swisspadel.ch\/wp-content\/uploads\/2024\/07\/padel_cupra_gs_hres-5588-1-768x1152.jpg 768w, https:\/\/swisspadel.ch\/wp-content\/uploads\/2024\/07\/padel_cupra_gs_hres-5588-1-600x900.jpg 600w, https:\/\/swisspadel.ch\/wp-content\/uploads\/2024\/07\/padel_cupra_gs_hres-5588-1.jpg 1000w\" sizes=\"(max-width: 683px) 100vw, 683px\" \/>\t\t\t\t\t\t\t\t\t\t\t\t\t\t\t<\/div>\n\t\t\t\t<\/div>\n\t\t\t\t<div class=\"elementor-element elementor-element-1fd1a1c7 elementor-widget elementor-widget-heading\" data-id=\"1fd1a1c7\" data-element_type=\"widget\" data-widget_type=\"heading.default\">\n\t\t\t\t<div class=\"elementor-widget-container\">\n\t\t\t\t\t<h4 class=\"elementor-heading-title elementor-size-default\">Valent\u00edn Wenger<\/h4>\t\t\t\t<\/div>\n\t\t\t\t<\/div>\n\t\t\t\t<div class=\"elementor-element elementor-element-14068f75 elementor-widget elementor-widget-text-editor\" data-id=\"14068f75\" data-element_type=\"widget\" data-widget_type=\"text-editor.default\">\n\t\t\t\t<div class=\"elementor-widget-container\">\n\t\t\t\t\t\t\t\t\t<p>Jugador<\/p>\t\t\t\t\t\t\t\t<\/div>\n\t\t\t\t<\/div>\n\t\t\t\t<\/div>\n\t\t<div class=\"elementor-element elementor-element-1d44a3aa e-con-full animated-fast e-flex elementor-invisible e-con e-child\" data-id=\"1d44a3aa\" data-element_type=\"container\" data-settings=\"{&quot;animation&quot;:&quot;fadeInUp&quot;,&quot;animation_delay&quot;:&quot;600&quot;}\">\n\t\t\t\t<div class=\"elementor-element elementor-element-31bae90 elementor-widget elementor-widget-image\" data-id=\"31bae90\" data-element_type=\"widget\" data-widget_type=\"image.default\">\n\t\t\t\t<div class=\"elementor-widget-container\">\n\t\t\t\t\t\t\t\t\t\t\t\t\t\t\t<img loading=\"lazy\" decoding=\"async\" width=\"683\" height=\"1024\" src=\"https:\/\/swisspadel.ch\/wp-content\/uploads\/2024\/07\/swisspadel_nationalteam_patrik_naef-1-683x1024.jpg\" class=\"attachment-large size-large wp-image-14930\" alt=\"\" srcset=\"https:\/\/swisspadel.ch\/wp-content\/uploads\/2024\/07\/swisspadel_nationalteam_patrik_naef-1-683x1024.jpg 683w, https:\/\/swisspadel.ch\/wp-content\/uploads\/2024\/07\/swisspadel_nationalteam_patrik_naef-1-200x300.jpg 200w, https:\/\/swisspadel.ch\/wp-content\/uploads\/2024\/07\/swisspadel_nationalteam_patrik_naef-1-768x1151.jpg 768w, https:\/\/swisspadel.ch\/wp-content\/uploads\/2024\/07\/swisspadel_nationalteam_patrik_naef-1-1025x1536.jpg 1025w, https:\/\/swisspadel.ch\/wp-content\/uploads\/2024\/07\/swisspadel_nationalteam_patrik_naef-1-600x900.jpg 600w, https:\/\/swisspadel.ch\/wp-content\/uploads\/2024\/07\/swisspadel_nationalteam_patrik_naef-1.jpg 1334w\" sizes=\"(max-width: 683px) 100vw, 683px\" \/>\t\t\t\t\t\t\t\t\t\t\t\t\t\t\t<\/div>\n\t\t\t\t<\/div>\n\t\t\t\t<div class=\"elementor-element elementor-element-50f5d935 elementor-widget elementor-widget-heading\" data-id=\"50f5d935\" data-element_type=\"widget\" data-widget_type=\"heading.default\">\n\t\t\t\t<div class=\"elementor-widget-container\">\n\t\t\t\t\t<h4 class=\"elementor-heading-title elementor-size-default\">Patrik N\u00e4f<\/h4>\t\t\t\t<\/div>\n\t\t\t\t<\/div>\n\t\t\t\t<div class=\"elementor-element elementor-element-6949c09a elementor-widget elementor-widget-text-editor\" data-id=\"6949c09a\" data-element_type=\"widget\" data-widget_type=\"text-editor.default\">\n\t\t\t\t<div class=\"elementor-widget-container\">\n\t\t\t\t\t\t\t\t\t<p>Jugador<\/p>\t\t\t\t\t\t\t\t<\/div>\n\t\t\t\t<\/div>\n\t\t\t\t<\/div>\n\t\t<div class=\"elementor-element elementor-element-1a393eb5 e-con-full animated-fast e-flex elementor-invisible e-con e-child\" data-id=\"1a393eb5\" data-element_type=\"container\" data-settings=\"{&quot;animation&quot;:&quot;fadeInUp&quot;}\">\n\t\t\t\t<div class=\"elementor-element elementor-element-5fddc691 elementor-widget elementor-widget-image\" data-id=\"5fddc691\" data-element_type=\"widget\" data-widget_type=\"image.default\">\n\t\t\t\t<div class=\"elementor-widget-container\">\n\t\t\t\t\t\t\t\t\t\t\t\t\t\t\t<img loading=\"lazy\" decoding=\"async\" width=\"683\" height=\"1024\" src=\"https:\/\/swisspadel.ch\/wp-content\/uploads\/2024\/07\/swisspadel_nationalteam_kilian_jordan-1-683x1024.jpg\" class=\"attachment-large size-large wp-image-14931\" alt=\"\" srcset=\"https:\/\/swisspadel.ch\/wp-content\/uploads\/2024\/07\/swisspadel_nationalteam_kilian_jordan-1-683x1024.jpg 683w, https:\/\/swisspadel.ch\/wp-content\/uploads\/2024\/07\/swisspadel_nationalteam_kilian_jordan-1-200x300.jpg 200w, https:\/\/swisspadel.ch\/wp-content\/uploads\/2024\/07\/swisspadel_nationalteam_kilian_jordan-1-768x1151.jpg 768w, https:\/\/swisspadel.ch\/wp-content\/uploads\/2024\/07\/swisspadel_nationalteam_kilian_jordan-1-1025x1536.jpg 1025w, https:\/\/swisspadel.ch\/wp-content\/uploads\/2024\/07\/swisspadel_nationalteam_kilian_jordan-1-600x900.jpg 600w, https:\/\/swisspadel.ch\/wp-content\/uploads\/2024\/07\/swisspadel_nationalteam_kilian_jordan-1.jpg 1334w\" sizes=\"(max-width: 683px) 100vw, 683px\" \/>\t\t\t\t\t\t\t\t\t\t\t\t\t\t\t<\/div>\n\t\t\t\t<\/div>\n\t\t\t\t<div class=\"elementor-element elementor-element-1849b844 elementor-widget elementor-widget-heading\" data-id=\"1849b844\" data-element_type=\"widget\" data-widget_type=\"heading.default\">\n\t\t\t\t<div class=\"elementor-widget-container\">\n\t\t\t\t\t<h4 class=\"elementor-heading-title elementor-size-default\">Kilian Jordania<\/h4>\t\t\t\t<\/div>\n\t\t\t\t<\/div>\n\t\t\t\t<div class=\"elementor-element elementor-element-6cbbb715 elementor-widget elementor-widget-text-editor\" data-id=\"6cbbb715\" data-element_type=\"widget\" data-widget_type=\"text-editor.default\">\n\t\t\t\t<div class=\"elementor-widget-container\">\n\t\t\t\t\t\t\t\t\t<p>Jugador<\/p>\t\t\t\t\t\t\t\t<\/div>\n\t\t\t\t<\/div>\n\t\t\t\t<\/div>\n\t\t<div class=\"elementor-element elementor-element-3b6ef40b e-con-full animated-fast e-flex elementor-invisible e-con e-child\" data-id=\"3b6ef40b\" data-element_type=\"container\" data-settings=\"{&quot;animation&quot;:&quot;fadeInUp&quot;,&quot;animation_delay&quot;:&quot;200&quot;}\">\n\t\t\t\t<div class=\"elementor-element elementor-element-1dedf3ee elementor-widget elementor-widget-image\" data-id=\"1dedf3ee\" data-element_type=\"widget\" data-widget_type=\"image.default\">\n\t\t\t\t<div class=\"elementor-widget-container\">\n\t\t\t\t\t\t\t\t\t\t\t\t\t\t\t<img loading=\"lazy\" decoding=\"async\" width=\"683\" height=\"1024\" src=\"https:\/\/swisspadel.ch\/wp-content\/uploads\/2024\/07\/swisspadel_nationalteam_till_gygax-1-683x1024.jpg\" class=\"attachment-large size-large wp-image-23998\" alt=\"\" srcset=\"https:\/\/swisspadel.ch\/wp-content\/uploads\/2024\/07\/swisspadel_nationalteam_till_gygax-1-683x1024.jpg 683w, https:\/\/swisspadel.ch\/wp-content\/uploads\/2024\/07\/swisspadel_nationalteam_till_gygax-1-200x300.jpg 200w, https:\/\/swisspadel.ch\/wp-content\/uploads\/2024\/07\/swisspadel_nationalteam_till_gygax-1-768x1151.jpg 768w, https:\/\/swisspadel.ch\/wp-content\/uploads\/2024\/07\/swisspadel_nationalteam_till_gygax-1-1025x1536.jpg 1025w, https:\/\/swisspadel.ch\/wp-content\/uploads\/2024\/07\/swisspadel_nationalteam_till_gygax-1-600x900.jpg 600w, https:\/\/swisspadel.ch\/wp-content\/uploads\/2024\/07\/swisspadel_nationalteam_till_gygax-1.jpg 1334w\" sizes=\"(max-width: 683px) 100vw, 683px\" \/>\t\t\t\t\t\t\t\t\t\t\t\t\t\t\t<\/div>\n\t\t\t\t<\/div>\n\t\t\t\t<div class=\"elementor-element elementor-element-17edbed4 elementor-widget elementor-widget-heading\" data-id=\"17edbed4\" data-element_type=\"widget\" data-widget_type=\"heading.default\">\n\t\t\t\t<div class=\"elementor-widget-container\">\n\t\t\t\t\t<h4 class=\"elementor-heading-title elementor-size-default\">Till Gygax<\/h4>\t\t\t\t<\/div>\n\t\t\t\t<\/div>\n\t\t\t\t<div class=\"elementor-element elementor-element-2a3398d7 elementor-widget elementor-widget-text-editor\" data-id=\"2a3398d7\" data-element_type=\"widget\" data-widget_type=\"text-editor.default\">\n\t\t\t\t<div class=\"elementor-widget-container\">\n\t\t\t\t\t\t\t\t\t<p>Jugador<\/p>\t\t\t\t\t\t\t\t<\/div>\n\t\t\t\t<\/div>\n\t\t\t\t<\/div>\n\t\t<div class=\"elementor-element elementor-element-1ef63585 e-con-full animated-fast e-flex elementor-invisible e-con e-child\" data-id=\"1ef63585\" data-element_type=\"container\" data-settings=\"{&quot;animation&quot;:&quot;fadeInUp&quot;,&quot;animation_delay&quot;:&quot;400&quot;}\">\n\t\t\t\t<div class=\"elementor-element elementor-element-7aef1d1 elementor-widget elementor-widget-image\" data-id=\"7aef1d1\" data-element_type=\"widget\" data-widget_type=\"image.default\">\n\t\t\t\t<div class=\"elementor-widget-container\">\n\t\t\t\t\t\t\t\t\t\t\t\t\t\t\t<img loading=\"lazy\" decoding=\"async\" width=\"683\" height=\"1024\" src=\"https:\/\/swisspadel.ch\/wp-content\/uploads\/2024\/07\/swisspadel_nationalteam_philip_orloff-1-683x1024.jpg\" class=\"attachment-large size-large wp-image-14933\" alt=\"\" srcset=\"https:\/\/swisspadel.ch\/wp-content\/uploads\/2024\/07\/swisspadel_nationalteam_philip_orloff-1-683x1024.jpg 683w, https:\/\/swisspadel.ch\/wp-content\/uploads\/2024\/07\/swisspadel_nationalteam_philip_orloff-1-200x300.jpg 200w, https:\/\/swisspadel.ch\/wp-content\/uploads\/2024\/07\/swisspadel_nationalteam_philip_orloff-1-768x1151.jpg 768w, https:\/\/swisspadel.ch\/wp-content\/uploads\/2024\/07\/swisspadel_nationalteam_philip_orloff-1-1025x1536.jpg 1025w, https:\/\/swisspadel.ch\/wp-content\/uploads\/2024\/07\/swisspadel_nationalteam_philip_orloff-1-600x900.jpg 600w, https:\/\/swisspadel.ch\/wp-content\/uploads\/2024\/07\/swisspadel_nationalteam_philip_orloff-1.jpg 1334w\" sizes=\"(max-width: 683px) 100vw, 683px\" \/>\t\t\t\t\t\t\t\t\t\t\t\t\t\t\t<\/div>\n\t\t\t\t<\/div>\n\t\t\t\t<div class=\"elementor-element elementor-element-6c7b347c elementor-widget elementor-widget-heading\" data-id=\"6c7b347c\" data-element_type=\"widget\" data-widget_type=\"heading.default\">\n\t\t\t\t<div class=\"elementor-widget-container\">\n\t\t\t\t\t<h4 class=\"elementor-heading-title elementor-size-default\">Philip Orloff<\/h4>\t\t\t\t<\/div>\n\t\t\t\t<\/div>\n\t\t\t\t<div class=\"elementor-element elementor-element-5354cf4d elementor-widget elementor-widget-text-editor\" data-id=\"5354cf4d\" data-element_type=\"widget\" data-widget_type=\"text-editor.default\">\n\t\t\t\t<div class=\"elementor-widget-container\">\n\t\t\t\t\t\t\t\t\t<p>Jugador<\/p>\t\t\t\t\t\t\t\t<\/div>\n\t\t\t\t<\/div>\n\t\t\t\t<\/div>\n\t\t<div class=\"elementor-element elementor-element-6b03b397 e-con-full animated-fast e-flex elementor-invisible e-con e-child\" data-id=\"6b03b397\" data-element_type=\"container\" data-settings=\"{&quot;animation&quot;:&quot;fadeInUp&quot;,&quot;animation_delay&quot;:&quot;600&quot;}\">\n\t\t\t\t<div class=\"elementor-element elementor-element-3829bbf9 elementor-widget elementor-widget-image\" data-id=\"3829bbf9\" data-element_type=\"widget\" data-widget_type=\"image.default\">\n\t\t\t\t<div class=\"elementor-widget-container\">\n\t\t\t\t\t\t\t\t\t\t\t\t\t\t\t<img loading=\"lazy\" decoding=\"async\" width=\"713\" height=\"1024\" src=\"https:\/\/swisspadel.ch\/wp-content\/uploads\/2024\/07\/team_vorstand_platzhalter_m-1-713x1024.jpg\" class=\"attachment-large size-large wp-image-14934\" alt=\"\" srcset=\"https:\/\/swisspadel.ch\/wp-content\/uploads\/2024\/07\/team_vorstand_platzhalter_m-1-713x1024.jpg 713w, https:\/\/swisspadel.ch\/wp-content\/uploads\/2024\/07\/team_vorstand_platzhalter_m-1-209x300.jpg 209w, https:\/\/swisspadel.ch\/wp-content\/uploads\/2024\/07\/team_vorstand_platzhalter_m-1-768x1103.jpg 768w, https:\/\/swisspadel.ch\/wp-content\/uploads\/2024\/07\/team_vorstand_platzhalter_m-1-600x862.jpg 600w, https:\/\/swisspadel.ch\/wp-content\/uploads\/2024\/07\/team_vorstand_platzhalter_m-1.jpg 1059w\" sizes=\"(max-width: 713px) 100vw, 713px\" \/>\t\t\t\t\t\t\t\t\t\t\t\t\t\t\t<\/div>\n\t\t\t\t<\/div>\n\t\t\t\t<div class=\"elementor-element elementor-element-49e33012 elementor-widget elementor-widget-heading\" data-id=\"49e33012\" data-element_type=\"widget\" data-widget_type=\"heading.default\">\n\t\t\t\t<div class=\"elementor-widget-container\">\n\t\t\t\t\t<h4 class=\"elementor-heading-title elementor-size-default\">Daniel de Castro  <\/h4>\t\t\t\t<\/div>\n\t\t\t\t<\/div>\n\t\t\t\t<div class=\"elementor-element elementor-element-dcbb9b8 elementor-widget elementor-widget-text-editor\" data-id=\"dcbb9b8\" data-element_type=\"widget\" data-widget_type=\"text-editor.default\">\n\t\t\t\t<div class=\"elementor-widget-container\">\n\t\t\t\t\t\t\t\t\t<p>Jugador<\/p>\t\t\t\t\t\t\t\t<\/div>\n\t\t\t\t<\/div>\n\t\t\t\t<\/div>\n\t\t<div class=\"elementor-element elementor-element-24860f1 e-con-full animated-fast e-flex elementor-invisible e-con e-child\" data-id=\"24860f1\" data-element_type=\"container\" data-settings=\"{&quot;animation&quot;:&quot;fadeInUp&quot;,&quot;animation_delay&quot;:&quot;600&quot;}\">\n\t\t\t\t<div class=\"elementor-element elementor-element-ba52392 elementor-widget elementor-widget-image\" data-id=\"ba52392\" data-element_type=\"widget\" data-widget_type=\"image.default\">\n\t\t\t\t<div class=\"elementor-widget-container\">\n\t\t\t\t\t\t\t\t\t\t\t\t\t\t\t<img loading=\"lazy\" decoding=\"async\" width=\"713\" height=\"1024\" src=\"https:\/\/swisspadel.ch\/wp-content\/uploads\/2024\/07\/team_vorstand_platzhalter_m-1-713x1024.jpg\" class=\"attachment-large size-large wp-image-14934\" alt=\"\" srcset=\"https:\/\/swisspadel.ch\/wp-content\/uploads\/2024\/07\/team_vorstand_platzhalter_m-1-713x1024.jpg 713w, https:\/\/swisspadel.ch\/wp-content\/uploads\/2024\/07\/team_vorstand_platzhalter_m-1-209x300.jpg 209w, https:\/\/swisspadel.ch\/wp-content\/uploads\/2024\/07\/team_vorstand_platzhalter_m-1-768x1103.jpg 768w, https:\/\/swisspadel.ch\/wp-content\/uploads\/2024\/07\/team_vorstand_platzhalter_m-1-600x862.jpg 600w, https:\/\/swisspadel.ch\/wp-content\/uploads\/2024\/07\/team_vorstand_platzhalter_m-1.jpg 1059w\" sizes=\"(max-width: 713px) 100vw, 713px\" \/>\t\t\t\t\t\t\t\t\t\t\t\t\t\t\t<\/div>\n\t\t\t\t<\/div>\n\t\t\t\t<div class=\"elementor-element elementor-element-a1805f3 elementor-widget elementor-widget-heading\" data-id=\"a1805f3\" data-element_type=\"widget\" data-widget_type=\"heading.default\">\n\t\t\t\t<div class=\"elementor-widget-container\">\n\t\t\t\t\t<h4 class=\"elementor-heading-title elementor-size-default\">Kilian Nuck<\/h4>\t\t\t\t<\/div>\n\t\t\t\t<\/div>\n\t\t\t\t<div class=\"elementor-element elementor-element-5993605 elementor-widget elementor-widget-text-editor\" data-id=\"5993605\" data-element_type=\"widget\" data-widget_type=\"text-editor.default\">\n\t\t\t\t<div class=\"elementor-widget-container\">\n\t\t\t\t\t\t\t\t\t<p>Jugador<\/p>\t\t\t\t\t\t\t\t<\/div>\n\t\t\t\t<\/div>\n\t\t\t\t<\/div>\n\t\t<div class=\"elementor-element elementor-element-16632af e-con-full animated-fast e-flex elementor-invisible e-con e-child\" data-id=\"16632af\" data-element_type=\"container\" data-settings=\"{&quot;animation&quot;:&quot;fadeInUp&quot;}\">\n\t\t\t\t<div class=\"elementor-element elementor-element-3fd41568 elementor-widget elementor-widget-image\" data-id=\"3fd41568\" data-element_type=\"widget\" data-widget_type=\"image.default\">\n\t\t\t\t<div class=\"elementor-widget-container\">\n\t\t\t\t\t\t\t\t\t\t\t\t\t\t\t<img loading=\"lazy\" decoding=\"async\" width=\"713\" height=\"1024\" src=\"https:\/\/swisspadel.ch\/wp-content\/uploads\/2024\/07\/team_vorstand_platzhalter_m-1-713x1024.jpg\" class=\"attachment-large size-large wp-image-14934\" alt=\"\" srcset=\"https:\/\/swisspadel.ch\/wp-content\/uploads\/2024\/07\/team_vorstand_platzhalter_m-1-713x1024.jpg 713w, https:\/\/swisspadel.ch\/wp-content\/uploads\/2024\/07\/team_vorstand_platzhalter_m-1-209x300.jpg 209w, https:\/\/swisspadel.ch\/wp-content\/uploads\/2024\/07\/team_vorstand_platzhalter_m-1-768x1103.jpg 768w, https:\/\/swisspadel.ch\/wp-content\/uploads\/2024\/07\/team_vorstand_platzhalter_m-1-600x862.jpg 600w, https:\/\/swisspadel.ch\/wp-content\/uploads\/2024\/07\/team_vorstand_platzhalter_m-1.jpg 1059w\" sizes=\"(max-width: 713px) 100vw, 713px\" \/>\t\t\t\t\t\t\t\t\t\t\t\t\t\t\t<\/div>\n\t\t\t\t<\/div>\n\t\t\t\t<div class=\"elementor-element elementor-element-1a1f66f0 elementor-widget elementor-widget-heading\" data-id=\"1a1f66f0\" data-element_type=\"widget\" data-widget_type=\"heading.default\">\n\t\t\t\t<div class=\"elementor-widget-container\">\n\t\t\t\t\t<h4 class=\"elementor-heading-title elementor-size-default\">Till Brunner<\/h4>\t\t\t\t<\/div>\n\t\t\t\t<\/div>\n\t\t\t\t<div class=\"elementor-element elementor-element-c5fd902 elementor-widget elementor-widget-text-editor\" data-id=\"c5fd902\" data-element_type=\"widget\" data-widget_type=\"text-editor.default\">\n\t\t\t\t<div class=\"elementor-widget-container\">\n\t\t\t\t\t\t\t\t\t<p>Jugador<\/p>\t\t\t\t\t\t\t\t<\/div>\n\t\t\t\t<\/div>\n\t\t\t\t<\/div>\n\t\t<div class=\"elementor-element elementor-element-7a66484 e-con-full animated-fast e-flex elementor-invisible e-con e-child\" data-id=\"7a66484\" data-element_type=\"container\" data-settings=\"{&quot;animation&quot;:&quot;fadeInUp&quot;,&quot;animation_delay&quot;:&quot;200&quot;}\">\n\t\t\t\t<div class=\"elementor-element elementor-element-5d895b2 elementor-widget elementor-widget-image\" data-id=\"5d895b2\" data-element_type=\"widget\" data-widget_type=\"image.default\">\n\t\t\t\t<div class=\"elementor-widget-container\">\n\t\t\t\t\t\t\t\t\t\t\t\t\t\t\t<img loading=\"lazy\" decoding=\"async\" width=\"713\" height=\"1024\" src=\"https:\/\/swisspadel.ch\/wp-content\/uploads\/2024\/07\/team_vorstand_platzhalter_m-1-713x1024.jpg\" class=\"attachment-large size-large wp-image-14934\" alt=\"\" srcset=\"https:\/\/swisspadel.ch\/wp-content\/uploads\/2024\/07\/team_vorstand_platzhalter_m-1-713x1024.jpg 713w, https:\/\/swisspadel.ch\/wp-content\/uploads\/2024\/07\/team_vorstand_platzhalter_m-1-209x300.jpg 209w, https:\/\/swisspadel.ch\/wp-content\/uploads\/2024\/07\/team_vorstand_platzhalter_m-1-768x1103.jpg 768w, https:\/\/swisspadel.ch\/wp-content\/uploads\/2024\/07\/team_vorstand_platzhalter_m-1-600x862.jpg 600w, https:\/\/swisspadel.ch\/wp-content\/uploads\/2024\/07\/team_vorstand_platzhalter_m-1.jpg 1059w\" sizes=\"(max-width: 713px) 100vw, 713px\" \/>\t\t\t\t\t\t\t\t\t\t\t\t\t\t\t<\/div>\n\t\t\t\t<\/div>\n\t\t\t\t<div class=\"elementor-element elementor-element-c85dd97 elementor-widget elementor-widget-heading\" data-id=\"c85dd97\" data-element_type=\"widget\" data-widget_type=\"heading.default\">\n\t\t\t\t<div class=\"elementor-widget-container\">\n\t\t\t\t\t<h4 class=\"elementor-heading-title elementor-size-default\">David Ortega N\u00fa\u00f1ez<\/h4>\t\t\t\t<\/div>\n\t\t\t\t<\/div>\n\t\t\t\t<div class=\"elementor-element elementor-element-e155b72 elementor-widget elementor-widget-text-editor\" data-id=\"e155b72\" data-element_type=\"widget\" data-widget_type=\"text-editor.default\">\n\t\t\t\t<div class=\"elementor-widget-container\">\n\t\t\t\t\t\t\t\t\t<p>Entrenador Jefe<\/p>\t\t\t\t\t\t\t\t<\/div>\n\t\t\t\t<\/div>\n\t\t\t\t<\/div>\n\t\t<div class=\"elementor-element elementor-element-57c4a3de e-con-full animated-fast elementor-hidden-desktop elementor-hidden-tablet elementor-hidden-mobile e-flex elementor-invisible e-con e-child\" data-id=\"57c4a3de\" data-element_type=\"container\" data-settings=\"{&quot;animation&quot;:&quot;fadeInUp&quot;,&quot;animation_delay&quot;:&quot;200&quot;}\">\n\t\t\t\t<div class=\"elementor-element elementor-element-aec18cd elementor-widget elementor-widget-image\" data-id=\"aec18cd\" data-element_type=\"widget\" data-widget_type=\"image.default\">\n\t\t\t\t<div class=\"elementor-widget-container\">\n\t\t\t\t\t\t\t\t\t\t\t\t\t\t\t<img loading=\"lazy\" decoding=\"async\" width=\"683\" height=\"1024\" src=\"https:\/\/swisspadel.ch\/wp-content\/uploads\/2024\/07\/swisspadel_nationalteam_ivan_lopez-1-683x1024.jpg\" class=\"attachment-large size-large wp-image-14935\" alt=\"\" srcset=\"https:\/\/swisspadel.ch\/wp-content\/uploads\/2024\/07\/swisspadel_nationalteam_ivan_lopez-1-683x1024.jpg 683w, https:\/\/swisspadel.ch\/wp-content\/uploads\/2024\/07\/swisspadel_nationalteam_ivan_lopez-1-200x300.jpg 200w, https:\/\/swisspadel.ch\/wp-content\/uploads\/2024\/07\/swisspadel_nationalteam_ivan_lopez-1-768x1151.jpg 768w, https:\/\/swisspadel.ch\/wp-content\/uploads\/2024\/07\/swisspadel_nationalteam_ivan_lopez-1-1025x1536.jpg 1025w, https:\/\/swisspadel.ch\/wp-content\/uploads\/2024\/07\/swisspadel_nationalteam_ivan_lopez-1-600x900.jpg 600w, https:\/\/swisspadel.ch\/wp-content\/uploads\/2024\/07\/swisspadel_nationalteam_ivan_lopez-1.jpg 1334w\" sizes=\"(max-width: 683px) 100vw, 683px\" \/>\t\t\t\t\t\t\t\t\t\t\t\t\t\t\t<\/div>\n\t\t\t\t<\/div>\n\t\t\t\t<div class=\"elementor-element elementor-element-3341a3d3 elementor-widget elementor-widget-heading\" data-id=\"3341a3d3\" data-element_type=\"widget\" data-widget_type=\"heading.default\">\n\t\t\t\t<div class=\"elementor-widget-container\">\n\t\t\t\t\t<h4 class=\"elementor-heading-title elementor-size-default\">  Iv\u00e1n L\u00f3pez<\/h4>\t\t\t\t<\/div>\n\t\t\t\t<\/div>\n\t\t\t\t<div class=\"elementor-element elementor-element-1c6bcf7 elementor-widget elementor-widget-text-editor\" data-id=\"1c6bcf7\" data-element_type=\"widget\" data-widget_type=\"text-editor.default\">\n\t\t\t\t<div class=\"elementor-widget-container\">\n\t\t\t\t\t\t\t\t\t<p>Entrenador Jefe<\/p>\t\t\t\t\t\t\t\t<\/div>\n\t\t\t\t<\/div>\n\t\t\t\t<\/div>\n\t\t\t\t<\/div>\n\t\t\t\t<\/div>\n\t\t<div class=\"elementor-element elementor-element-470cbb29 e-con-full e-flex e-con e-parent\" data-id=\"470cbb29\" data-element_type=\"container\">\n\t\t\t\t<div class=\"elementor-element elementor-element-6a355452 elementor-widget elementor-widget-menu-anchor\" data-id=\"6a355452\" data-element_type=\"widget\" data-widget_type=\"menu-anchor.default\">\n\t\t\t\t<div class=\"elementor-widget-container\">\n\t\t\t\t\t\t\t<div class=\"elementor-menu-anchor\" id=\"Equiponacionalfemenino\"><\/div>\n\t\t\t\t\t\t<\/div>\n\t\t\t\t<\/div>\n\t\t<div class=\"elementor-element elementor-element-7f724b46 e-con-full e-flex e-con e-child\" data-id=\"7f724b46\" data-element_type=\"container\">\n\t\t\t\t<div class=\"elementor-element elementor-element-2356785a animated-fast elementor-invisible elementor-widget elementor-widget-heading\" data-id=\"2356785a\" data-element_type=\"widget\" data-settings=\"{&quot;_animation&quot;:&quot;fadeInUp&quot;,&quot;_animation_delay&quot;:&quot;200&quot;}\" data-widget_type=\"heading.default\">\n\t\t\t\t<div class=\"elementor-widget-container\">\n\t\t\t\t\t<p class=\"elementor-heading-title elementor-size-default\">Conoce a nuestro equipo nacional<\/p>\t\t\t\t<\/div>\n\t\t\t\t<\/div>\n\t\t\t\t<div class=\"elementor-element elementor-element-4db4ead6 animated-fast elementor-invisible elementor-widget elementor-widget-heading\" data-id=\"4db4ead6\" data-element_type=\"widget\" data-settings=\"{&quot;_animation&quot;:&quot;fadeInUp&quot;,&quot;_animation_delay&quot;:&quot;500&quot;}\" data-widget_type=\"heading.default\">\n\t\t\t\t<div class=\"elementor-widget-container\">\n\t\t\t\t\t<h2 class=\"elementor-heading-title elementor-size-default\">CUPRA Swiss Padel National Team Damas<\/h2>\t\t\t\t<\/div>\n\t\t\t\t<\/div>\n\t\t\t\t<\/div>\n\t\t<div class=\"elementor-element elementor-element-2ae3ca5f e-grid e-con-full e-con e-child\" data-id=\"2ae3ca5f\" data-element_type=\"container\">\n\t\t<div class=\"elementor-element elementor-element-2ee39a74 e-con-full animated-fast e-flex elementor-invisible e-con e-child\" data-id=\"2ee39a74\" data-element_type=\"container\" data-settings=\"{&quot;animation&quot;:&quot;fadeInUp&quot;}\">\n\t\t\t\t<div class=\"elementor-element elementor-element-59d0680f elementor-widget elementor-widget-image\" data-id=\"59d0680f\" data-element_type=\"widget\" data-widget_type=\"image.default\">\n\t\t\t\t<div class=\"elementor-widget-container\">\n\t\t\t\t\t\t\t\t\t\t\t\t\t\t\t<img loading=\"lazy\" decoding=\"async\" width=\"683\" height=\"1024\" src=\"https:\/\/swisspadel.ch\/wp-content\/uploads\/2024\/07\/swisspadel_nationalteam_gaelle_rey-1-683x1024.jpg\" class=\"attachment-large size-large wp-image-14936\" alt=\"\" srcset=\"https:\/\/swisspadel.ch\/wp-content\/uploads\/2024\/07\/swisspadel_nationalteam_gaelle_rey-1-683x1024.jpg 683w, https:\/\/swisspadel.ch\/wp-content\/uploads\/2024\/07\/swisspadel_nationalteam_gaelle_rey-1-200x300.jpg 200w, https:\/\/swisspadel.ch\/wp-content\/uploads\/2024\/07\/swisspadel_nationalteam_gaelle_rey-1-768x1151.jpg 768w, https:\/\/swisspadel.ch\/wp-content\/uploads\/2024\/07\/swisspadel_nationalteam_gaelle_rey-1-1025x1536.jpg 1025w, https:\/\/swisspadel.ch\/wp-content\/uploads\/2024\/07\/swisspadel_nationalteam_gaelle_rey-1-600x900.jpg 600w, https:\/\/swisspadel.ch\/wp-content\/uploads\/2024\/07\/swisspadel_nationalteam_gaelle_rey-1.jpg 1334w\" sizes=\"(max-width: 683px) 100vw, 683px\" \/>\t\t\t\t\t\t\t\t\t\t\t\t\t\t\t<\/div>\n\t\t\t\t<\/div>\n\t\t\t\t<div class=\"elementor-element elementor-element-7e36c6f5 elementor-widget elementor-widget-heading\" data-id=\"7e36c6f5\" data-element_type=\"widget\" data-widget_type=\"heading.default\">\n\t\t\t\t<div class=\"elementor-widget-container\">\n\t\t\t\t\t<h4 class=\"elementor-heading-title elementor-size-default\">Ga\u00eblle Rey<\/h4>\t\t\t\t<\/div>\n\t\t\t\t<\/div>\n\t\t\t\t<div class=\"elementor-element elementor-element-477cd756 elementor-widget elementor-widget-text-editor\" data-id=\"477cd756\" data-element_type=\"widget\" data-widget_type=\"text-editor.default\">\n\t\t\t\t<div class=\"elementor-widget-container\">\n\t\t\t\t\t\t\t\t\t<p>Jugador<\/p>\t\t\t\t\t\t\t\t<\/div>\n\t\t\t\t<\/div>\n\t\t\t\t<\/div>\n\t\t<div class=\"elementor-element elementor-element-deb4aa4 e-con-full animated-fast e-flex elementor-invisible e-con e-child\" data-id=\"deb4aa4\" data-element_type=\"container\" data-settings=\"{&quot;animation&quot;:&quot;fadeInUp&quot;,&quot;animation_delay&quot;:&quot;200&quot;}\">\n\t\t\t\t<div class=\"elementor-element elementor-element-20e2b79 elementor-widget elementor-widget-image\" data-id=\"20e2b79\" data-element_type=\"widget\" data-widget_type=\"image.default\">\n\t\t\t\t<div class=\"elementor-widget-container\">\n\t\t\t\t\t\t\t\t\t\t\t\t\t\t\t<img loading=\"lazy\" decoding=\"async\" width=\"683\" height=\"1024\" src=\"https:\/\/swisspadel.ch\/wp-content\/uploads\/2024\/07\/swisspadel_nationalteam_karin_hechenberger-1-683x1024.jpg\" class=\"attachment-large size-large wp-image-14937\" alt=\"\" srcset=\"https:\/\/swisspadel.ch\/wp-content\/uploads\/2024\/07\/swisspadel_nationalteam_karin_hechenberger-1-683x1024.jpg 683w, https:\/\/swisspadel.ch\/wp-content\/uploads\/2024\/07\/swisspadel_nationalteam_karin_hechenberger-1-200x300.jpg 200w, https:\/\/swisspadel.ch\/wp-content\/uploads\/2024\/07\/swisspadel_nationalteam_karin_hechenberger-1-768x1151.jpg 768w, https:\/\/swisspadel.ch\/wp-content\/uploads\/2024\/07\/swisspadel_nationalteam_karin_hechenberger-1-1025x1536.jpg 1025w, https:\/\/swisspadel.ch\/wp-content\/uploads\/2024\/07\/swisspadel_nationalteam_karin_hechenberger-1-600x900.jpg 600w, https:\/\/swisspadel.ch\/wp-content\/uploads\/2024\/07\/swisspadel_nationalteam_karin_hechenberger-1.jpg 1334w\" sizes=\"(max-width: 683px) 100vw, 683px\" \/>\t\t\t\t\t\t\t\t\t\t\t\t\t\t\t<\/div>\n\t\t\t\t<\/div>\n\t\t\t\t<div class=\"elementor-element elementor-element-219d3480 elementor-widget elementor-widget-heading\" data-id=\"219d3480\" data-element_type=\"widget\" data-widget_type=\"heading.default\">\n\t\t\t\t<div class=\"elementor-widget-container\">\n\t\t\t\t\t<h4 class=\"elementor-heading-title elementor-size-default\">Karin Hechenberger<\/h4>\t\t\t\t<\/div>\n\t\t\t\t<\/div>\n\t\t\t\t<div class=\"elementor-element elementor-element-77848438 elementor-widget elementor-widget-text-editor\" data-id=\"77848438\" data-element_type=\"widget\" data-widget_type=\"text-editor.default\">\n\t\t\t\t<div class=\"elementor-widget-container\">\n\t\t\t\t\t\t\t\t\t<p>Jugador<\/p>\t\t\t\t\t\t\t\t<\/div>\n\t\t\t\t<\/div>\n\t\t\t\t<\/div>\n\t\t<div class=\"elementor-element elementor-element-63d824a4 e-con-full animated-fast e-flex elementor-invisible e-con e-child\" data-id=\"63d824a4\" data-element_type=\"container\" data-settings=\"{&quot;animation&quot;:&quot;fadeInUp&quot;,&quot;animation_delay&quot;:&quot;400&quot;}\">\n\t\t\t\t<div class=\"elementor-element elementor-element-34b49022 elementor-widget elementor-widget-image\" data-id=\"34b49022\" data-element_type=\"widget\" data-widget_type=\"image.default\">\n\t\t\t\t<div class=\"elementor-widget-container\">\n\t\t\t\t\t\t\t\t\t\t\t\t\t\t\t<img loading=\"lazy\" decoding=\"async\" width=\"683\" height=\"1024\" src=\"https:\/\/swisspadel.ch\/wp-content\/uploads\/2024\/07\/swisspadel_nationalteam_lucie_rey-1-683x1024.jpg\" class=\"attachment-large size-large wp-image-14938\" alt=\"\" srcset=\"https:\/\/swisspadel.ch\/wp-content\/uploads\/2024\/07\/swisspadel_nationalteam_lucie_rey-1-683x1024.jpg 683w, https:\/\/swisspadel.ch\/wp-content\/uploads\/2024\/07\/swisspadel_nationalteam_lucie_rey-1-200x300.jpg 200w, https:\/\/swisspadel.ch\/wp-content\/uploads\/2024\/07\/swisspadel_nationalteam_lucie_rey-1-768x1151.jpg 768w, https:\/\/swisspadel.ch\/wp-content\/uploads\/2024\/07\/swisspadel_nationalteam_lucie_rey-1-1025x1536.jpg 1025w, https:\/\/swisspadel.ch\/wp-content\/uploads\/2024\/07\/swisspadel_nationalteam_lucie_rey-1-600x900.jpg 600w, https:\/\/swisspadel.ch\/wp-content\/uploads\/2024\/07\/swisspadel_nationalteam_lucie_rey-1.jpg 1334w\" sizes=\"(max-width: 683px) 100vw, 683px\" \/>\t\t\t\t\t\t\t\t\t\t\t\t\t\t\t<\/div>\n\t\t\t\t<\/div>\n\t\t\t\t<div class=\"elementor-element elementor-element-2b69d01b elementor-widget elementor-widget-heading\" data-id=\"2b69d01b\" data-element_type=\"widget\" data-widget_type=\"heading.default\">\n\t\t\t\t<div class=\"elementor-widget-container\">\n\t\t\t\t\t<h4 class=\"elementor-heading-title elementor-size-default\">Lucie Rey<\/h4>\t\t\t\t<\/div>\n\t\t\t\t<\/div>\n\t\t\t\t<div class=\"elementor-element elementor-element-57a95b9b elementor-widget elementor-widget-text-editor\" data-id=\"57a95b9b\" data-element_type=\"widget\" data-widget_type=\"text-editor.default\">\n\t\t\t\t<div class=\"elementor-widget-container\">\n\t\t\t\t\t\t\t\t\t<p>Jugador<\/p>\t\t\t\t\t\t\t\t<\/div>\n\t\t\t\t<\/div>\n\t\t\t\t<\/div>\n\t\t<div class=\"elementor-element elementor-element-71df049a e-con-full animated-fast e-flex elementor-invisible e-con e-child\" data-id=\"71df049a\" data-element_type=\"container\" data-settings=\"{&quot;animation&quot;:&quot;fadeInUp&quot;,&quot;animation_delay&quot;:&quot;600&quot;}\">\n\t\t\t\t<div class=\"elementor-element elementor-element-73203e16 elementor-widget elementor-widget-image\" data-id=\"73203e16\" data-element_type=\"widget\" data-widget_type=\"image.default\">\n\t\t\t\t<div class=\"elementor-widget-container\">\n\t\t\t\t\t\t\t\t\t\t\t\t\t\t\t<img loading=\"lazy\" decoding=\"async\" width=\"683\" height=\"1024\" src=\"https:\/\/swisspadel.ch\/wp-content\/uploads\/2024\/07\/swisspadel_nationalteam_noemie_voeffray-1-1-683x1024.jpg\" class=\"attachment-large size-large wp-image-14939\" alt=\"\" srcset=\"https:\/\/swisspadel.ch\/wp-content\/uploads\/2024\/07\/swisspadel_nationalteam_noemie_voeffray-1-1-683x1024.jpg 683w, https:\/\/swisspadel.ch\/wp-content\/uploads\/2024\/07\/swisspadel_nationalteam_noemie_voeffray-1-1-200x300.jpg 200w, https:\/\/swisspadel.ch\/wp-content\/uploads\/2024\/07\/swisspadel_nationalteam_noemie_voeffray-1-1-768x1151.jpg 768w, https:\/\/swisspadel.ch\/wp-content\/uploads\/2024\/07\/swisspadel_nationalteam_noemie_voeffray-1-1-1025x1536.jpg 1025w, https:\/\/swisspadel.ch\/wp-content\/uploads\/2024\/07\/swisspadel_nationalteam_noemie_voeffray-1-1-600x900.jpg 600w, https:\/\/swisspadel.ch\/wp-content\/uploads\/2024\/07\/swisspadel_nationalteam_noemie_voeffray-1-1.jpg 1334w\" sizes=\"(max-width: 683px) 100vw, 683px\" \/>\t\t\t\t\t\t\t\t\t\t\t\t\t\t\t<\/div>\n\t\t\t\t<\/div>\n\t\t\t\t<div class=\"elementor-element elementor-element-5ab3db1a elementor-widget elementor-widget-heading\" data-id=\"5ab3db1a\" data-element_type=\"widget\" data-widget_type=\"heading.default\">\n\t\t\t\t<div class=\"elementor-widget-container\">\n\t\t\t\t\t<h4 class=\"elementor-heading-title elementor-size-default\">No\u00e9mie Voeffray  <\/h4>\t\t\t\t<\/div>\n\t\t\t\t<\/div>\n\t\t\t\t<div class=\"elementor-element elementor-element-7054770e elementor-widget elementor-widget-text-editor\" data-id=\"7054770e\" data-element_type=\"widget\" data-widget_type=\"text-editor.default\">\n\t\t\t\t<div class=\"elementor-widget-container\">\n\t\t\t\t\t\t\t\t\t<p>Jugador<\/p>\t\t\t\t\t\t\t\t<\/div>\n\t\t\t\t<\/div>\n\t\t\t\t<\/div>\n\t\t<div class=\"elementor-element elementor-element-2adb6f9f e-con-full animated-fast e-flex elementor-invisible e-con e-child\" data-id=\"2adb6f9f\" data-element_type=\"container\" data-settings=\"{&quot;animation&quot;:&quot;fadeInUp&quot;}\">\n\t\t\t\t<div class=\"elementor-element elementor-element-4fc77d1e elementor-widget elementor-widget-image\" data-id=\"4fc77d1e\" data-element_type=\"widget\" data-widget_type=\"image.default\">\n\t\t\t\t<div class=\"elementor-widget-container\">\n\t\t\t\t\t\t\t\t\t\t\t\t\t\t\t<img loading=\"lazy\" decoding=\"async\" width=\"683\" height=\"1024\" src=\"https:\/\/swisspadel.ch\/wp-content\/uploads\/2024\/07\/swisspadel_nationalteam_pascale_sidler-1-683x1024.jpg\" class=\"attachment-large size-large wp-image-14940\" alt=\"\" srcset=\"https:\/\/swisspadel.ch\/wp-content\/uploads\/2024\/07\/swisspadel_nationalteam_pascale_sidler-1-683x1024.jpg 683w, https:\/\/swisspadel.ch\/wp-content\/uploads\/2024\/07\/swisspadel_nationalteam_pascale_sidler-1-200x300.jpg 200w, https:\/\/swisspadel.ch\/wp-content\/uploads\/2024\/07\/swisspadel_nationalteam_pascale_sidler-1-768x1151.jpg 768w, https:\/\/swisspadel.ch\/wp-content\/uploads\/2024\/07\/swisspadel_nationalteam_pascale_sidler-1-1025x1536.jpg 1025w, https:\/\/swisspadel.ch\/wp-content\/uploads\/2024\/07\/swisspadel_nationalteam_pascale_sidler-1-600x900.jpg 600w, https:\/\/swisspadel.ch\/wp-content\/uploads\/2024\/07\/swisspadel_nationalteam_pascale_sidler-1.jpg 1334w\" sizes=\"(max-width: 683px) 100vw, 683px\" \/>\t\t\t\t\t\t\t\t\t\t\t\t\t\t\t<\/div>\n\t\t\t\t<\/div>\n\t\t\t\t<div class=\"elementor-element elementor-element-78a30be9 elementor-widget elementor-widget-heading\" data-id=\"78a30be9\" data-element_type=\"widget\" data-widget_type=\"heading.default\">\n\t\t\t\t<div class=\"elementor-widget-container\">\n\t\t\t\t\t<h4 class=\"elementor-heading-title elementor-size-default\">Pascale Sidler<\/h4>\t\t\t\t<\/div>\n\t\t\t\t<\/div>\n\t\t\t\t<div class=\"elementor-element elementor-element-1e4944e9 elementor-widget elementor-widget-text-editor\" data-id=\"1e4944e9\" data-element_type=\"widget\" data-widget_type=\"text-editor.default\">\n\t\t\t\t<div class=\"elementor-widget-container\">\n\t\t\t\t\t\t\t\t\t<p>Jugador<\/p>\t\t\t\t\t\t\t\t<\/div>\n\t\t\t\t<\/div>\n\t\t\t\t<\/div>\n\t\t<div class=\"elementor-element elementor-element-691baa0e e-con-full animated-fast e-flex elementor-invisible e-con e-child\" data-id=\"691baa0e\" data-element_type=\"container\" data-settings=\"{&quot;animation&quot;:&quot;fadeInUp&quot;,&quot;animation_delay&quot;:&quot;200&quot;}\">\n\t\t\t\t<div class=\"elementor-element elementor-element-6bf3d40a elementor-widget elementor-widget-image\" data-id=\"6bf3d40a\" data-element_type=\"widget\" data-widget_type=\"image.default\">\n\t\t\t\t<div class=\"elementor-widget-container\">\n\t\t\t\t\t\t\t\t\t\t\t\t\t\t\t<img loading=\"lazy\" decoding=\"async\" width=\"713\" height=\"1024\" src=\"https:\/\/swisspadel.ch\/wp-content\/uploads\/2024\/07\/team_vorstand_platzhalter_w-1-713x1024.jpg\" class=\"attachment-large size-large wp-image-14941\" alt=\"\" srcset=\"https:\/\/swisspadel.ch\/wp-content\/uploads\/2024\/07\/team_vorstand_platzhalter_w-1-713x1024.jpg 713w, https:\/\/swisspadel.ch\/wp-content\/uploads\/2024\/07\/team_vorstand_platzhalter_w-1-209x300.jpg 209w, https:\/\/swisspadel.ch\/wp-content\/uploads\/2024\/07\/team_vorstand_platzhalter_w-1-768x1103.jpg 768w, https:\/\/swisspadel.ch\/wp-content\/uploads\/2024\/07\/team_vorstand_platzhalter_w-1-600x862.jpg 600w, https:\/\/swisspadel.ch\/wp-content\/uploads\/2024\/07\/team_vorstand_platzhalter_w-1.jpg 1059w\" sizes=\"(max-width: 713px) 100vw, 713px\" \/>\t\t\t\t\t\t\t\t\t\t\t\t\t\t\t<\/div>\n\t\t\t\t<\/div>\n\t\t\t\t<div class=\"elementor-element elementor-element-75315a9f elementor-widget elementor-widget-heading\" data-id=\"75315a9f\" data-element_type=\"widget\" data-widget_type=\"heading.default\">\n\t\t\t\t<div class=\"elementor-widget-container\">\n\t\t\t\t\t<h4 class=\"elementor-heading-title elementor-size-default\">Larissa Meyer<\/h4>\t\t\t\t<\/div>\n\t\t\t\t<\/div>\n\t\t\t\t<div class=\"elementor-element elementor-element-2927585f elementor-widget elementor-widget-text-editor\" data-id=\"2927585f\" data-element_type=\"widget\" data-widget_type=\"text-editor.default\">\n\t\t\t\t<div class=\"elementor-widget-container\">\n\t\t\t\t\t\t\t\t\t<p>Jugador<\/p>\t\t\t\t\t\t\t\t<\/div>\n\t\t\t\t<\/div>\n\t\t\t\t<\/div>\n\t\t<div class=\"elementor-element elementor-element-3154a133 e-con-full animated-fast e-flex elementor-invisible e-con e-child\" data-id=\"3154a133\" data-element_type=\"container\" data-settings=\"{&quot;animation&quot;:&quot;fadeInUp&quot;,&quot;animation_delay&quot;:&quot;400&quot;}\">\n\t\t\t\t<div class=\"elementor-element elementor-element-182a086b elementor-widget elementor-widget-image\" data-id=\"182a086b\" data-element_type=\"widget\" data-widget_type=\"image.default\">\n\t\t\t\t<div class=\"elementor-widget-container\">\n\t\t\t\t\t\t\t\t\t\t\t\t\t\t\t<img loading=\"lazy\" decoding=\"async\" width=\"713\" height=\"1024\" src=\"https:\/\/swisspadel.ch\/wp-content\/uploads\/2024\/07\/team_vorstand_platzhalter_w-1-713x1024.jpg\" class=\"attachment-large size-large wp-image-14941\" alt=\"\" srcset=\"https:\/\/swisspadel.ch\/wp-content\/uploads\/2024\/07\/team_vorstand_platzhalter_w-1-713x1024.jpg 713w, https:\/\/swisspadel.ch\/wp-content\/uploads\/2024\/07\/team_vorstand_platzhalter_w-1-209x300.jpg 209w, https:\/\/swisspadel.ch\/wp-content\/uploads\/2024\/07\/team_vorstand_platzhalter_w-1-768x1103.jpg 768w, https:\/\/swisspadel.ch\/wp-content\/uploads\/2024\/07\/team_vorstand_platzhalter_w-1-600x862.jpg 600w, https:\/\/swisspadel.ch\/wp-content\/uploads\/2024\/07\/team_vorstand_platzhalter_w-1.jpg 1059w\" sizes=\"(max-width: 713px) 100vw, 713px\" \/>\t\t\t\t\t\t\t\t\t\t\t\t\t\t\t<\/div>\n\t\t\t\t<\/div>\n\t\t\t\t<div class=\"elementor-element elementor-element-4bd7f592 elementor-widget elementor-widget-heading\" data-id=\"4bd7f592\" data-element_type=\"widget\" data-widget_type=\"heading.default\">\n\t\t\t\t<div class=\"elementor-widget-container\">\n\t\t\t\t\t<h4 class=\"elementor-heading-title elementor-size-default\">Florence Haring<\/h4>\t\t\t\t<\/div>\n\t\t\t\t<\/div>\n\t\t\t\t<div class=\"elementor-element elementor-element-7db78564 elementor-widget elementor-widget-text-editor\" data-id=\"7db78564\" data-element_type=\"widget\" data-widget_type=\"text-editor.default\">\n\t\t\t\t<div class=\"elementor-widget-container\">\n\t\t\t\t\t\t\t\t\t<p>Jugador<\/p>\t\t\t\t\t\t\t\t<\/div>\n\t\t\t\t<\/div>\n\t\t\t\t<\/div>\n\t\t<div class=\"elementor-element elementor-element-5842e84a e-con-full animated-fast e-flex elementor-invisible e-con e-child\" data-id=\"5842e84a\" data-element_type=\"container\" data-settings=\"{&quot;animation&quot;:&quot;fadeInUp&quot;,&quot;animation_delay&quot;:&quot;600&quot;}\">\n\t\t\t\t<div class=\"elementor-element elementor-element-4d9c0971 elementor-widget elementor-widget-image\" data-id=\"4d9c0971\" data-element_type=\"widget\" data-widget_type=\"image.default\">\n\t\t\t\t<div class=\"elementor-widget-container\">\n\t\t\t\t\t\t\t\t\t\t\t\t\t\t\t<img loading=\"lazy\" decoding=\"async\" width=\"713\" height=\"1024\" src=\"https:\/\/swisspadel.ch\/wp-content\/uploads\/2024\/07\/team_vorstand_platzhalter_w-1-713x1024.jpg\" class=\"attachment-large size-large wp-image-14941\" alt=\"\" srcset=\"https:\/\/swisspadel.ch\/wp-content\/uploads\/2024\/07\/team_vorstand_platzhalter_w-1-713x1024.jpg 713w, https:\/\/swisspadel.ch\/wp-content\/uploads\/2024\/07\/team_vorstand_platzhalter_w-1-209x300.jpg 209w, https:\/\/swisspadel.ch\/wp-content\/uploads\/2024\/07\/team_vorstand_platzhalter_w-1-768x1103.jpg 768w, https:\/\/swisspadel.ch\/wp-content\/uploads\/2024\/07\/team_vorstand_platzhalter_w-1-600x862.jpg 600w, https:\/\/swisspadel.ch\/wp-content\/uploads\/2024\/07\/team_vorstand_platzhalter_w-1.jpg 1059w\" sizes=\"(max-width: 713px) 100vw, 713px\" \/>\t\t\t\t\t\t\t\t\t\t\t\t\t\t\t<\/div>\n\t\t\t\t<\/div>\n\t\t\t\t<div class=\"elementor-element elementor-element-44853929 elementor-widget elementor-widget-heading\" data-id=\"44853929\" data-element_type=\"widget\" data-widget_type=\"heading.default\">\n\t\t\t\t<div class=\"elementor-widget-container\">\n\t\t\t\t\t<h4 class=\"elementor-heading-title elementor-size-default\">Anouk Faure<\/h4>\t\t\t\t<\/div>\n\t\t\t\t<\/div>\n\t\t\t\t<div class=\"elementor-element elementor-element-770b3e7e elementor-widget elementor-widget-text-editor\" data-id=\"770b3e7e\" data-element_type=\"widget\" data-widget_type=\"text-editor.default\">\n\t\t\t\t<div class=\"elementor-widget-container\">\n\t\t\t\t\t\t\t\t\t<p>Jugador<\/p>\t\t\t\t\t\t\t\t<\/div>\n\t\t\t\t<\/div>\n\t\t\t\t<\/div>\n\t\t<div class=\"elementor-element elementor-element-a9278fd e-con-full animated-fast e-flex elementor-invisible e-con e-child\" data-id=\"a9278fd\" data-element_type=\"container\" data-settings=\"{&quot;animation&quot;:&quot;fadeInUp&quot;,&quot;animation_delay&quot;:&quot;600&quot;}\">\n\t\t\t\t<div class=\"elementor-element elementor-element-4a618b2 elementor-widget elementor-widget-image\" data-id=\"4a618b2\" data-element_type=\"widget\" data-widget_type=\"image.default\">\n\t\t\t\t<div class=\"elementor-widget-container\">\n\t\t\t\t\t\t\t\t\t\t\t\t\t\t\t<img loading=\"lazy\" decoding=\"async\" width=\"713\" height=\"1024\" src=\"https:\/\/swisspadel.ch\/wp-content\/uploads\/2024\/07\/team_vorstand_platzhalter_w-1-713x1024.jpg\" class=\"attachment-large size-large wp-image-14941\" alt=\"\" srcset=\"https:\/\/swisspadel.ch\/wp-content\/uploads\/2024\/07\/team_vorstand_platzhalter_w-1-713x1024.jpg 713w, https:\/\/swisspadel.ch\/wp-content\/uploads\/2024\/07\/team_vorstand_platzhalter_w-1-209x300.jpg 209w, https:\/\/swisspadel.ch\/wp-content\/uploads\/2024\/07\/team_vorstand_platzhalter_w-1-768x1103.jpg 768w, https:\/\/swisspadel.ch\/wp-content\/uploads\/2024\/07\/team_vorstand_platzhalter_w-1-600x862.jpg 600w, https:\/\/swisspadel.ch\/wp-content\/uploads\/2024\/07\/team_vorstand_platzhalter_w-1.jpg 1059w\" sizes=\"(max-width: 713px) 100vw, 713px\" \/>\t\t\t\t\t\t\t\t\t\t\t\t\t\t\t<\/div>\n\t\t\t\t<\/div>\n\t\t\t\t<div class=\"elementor-element elementor-element-ae597df elementor-widget elementor-widget-heading\" data-id=\"ae597df\" data-element_type=\"widget\" data-widget_type=\"heading.default\">\n\t\t\t\t<div class=\"elementor-widget-container\">\n\t\t\t\t\t<h4 class=\"elementor-heading-title elementor-size-default\">Lavinia Mathys<\/h4>\t\t\t\t<\/div>\n\t\t\t\t<\/div>\n\t\t\t\t<div class=\"elementor-element elementor-element-e052b47 elementor-widget elementor-widget-text-editor\" data-id=\"e052b47\" data-element_type=\"widget\" data-widget_type=\"text-editor.default\">\n\t\t\t\t<div class=\"elementor-widget-container\">\n\t\t\t\t\t\t\t\t\t<p>Jugador<\/p>\t\t\t\t\t\t\t\t<\/div>\n\t\t\t\t<\/div>\n\t\t\t\t<\/div>\n\t\t<div class=\"elementor-element elementor-element-c2f8fe1 e-con-full animated-fast e-flex elementor-invisible e-con e-child\" data-id=\"c2f8fe1\" data-element_type=\"container\" data-settings=\"{&quot;animation&quot;:&quot;fadeInUp&quot;,&quot;animation_delay&quot;:&quot;600&quot;}\">\n\t\t\t\t<div class=\"elementor-element elementor-element-e34a9a8 elementor-widget elementor-widget-image\" data-id=\"e34a9a8\" data-element_type=\"widget\" data-widget_type=\"image.default\">\n\t\t\t\t<div class=\"elementor-widget-container\">\n\t\t\t\t\t\t\t\t\t\t\t\t\t\t\t<img loading=\"lazy\" decoding=\"async\" width=\"713\" height=\"1024\" src=\"https:\/\/swisspadel.ch\/wp-content\/uploads\/2024\/07\/team_vorstand_platzhalter_w-1-713x1024.jpg\" class=\"attachment-large size-large wp-image-14941\" alt=\"\" srcset=\"https:\/\/swisspadel.ch\/wp-content\/uploads\/2024\/07\/team_vorstand_platzhalter_w-1-713x1024.jpg 713w, https:\/\/swisspadel.ch\/wp-content\/uploads\/2024\/07\/team_vorstand_platzhalter_w-1-209x300.jpg 209w, https:\/\/swisspadel.ch\/wp-content\/uploads\/2024\/07\/team_vorstand_platzhalter_w-1-768x1103.jpg 768w, https:\/\/swisspadel.ch\/wp-content\/uploads\/2024\/07\/team_vorstand_platzhalter_w-1-600x862.jpg 600w, https:\/\/swisspadel.ch\/wp-content\/uploads\/2024\/07\/team_vorstand_platzhalter_w-1.jpg 1059w\" sizes=\"(max-width: 713px) 100vw, 713px\" \/>\t\t\t\t\t\t\t\t\t\t\t\t\t\t\t<\/div>\n\t\t\t\t<\/div>\n\t\t\t\t<div class=\"elementor-element elementor-element-71a377a elementor-widget elementor-widget-heading\" data-id=\"71a377a\" data-element_type=\"widget\" data-widget_type=\"heading.default\">\n\t\t\t\t<div class=\"elementor-widget-container\">\n\t\t\t\t\t<h4 class=\"elementor-heading-title elementor-size-default\">Ya\u00eblle Etter<\/h4>\t\t\t\t<\/div>\n\t\t\t\t<\/div>\n\t\t\t\t<div class=\"elementor-element elementor-element-4988107 elementor-widget elementor-widget-text-editor\" data-id=\"4988107\" data-element_type=\"widget\" data-widget_type=\"text-editor.default\">\n\t\t\t\t<div class=\"elementor-widget-container\">\n\t\t\t\t\t\t\t\t\t<p>Jugador<\/p>\t\t\t\t\t\t\t\t<\/div>\n\t\t\t\t<\/div>\n\t\t\t\t<\/div>\n\t\t<div class=\"elementor-element elementor-element-b15b27e e-con-full animated-fast e-flex elementor-invisible e-con e-child\" data-id=\"b15b27e\" data-element_type=\"container\" data-settings=\"{&quot;animation&quot;:&quot;fadeInUp&quot;,&quot;animation_delay&quot;:&quot;600&quot;}\">\n\t\t\t\t<div class=\"elementor-element elementor-element-cc9c9e8 elementor-widget elementor-widget-image\" data-id=\"cc9c9e8\" data-element_type=\"widget\" data-widget_type=\"image.default\">\n\t\t\t\t<div class=\"elementor-widget-container\">\n\t\t\t\t\t\t\t\t\t\t\t\t\t\t\t<img loading=\"lazy\" decoding=\"async\" width=\"713\" height=\"1024\" src=\"https:\/\/swisspadel.ch\/wp-content\/uploads\/2024\/07\/team_vorstand_platzhalter_w-1-713x1024.jpg\" class=\"attachment-large size-large wp-image-14941\" alt=\"\" srcset=\"https:\/\/swisspadel.ch\/wp-content\/uploads\/2024\/07\/team_vorstand_platzhalter_w-1-713x1024.jpg 713w, https:\/\/swisspadel.ch\/wp-content\/uploads\/2024\/07\/team_vorstand_platzhalter_w-1-209x300.jpg 209w, https:\/\/swisspadel.ch\/wp-content\/uploads\/2024\/07\/team_vorstand_platzhalter_w-1-768x1103.jpg 768w, https:\/\/swisspadel.ch\/wp-content\/uploads\/2024\/07\/team_vorstand_platzhalter_w-1-600x862.jpg 600w, https:\/\/swisspadel.ch\/wp-content\/uploads\/2024\/07\/team_vorstand_platzhalter_w-1.jpg 1059w\" sizes=\"(max-width: 713px) 100vw, 713px\" \/>\t\t\t\t\t\t\t\t\t\t\t\t\t\t\t<\/div>\n\t\t\t\t<\/div>\n\t\t\t\t<div class=\"elementor-element elementor-element-cec3ecf elementor-widget elementor-widget-heading\" data-id=\"cec3ecf\" data-element_type=\"widget\" data-widget_type=\"heading.default\">\n\t\t\t\t<div class=\"elementor-widget-container\">\n\t\t\t\t\t<h4 class=\"elementor-heading-title elementor-size-default\">Lili Renelle<\/h4>\t\t\t\t<\/div>\n\t\t\t\t<\/div>\n\t\t\t\t<div class=\"elementor-element elementor-element-465d488 elementor-widget elementor-widget-text-editor\" data-id=\"465d488\" data-element_type=\"widget\" data-widget_type=\"text-editor.default\">\n\t\t\t\t<div class=\"elementor-widget-container\">\n\t\t\t\t\t\t\t\t\t<p>Jugador<\/p>\t\t\t\t\t\t\t\t<\/div>\n\t\t\t\t<\/div>\n\t\t\t\t<\/div>\n\t\t<div class=\"elementor-element elementor-element-44d7bdab e-con-full animated-fast e-flex elementor-invisible e-con e-child\" data-id=\"44d7bdab\" data-element_type=\"container\" data-settings=\"{&quot;animation&quot;:&quot;fadeInUp&quot;,&quot;animation_delay&quot;:&quot;200&quot;}\">\n\t\t\t\t<div class=\"elementor-element elementor-element-2b0f0421 elementor-widget elementor-widget-image\" data-id=\"2b0f0421\" data-element_type=\"widget\" data-widget_type=\"image.default\">\n\t\t\t\t<div class=\"elementor-widget-container\">\n\t\t\t\t\t\t\t\t\t\t\t\t\t\t\t<img loading=\"lazy\" decoding=\"async\" width=\"683\" height=\"1024\" src=\"https:\/\/swisspadel.ch\/wp-content\/uploads\/2024\/07\/swisspadel_nationalteam_diego_sebastian-1-683x1024.jpg\" class=\"attachment-large size-large wp-image-14942\" alt=\"\" srcset=\"https:\/\/swisspadel.ch\/wp-content\/uploads\/2024\/07\/swisspadel_nationalteam_diego_sebastian-1-683x1024.jpg 683w, https:\/\/swisspadel.ch\/wp-content\/uploads\/2024\/07\/swisspadel_nationalteam_diego_sebastian-1-200x300.jpg 200w, https:\/\/swisspadel.ch\/wp-content\/uploads\/2024\/07\/swisspadel_nationalteam_diego_sebastian-1-768x1151.jpg 768w, https:\/\/swisspadel.ch\/wp-content\/uploads\/2024\/07\/swisspadel_nationalteam_diego_sebastian-1-1025x1536.jpg 1025w, https:\/\/swisspadel.ch\/wp-content\/uploads\/2024\/07\/swisspadel_nationalteam_diego_sebastian-1-600x900.jpg 600w, https:\/\/swisspadel.ch\/wp-content\/uploads\/2024\/07\/swisspadel_nationalteam_diego_sebastian-1.jpg 1334w\" sizes=\"(max-width: 683px) 100vw, 683px\" \/>\t\t\t\t\t\t\t\t\t\t\t\t\t\t\t<\/div>\n\t\t\t\t<\/div>\n\t\t\t\t<div class=\"elementor-element elementor-element-1e9b5125 elementor-widget elementor-widget-heading\" data-id=\"1e9b5125\" data-element_type=\"widget\" data-widget_type=\"heading.default\">\n\t\t\t\t<div class=\"elementor-widget-container\">\n\t\t\t\t\t<h4 class=\"elementor-heading-title elementor-size-default\">Diego Sebasti\u00e1n  <\/h4>\t\t\t\t<\/div>\n\t\t\t\t<\/div>\n\t\t\t\t<div class=\"elementor-element elementor-element-30abbed9 elementor-widget elementor-widget-text-editor\" data-id=\"30abbed9\" data-element_type=\"widget\" data-widget_type=\"text-editor.default\">\n\t\t\t\t<div class=\"elementor-widget-container\">\n\t\t\t\t\t\t\t\t\t<p>Entrenador Jefe<\/p>\t\t\t\t\t\t\t\t<\/div>\n\t\t\t\t<\/div>\n\t\t\t\t<\/div>\n\t\t\t\t<\/div>\n\t\t\t\t<\/div>\n\t\t<div class=\"elementor-element elementor-element-43e646f e-flex e-con-boxed e-con e-parent\" data-id=\"43e646f\" data-element_type=\"container\">\n\t\t\t\t\t<div class=\"e-con-inner\">\n\t\t\t\t<div class=\"elementor-element elementor-element-746da0dc elementor-widget elementor-widget-template\" data-id=\"746da0dc\" data-element_type=\"widget\" data-widget_type=\"template.default\">\n\t\t\t\t<div class=\"elementor-widget-container\">\n\t\t\t\t\t\t\t<div class=\"elementor-template\">\n\t\t\t\t\t<div data-elementor-type=\"container\" data-elementor-id=\"24128\" class=\"elementor elementor-24128 elementor-14764 elementor-14764\" data-elementor-post-type=\"elementor_library\">\n\t\t\t\t<div class=\"elementor-element elementor-element-2f8fbcf8 e-con-full e-flex e-con e-parent\" data-id=\"2f8fbcf8\" data-element_type=\"container\" data-settings=\"{&quot;background_background&quot;:&quot;classic&quot;}\">\n\t\t\t\t<div class=\"elementor-element elementor-element-115ab814 elementor-cta--layout-image-above elementor-cta--valign-middle elementor-cta--mobile-layout-image-above elementor-widget__width-initial elementor-widget-tablet__width-inherit animated-fast elementor-widget-mobile__width-inherit elementor-cta--skin-classic elementor-animated-content elementor-bg-transform elementor-bg-transform-zoom-in elementor-invisible elementor-widget elementor-widget-call-to-action\" data-id=\"115ab814\" data-element_type=\"widget\" data-settings=\"{&quot;_animation&quot;:&quot;fadeInUp&quot;,&quot;_animation_delay&quot;:200}\" data-widget_type=\"call-to-action.default\">\n\t\t\t\t<div class=\"elementor-widget-container\">\n\t\t\t\t\t\t\t<div class=\"elementor-cta\">\n\t\t\t\t\t\t\t<div class=\"elementor-cta__content\">\n\t\t\t\t\n\t\t\t\t\t\t\t\t\t<h2 class=\"elementor-cta__title elementor-cta__content-item elementor-content-item\">\n\t\t\t\t\t\t\u00bfA\u00fan no tienes licencia?&nbsp;<div>\u00a1Inscr\u00edbete ya!<span style=\"font-family: var( --e-global-typography-primary-font-family ), Sans-serif; font-size: var( --e-global-typography-primary-font-size ); font-style: var( --e-global-typography-primary-font-style ); font-weight: var( --e-global-typography-primary-font-weight ); letter-spacing: var( --e-global-typography-primary-letter-spacing ); text-transform: var( --e-global-typography-primary-text-transform ); text-decoration: var( --e-global-typography-primary-text-decoration );\"><\/span><\/div>\t\t\t\t\t<\/h2>\n\t\t\t\t\n\t\t\t\t\t\t\t\t\t<div class=\"elementor-cta__description elementor-cta__content-item elementor-content-item\">\n\t\t\t\t\t\t\u00bfTe gustar\u00eda participar en torneos pero a\u00fan no tienes licencia? Inscr\u00edbete en Swiss Padel.\t\t\t\t\t<\/div>\n\t\t\t\t\n\t\t\t\t\t\t\t\t\t<div class=\"elementor-cta__button-wrapper elementor-cta__content-item elementor-content-item \">\n\t\t\t\t\t<a class=\"elementor-cta__button elementor-button elementor-size-md\">\n\t\t\t\t\t\tReg\u00edstrate ahora\t\t\t\t\t<\/a>\n\t\t\t\t\t<\/div>\n\t\t\t\t\t\t\t<\/div>\n\t\t\t\t\t\t<\/div>\n\t\t\t\t\t\t<\/div>\n\t\t\t\t<\/div>\n\t\t\t\t<\/div>\n\t\t\t\t<\/div>\n\t\t\t\t<\/div>\n\t\t\t\t\t\t<\/div>\n\t\t\t\t<\/div>\n\t\t\t\t\t<\/div>\n\t\t\t\t<\/div>\n\t\t<div class=\"elementor-element elementor-element-1760fc04 e-flex e-con-boxed e-con e-parent\" data-id=\"1760fc04\" data-element_type=\"container\">\n\t\t\t\t\t<div class=\"e-con-inner\">\n\t\t\t\t<div class=\"elementor-element elementor-element-7f24598d elementor-widget elementor-widget-menu-anchor\" data-id=\"7f24598d\" data-element_type=\"widget\" data-widget_type=\"menu-anchor.default\">\n\t\t\t\t<div class=\"elementor-widget-container\">\n\t\t\t\t\t\t\t<div class=\"elementor-menu-anchor\" id=\"Archivo\"><\/div>\n\t\t\t\t\t\t<\/div>\n\t\t\t\t<\/div>\n\t\t\t\t<div class=\"elementor-element elementor-element-5edb35e5 animated-fast elementor-invisible elementor-widget elementor-widget-heading\" data-id=\"5edb35e5\" data-element_type=\"widget\" data-settings=\"{&quot;_animation&quot;:&quot;fadeInUp&quot;,&quot;_animation_delay&quot;:&quot;200&quot;}\" data-widget_type=\"heading.default\">\n\t\t\t\t<div class=\"elementor-widget-container\">\n\t\t\t\t\t<h2 class=\"elementor-heading-title elementor-size-default\">Del archivo<\/h2>\t\t\t\t<\/div>\n\t\t\t\t<\/div>\n\t\t\t\t<div class=\"elementor-element elementor-element-32db7976 animated-fast elementor-invisible elementor-widget elementor-widget-heading\" data-id=\"32db7976\" data-element_type=\"widget\" data-settings=\"{&quot;_animation&quot;:&quot;fadeInUp&quot;,&quot;_animation_delay&quot;:&quot;200&quot;}\" data-widget_type=\"heading.default\">\n\t\t\t\t<div class=\"elementor-widget-container\">\n\t\t\t\t\t<p class=\"elementor-heading-title elementor-size-default\">Momentos hist\u00f3ricos y momentos inolvidables del deporte del p\u00e1del<\/p>\t\t\t\t<\/div>\n\t\t\t\t<\/div>\n\t\t\t\t<div class=\"elementor-element elementor-element-399e76d2 elementor-widget elementor-widget-spacer\" data-id=\"399e76d2\" data-element_type=\"widget\" data-widget_type=\"spacer.default\">\n\t\t\t\t<div class=\"elementor-widget-container\">\n\t\t\t\t\t\t\t<div class=\"elementor-spacer\">\n\t\t\t<div class=\"elementor-spacer-inner\"><\/div>\n\t\t<\/div>\n\t\t\t\t\t\t<\/div>\n\t\t\t\t<\/div>\n\t\t\t\t<div class=\"elementor-element elementor-element-7c63d8ff elementor-widget elementor-widget-gallery\" data-id=\"7c63d8ff\" data-element_type=\"widget\" data-settings=\"{&quot;columns&quot;:&quot;3&quot;,&quot;gap&quot;:{&quot;unit&quot;:&quot;px&quot;,&quot;size&quot;:&quot;40&quot;,&quot;sizes&quot;:[]},&quot;lazyload&quot;:&quot;yes&quot;,&quot;gallery_layout&quot;:&quot;grid&quot;,&quot;columns_tablet&quot;:2,&quot;columns_mobile&quot;:1,&quot;gap_tablet&quot;:{&quot;unit&quot;:&quot;px&quot;,&quot;size&quot;:10,&quot;sizes&quot;:[]},&quot;gap_mobile&quot;:{&quot;unit&quot;:&quot;px&quot;,&quot;size&quot;:10,&quot;sizes&quot;:[]},&quot;link_to&quot;:&quot;file&quot;,&quot;aspect_ratio&quot;:&quot;3:2&quot;,&quot;content_hover_animation&quot;:&quot;fade-in&quot;}\" data-widget_type=\"gallery.default\">\n\t\t\t\t<div class=\"elementor-widget-container\">\n\t\t\t\t\t\t\t<div class=\"elementor-gallery__container\">\n\t\t\t\t\t\t\t<a class=\"e-gallery-item elementor-gallery-item elementor-animated-content\" href=\"https:\/\/swisspadel.ch\/wp-content\/uploads\/2024\/07\/swisspadel_nationalteam_em_oslo_damen_2024-scaled-1-1.jpg\" data-elementor-open-lightbox=\"yes\" data-elementor-lightbox-slideshow=\"7c63d8ff\" data-elementor-lightbox-title=\"swisspadel_nationalteam_em_oslo_damen_2024-scaled-1.jpg\" data-e-action-hash=\"#elementor-action%3Aaction%3Dlightbox%26settings%3DeyJpZCI6MTQ5NDMsInVybCI6Imh0dHBzOlwvXC9zd2lzc3BhZGVsLmNoXC93cC1jb250ZW50XC91cGxvYWRzXC8yMDI0XC8wN1wvc3dpc3NwYWRlbF9uYXRpb25hbHRlYW1fZW1fb3Nsb19kYW1lbl8yMDI0LXNjYWxlZC0xLTEuanBnIiwic2xpZGVzaG93IjoiN2M2M2Q4ZmYifQ%3D%3D\">\n\t\t\t\t\t<div class=\"e-gallery-image elementor-gallery-item__image\" data-thumbnail=\"https:\/\/swisspadel.ch\/wp-content\/uploads\/2024\/07\/swisspadel_nationalteam_em_oslo_damen_2024-scaled-1-1-1536x2048.jpg\" data-width=\"1536\" data-height=\"2048\" aria-label=\"\" role=\"img\" ><\/div>\n\t\t\t\t\t\t\t\t\t\t\t\t\t\t<\/a>\n\t\t\t\t\t\t\t<a class=\"e-gallery-item elementor-gallery-item elementor-animated-content\" href=\"https:\/\/swisspadel.ch\/wp-content\/uploads\/2024\/07\/swisspadel_nationalteam_em_oslo_herren_2024-1.jpg\" data-elementor-open-lightbox=\"yes\" data-elementor-lightbox-slideshow=\"7c63d8ff\" data-elementor-lightbox-title=\"swisspadel_nationalteam_em_oslo_herren_2024.jpg\" data-e-action-hash=\"#elementor-action%3Aaction%3Dlightbox%26settings%3DeyJpZCI6MTQ5NDQsInVybCI6Imh0dHBzOlwvXC9zd2lzc3BhZGVsLmNoXC93cC1jb250ZW50XC91cGxvYWRzXC8yMDI0XC8wN1wvc3dpc3NwYWRlbF9uYXRpb25hbHRlYW1fZW1fb3Nsb19oZXJyZW5fMjAyNC0xLmpwZyIsInNsaWRlc2hvdyI6IjdjNjNkOGZmIn0%3D\">\n\t\t\t\t\t<div class=\"e-gallery-image elementor-gallery-item__image\" data-thumbnail=\"https:\/\/swisspadel.ch\/wp-content\/uploads\/2024\/07\/swisspadel_nationalteam_em_oslo_herren_2024-1.jpg\" data-width=\"1600\" data-height=\"1200\" aria-label=\"\" role=\"img\" ><\/div>\n\t\t\t\t\t\t\t\t\t\t\t\t\t\t<\/a>\n\t\t\t\t\t\t\t<a class=\"e-gallery-item elementor-gallery-item elementor-animated-content\" href=\"https:\/\/swisspadel.ch\/wp-content\/uploads\/2024\/07\/swisspadel_nationalteam_em_portugal_2008-2.jpg\" data-elementor-open-lightbox=\"yes\" data-elementor-lightbox-slideshow=\"7c63d8ff\" data-elementor-lightbox-title=\"swisspadel_nationalteam_em_portugal_2008.jpg\" data-e-action-hash=\"#elementor-action%3Aaction%3Dlightbox%26settings%3DeyJpZCI6MTQ5NDUsInVybCI6Imh0dHBzOlwvXC9zd2lzc3BhZGVsLmNoXC93cC1jb250ZW50XC91cGxvYWRzXC8yMDI0XC8wN1wvc3dpc3NwYWRlbF9uYXRpb25hbHRlYW1fZW1fcG9ydHVnYWxfMjAwOC0yLmpwZyIsInNsaWRlc2hvdyI6IjdjNjNkOGZmIn0%3D\">\n\t\t\t\t\t<div class=\"e-gallery-image elementor-gallery-item__image\" data-thumbnail=\"https:\/\/swisspadel.ch\/wp-content\/uploads\/2024\/07\/swisspadel_nationalteam_em_portugal_2008-2.jpg\" data-width=\"1056\" data-height=\"720\" aria-label=\"\" role=\"img\" ><\/div>\n\t\t\t\t\t\t\t\t\t\t\t\t\t\t<\/a>\n\t\t\t\t\t<\/div>\n\t\t\t\t\t<\/div>\n\t\t\t\t<\/div>\n\t\t\t\t\t<\/div>\n\t\t\t\t<\/div>\n\t\t\t\t<\/div>\n\t\t","protected":false},"excerpt":{"rendered":"<p>Los mejores jugadores para representar a nuestro pa\u00eds.<\/p>\n","protected":false},"author":1,"featured_media":23605,"parent":23562,"menu_order":0,"comment_status":"closed","ping_status":"open","template":"","meta":{"_acf_changed":false,"footnotes":""},"class_list":["post-24178","page","type-page","status-publish","has-post-thumbnail","hentry"],"acf":[],"_links":{"self":[{"href":"https:\/\/swisspadel.ch\/es\/wp-json\/wp\/v2\/pages\/24178","targetHints":{"allow":["GET"]}}],"collection":[{"href":"https:\/\/swisspadel.ch\/es\/wp-json\/wp\/v2\/pages"}],"about":[{"href":"https:\/\/swisspadel.ch\/es\/wp-json\/wp\/v2\/types\/page"}],"author":[{"embeddable":true,"href":"https:\/\/swisspadel.ch\/es\/wp-json\/wp\/v2\/users\/1"}],"replies":[{"embeddable":true,"href":"https:\/\/swisspadel.ch\/es\/wp-json\/wp\/v2\/comments?post=24178"}],"version-history":[{"count":2,"href":"https:\/\/swisspadel.ch\/es\/wp-json\/wp\/v2\/pages\/24178\/revisions"}],"predecessor-version":[{"id":24209,"href":"https:\/\/swisspadel.ch\/es\/wp-json\/wp\/v2\/pages\/24178\/revisions\/24209"}],"up":[{"embeddable":true,"href":"https:\/\/swisspadel.ch\/es\/wp-json\/wp\/v2\/pages\/23562"}],"wp:featuredmedia":[{"embeddable":true,"href":"https:\/\/swisspadel.ch\/es\/wp-json\/wp\/v2\/media\/23605"}],"wp:attachment":[{"href":"https:\/\/swisspadel.ch\/es\/wp-json\/wp\/v2\/media?parent=24178"}],"curies":[{"name":"wp","href":"https:\/\/api.w.org\/{rel}","templated":true}]}}