{"id":24179,"date":"2024-07-19T19:10:06","date_gmt":"2024-07-19T19:10:06","guid":{"rendered":"https:\/\/swisspadel.ch\/privacy-policy\/"},"modified":"2025-06-13T13:24:47","modified_gmt":"2025-06-13T13:24:47","slug":"privacy-policy","status":"publish","type":"page","link":"https:\/\/swisspadel.ch\/es\/privacy-policy\/","title":{"rendered":"Pol\u00edtica de privacidad"},"content":{"rendered":"\t\t<div data-elementor-type=\"wp-page\" data-elementor-id=\"24179\" class=\"elementor elementor-24179 elementor-14893\" data-elementor-post-type=\"page\">\n\t\t\t\t<div class=\"elementor-element elementor-element-5c236c6f e-con-full e-flex e-con e-parent\" data-id=\"5c236c6f\" data-element_type=\"container\" data-settings=\"{&quot;background_background&quot;:&quot;classic&quot;}\">\n\t\t\t\t<div class=\"elementor-element elementor-element-5303f47e elementor-widget elementor-widget-heading\" data-id=\"5303f47e\" data-element_type=\"widget\" data-widget_type=\"heading.default\">\n\t\t\t\t<div class=\"elementor-widget-container\">\n\t\t\t\t\t<h5 class=\"elementor-heading-title elementor-size-default\">Principios de protecci\u00f3n de datos<\/h5>\t\t\t\t<\/div>\n\t\t\t\t<\/div>\n\t\t\t\t<\/div>\n\t\t<div class=\"elementor-element elementor-element-335ec04 e-flex e-con-boxed e-con e-parent\" data-id=\"335ec04\" data-element_type=\"container\">\n\t\t\t\t\t<div class=\"e-con-inner\">\n\t\t\t\t<div class=\"elementor-element elementor-element-31aae119 elementor-widget elementor-widget-text-editor\" data-id=\"31aae119\" data-element_type=\"widget\" data-widget_type=\"text-editor.default\">\n\t\t\t\t<div class=\"elementor-widget-container\">\n\t\t\t\t\t\t\t\t\t<p><\/p>\n<p><strong style=\"text-align: var(--text-align);\">RESPONSABLE:<\/strong><\/p>\n<p>Asociaci\u00f3n Suiza de P\u00e1del<\/p>\n<p><\/p>\n<p><\/p>\n<p><strong>FINALIDAD:<\/strong><br>Responder a las consultas realizadas por el usuario y enviar la informaci\u00f3n solicitada<\/p>\n<p><\/p>\n<p><\/p>\n<p><strong>FUNDAMENTO JUR\u00cdDICO:<\/strong><br>Consentimiento del usuario<\/p>\n<p><\/p>\n<p><\/p>\n<p><strong>RECEPTOR:<\/strong><br>Los datos s\u00f3lo se transmitir\u00e1n en caso de obligaci\u00f3n legal.<\/p>\n<p><\/p>\n<p><\/p>\n<p><strong>DERECHOS:<\/strong><br>Acceso, rectificaci\u00f3n y supresi\u00f3n, as\u00ed como otros derechos establecidos en la pol\u00edtica de privacidad.<\/p>\n<p><\/p>\n<p><\/p>\n<p>En Swiss Padel Association, valoramos tu privacidad y nos comprometemos a proteger los datos personales que recopilamos y procesamos en relaci\u00f3n con tu uso del sitio web www.swisspadel.ch (el \u201cSitio web\u201d) de acuerdo con nuestras Condiciones de uso. La presente Pol\u00edtica de Privacidad, actualizada peri\u00f3dicamente por Swiss Padel Association, define las condiciones bajo las cuales autorizas a Swiss Padel Association a recopilar y procesar tus datos personales. <\/p>\n<p><\/p>\n<p><\/p>\n<p><strong>1. RECOGIDA Y TRATAMIENTO DE DATOS PERSONALES<\/strong><\/p>\n<p><\/p>\n<p><\/p>\n<p>El uso de ciertas funciones del sitio web requiere que te registres en la Asociaci\u00f3n Suiza de P\u00e1del y proporciones cierta informaci\u00f3n sobre ti mismo, incluidos datos personales en el sentido del nuevo Reglamento General de Protecci\u00f3n de Datos de la UE (RGPD).<\/p>\n<p><\/p>\n<p><\/p>\n<p>Para inscribirte en la Asociaci\u00f3n Suiza de P\u00e1del, es posible que se te solicite la siguiente informaci\u00f3n:<\/p>\n<p><\/p>\n<p><\/p>\n<ul>\n<li style=\"list-style-type: none;\">\n<ul><\/ul>\n<\/li>\n<\/ul>\n<p> <\/p>\n<ul>\n<li style=\"list-style-type: none;\">\n<ul>\n<li>Nombre y apellidos<\/li>\n<\/ul>\n<\/li>\n<\/ul>\n<p><\/p>\n<p><\/p>\n<ul>\n<li style=\"list-style-type: none;\">\n<ul>\n<li>Direcci\u00f3n<\/li>\n<\/ul>\n<\/li>\n<\/ul>\n<p><\/p>\n<p><\/p>\n<ul>\n<li style=\"list-style-type: none;\">\n<ul>\n<li>Organizaci\u00f3n<\/li>\n<\/ul>\n<\/li>\n<\/ul>\n<p><\/p>\n<p><\/p>\n<ul>\n<li style=\"list-style-type: none;\">\n<ul>\n<li>N\u00famero de tel\u00e9fono<\/li>\n<\/ul>\n<\/li>\n<\/ul>\n<p><\/p>\n<p><\/p>\n<ul>\n<li style=\"list-style-type: none;\">\n<ul>\n<li>Direcci\u00f3n de correo electr\u00f3nico<\/li>\n<\/ul>\n<\/li>\n<\/ul>\n<p><\/p>\n<p><\/p>\n<ul>\n<li style=\"list-style-type: none;\">\n<ul>\n<li>Edad<\/li>\n<\/ul>\n<\/li>\n<\/ul>\n<p><\/p>\n<p><\/p>\n<ul>\n<li style=\"list-style-type: none;\">\n<ul>\n<li>Informaci\u00f3n adicional solicitada en el proceso de inscripci\u00f3n<\/li>\n<\/ul>\n<\/li>\n<\/ul>\n<p><\/p>\n<p><\/p>\n<p><\/p>\n<p>AL FACILITAR TUS DATOS PERSONALES, AUTORIZAS EXPRESAMENTE A LA ASOCIACI\u00d3N SUIZA DE P\u00c1DEL A RECOGER Y TRATAR DICHOS DATOS.<\/p>\n<p><\/p>\n<p><\/p>\n<p>La Asociaci\u00f3n Suiza de P\u00e1del es la \u00fanica propietaria de los datos personales que proporciones.<\/p>\n<p><\/p>\n<p><\/p>\n<p>Tambi\u00e9n aceptas que la Asociaci\u00f3n Suiza de P\u00e1del pueda implementar un proceso de seguimiento autom\u00e1tico (cookie) que recopile informaci\u00f3n an\u00f3nima, como el tipo de navegador, los sistemas operativos y la fecha y hora de acceso, cuando utilizas el sitio web con el fin de mejorar el contenido del sitio web, personalizar el sitio web para nuestros visitantes y saber m\u00e1s sobre ellos y su uso del sitio web. Puedes bloquear las cookies cambiando la configuraci\u00f3n de tu navegador. <\/p>\n<p><\/p>\n<p><\/p>\n<p>La Asociaci\u00f3n Suiza de P\u00e1del se compromete a recopilar y procesar tus datos personales de forma transparente, l\u00edcita y proporcionada en todo momento.<\/p>\n<p><\/p>\n<p><\/p>\n<p><strong>2. DERECHO DE ACCESO Y CONSENTIMIENTO<\/strong><\/p>\n<p><\/p>\n<p><\/p>\n<p>Puedes solicitar en cualquier momento el acceso a tus datos personales y solicitar la rectificaci\u00f3n de los datos inexactos o incompletos que te conciernan, poni\u00e9ndote en contacto con la Asociaci\u00f3n Suiza de P\u00e1del en la siguiente direcci\u00f3n: <a href=\"mailto:info@swisspadel.ch\">info@swisspadel.ch.<\/a> Es tu responsabilidad asegurarte de que tus datos personales son exactos y est\u00e1n actualizados. Si te das cuenta de que alguno de tus datos personales es incorrecto o no est\u00e1 actualizado, es tu responsabilidad informar a la Asociaci\u00f3n Suiza de P\u00e1del. Lo mismo se aplica si deseas retirar tu consentimiento. Es tu responsabilidad ponerte en contacto con la Asociaci\u00f3n Suiza de P\u00e1del.<\/p>\n<p><\/p>\n<p><\/p>\n<p><strong>3. FINALIDAD DE LA RECOGIDA Y TRATAMIENTO DE LOS DATOS PERSONALES<\/strong><\/p>\n<p><\/p>\n<p><\/p>\n<p>La Asociaci\u00f3n Suiza de P\u00e1del recoge y procesa tus datos personales exclusivamente para los siguientes fines:<\/p>\n<p><\/p>\n<p><\/p>\n<ul>\n<li style=\"list-style-type: none;\">\n<ul><\/ul>\n<\/li>\n<\/ul>\n<p> <\/p>\n<ul>\n<li style=\"list-style-type: none;\">\n<ul>\n<li>Participaci\u00f3n en desaf\u00edos y competiciones organizados por la Asociaci\u00f3n Suiza de P\u00e1del en la p\u00e1gina web<\/li>\n<\/ul>\n<\/li>\n<\/ul>\n<p><\/p>\n<p><\/p>\n<ul>\n<li style=\"list-style-type: none;\">\n<ul>\n<li>Registro para utilizar el sitio web<\/li>\n<\/ul>\n<\/li>\n<\/ul>\n<p><\/p>\n<p><\/p>\n<ul>\n<li style=\"list-style-type: none;\">\n<ul>\n<li>Mantenimiento y desarrollo del sitio web<\/li>\n<\/ul>\n<\/li>\n<\/ul>\n<p><\/p>\n<p><\/p>\n<ul>\n<li style=\"list-style-type: none;\">\n<ul>\n<li>Recopilaci\u00f3n de estad\u00edsticas para mejorar la calidad de los servicios ofrecidos a los usuarios<\/li>\n<\/ul>\n<\/li>\n<\/ul>\n<p><\/p>\n<p><\/p>\n<p><\/p>\n<p>Tus datos personales no ser\u00e1n cedidos ni compartidos con terceros con fines de marketing.<\/p>\n<p><\/p>\n<p><\/p>\n<p>Tus datos personales s\u00f3lo podr\u00e1n ser revelados para los fines y en las situaciones que exija la ley.<\/p>\n<p><\/p>\n<p><\/p>\n<p><strong>4. ALMACENAMIENTO Y TRANSMISI\u00d3N DE TUS DATOS PERSONALES<\/strong><\/p>\n<p><\/p>\n<p><\/p>\n<p>La Asociaci\u00f3n Suiza de P\u00e1del tiene su sede en Suiza y todos los datos personales que transmitas a la Asociaci\u00f3n Suiza de P\u00e1del se almacenar\u00e1n en este pa\u00eds. En principio, la Asociaci\u00f3n Suiza de P\u00e1del nunca transmitir\u00e1 tus datos personales a terceros sin tu consentimiento previo. <\/p>\n<p><\/p>\n<p><\/p>\n<p>Las actividades de Swiss Padel Association son internacionales y al registrarte en Swiss Padel Association reconoces y aceptas que Swiss Padel Association pueda transferir tus datos personales a otras entidades de Swiss Padel Association o a sus subcontratistas, incluso fuera de Suiza o de la Uni\u00f3n Europea, si Swiss Padel Association lo considera necesario para los fines establecidos en la secci\u00f3n 3. Nos aseguraremos de que la entidad receptora se haya comprometido a tratar tus datos de forma confidencial y segura, fuera de tu pa\u00eds de residencia. Si el nivel de protecci\u00f3n de datos de un pa\u00eds no cumple las normas reconocidas internacionalmente, nos aseguraremos de que las transferencias de datos a bases de datos de ese pa\u00eds est\u00e9n igualmente protegidas y de que no se produzca ninguna transferencia de datos a terceros en dichos pa\u00edses. La Asociaci\u00f3n Suiza de P\u00e1del se reserva el derecho a revelar tus datos personales si as\u00ed lo exige la ley o si creemos de buena fe que dicha revelaci\u00f3n es necesaria para cumplir con la legislaci\u00f3n aplicable.   <\/p>\n<p><\/p>\n<p><\/p>\n<p><strong>5. SEGURIDAD DE LOS DATOS<\/strong><\/p>\n<p><\/p>\n<p><\/p>\n<p>La Asociaci\u00f3n Suiza de P\u00e1del se esfuerza por garantizar el mejor nivel posible de seguridad para tus datos personales y tomar\u00e1 las medidas t\u00e9cnicas y organizativas adecuadas para proteger tus datos de los riesgos de da\u00f1o, destrucci\u00f3n, p\u00e9rdida o acceso no autorizado.<\/p>\n<p><\/p>\n<p><\/p>\n<p>Todos los datos personales que nos proporciones ser\u00e1n tratados de forma estrictamente confidencial.<\/p>\n<p><\/p>\n<p><\/p>\n<p><strong>6. ALMACENAMIENTO DE DATOS<\/strong><\/p>\n<p><\/p>\n<p><\/p>\n<p>La Asociaci\u00f3n Suiza de P\u00e1del s\u00f3lo conservar\u00e1 tus datos personales durante el tiempo necesario para los fines establecidos en la secci\u00f3n 3. Ten en cuenta que los datos pueden conservarse durante un periodo de tiempo m\u00e1s largo \u00fanicamente con fines estad\u00edsticos y que la Asociaci\u00f3n Suiza de P\u00e1del utiliza datos an\u00f3nimos siempre que es posible. <\/p>\n<p><\/p>\n<p><\/p>\n<p><strong>7. RESTRICCI\u00d3N DE EDAD<\/strong><\/p>\n<p><\/p>\n<p><\/p>\n<p>No es posible el registro de usuarios menores de 13 a\u00f1os. Al registrarte en la Asociaci\u00f3n Suiza de P\u00e1del, garantizas que tienes al menos 13 a\u00f1os. Si eres menor de 18 a\u00f1os, debes obtener la autorizaci\u00f3n de tus padres o tutor legal antes de utilizar el sitio web y registrarte en la Asociaci\u00f3n Suiza de P\u00e1del.  <\/p>\n<p><\/p>\n<p><\/p>\n<p>Si eres el padre, la madre o el tutor legal de un menor de 18 a\u00f1os y ese menor se ha inscrito en la Asociaci\u00f3n Suiza de P\u00e1del sin tu permiso, ponte en contacto con la Asociaci\u00f3n Suiza de P\u00e1del y te daremos instrucciones completas sobre c\u00f3mo cancelar la inscripci\u00f3n de tu hijo.<\/p>\n<p><\/p>\n<p><\/p>\n<p><strong>8. SPAMMING<\/strong><\/p>\n<p><\/p>\n<p><\/p>\n<p>La Asociaci\u00f3n Suiza de P\u00e1del no se dedicar\u00e1 al spamming y s\u00f3lo autorizar\u00e1 el uso de tus datos personales con fines comerciales o promocionales por parte de terceros con tu consentimiento expreso. Si consideramos que determinada informaci\u00f3n sobre las actividades de la Asociaci\u00f3n Suiza de P\u00e1del es de tu inter\u00e9s, te informaremos por correo electr\u00f3nico, d\u00e1ndote la oportunidad de darte de baja de este servicio. <\/p>\n<p><\/p>\n<p><\/p>\n<p><strong>9. MODIFICACI\u00d3N DE ESTA POL\u00cdTICA DE PRIVACIDAD<\/strong><\/p>\n<p><\/p>\n<p><\/p>\n<p>La Asociaci\u00f3n Suiza de P\u00e1del se reserva el derecho a realizar cambios en los t\u00e9rminos contenidos en esta Pol\u00edtica de Privacidad en cualquier momento y a su entera discreci\u00f3n. Cuando realicemos cambios, cambiaremos la fecha de \u201c\u00faltima actualizaci\u00f3n\u201d en la parte superior de las Condiciones de uso del sitio Web. Cualquier cambio ser\u00e1 efectivo inmediatamente despu\u00e9s de su publicaci\u00f3n en el Sitio Web. Tu uso continuado del Sitio Web tras la publicaci\u00f3n de los cambios constituir\u00e1 tu aceptaci\u00f3n de dichos cambios. Te recomendamos que revises las Condiciones de uso y la Pol\u00edtica de privacidad cada vez que visites uno de nuestros sitios Web.    <\/p>\n<p><\/p>\n<p><\/p>\n<p>Si tienes alguna pregunta, comentario o queja sobre esta Pol\u00edtica de Privacidad, ponte en contacto con la Asociaci\u00f3n Suiza de P\u00e1del en <a href=\"mailto:info@swisspadel.ch\" target=\"_blank\" rel=\"noreferrer noopener\">info@swisspadel.ch.<\/a><\/p>\n<p><\/p>\t\t\t\t\t\t\t\t<\/div>\n\t\t\t\t<\/div>\n\t\t\t\t\t<\/div>\n\t\t\t\t<\/div>\n\t\t\t\t<\/div>\n\t\t","protected":false},"excerpt":{"rendered":"<p>Principios de protecci\u00f3n de datos<\/p>\n","protected":false},"author":1,"featured_media":24180,"parent":0,"menu_order":0,"comment_status":"closed","ping_status":"open","template":"","meta":{"_acf_changed":false,"footnotes":""},"class_list":["post-24179","page","type-page","status-publish","has-post-thumbnail","hentry"],"acf":[],"_links":{"self":[{"href":"https:\/\/swisspadel.ch\/es\/wp-json\/wp\/v2\/pages\/24179","targetHints":{"allow":["GET"]}}],"collection":[{"href":"https:\/\/swisspadel.ch\/es\/wp-json\/wp\/v2\/pages"}],"about":[{"href":"https:\/\/swisspadel.ch\/es\/wp-json\/wp\/v2\/types\/page"}],"author":[{"embeddable":true,"href":"https:\/\/swisspadel.ch\/es\/wp-json\/wp\/v2\/users\/1"}],"replies":[{"embeddable":true,"href":"https:\/\/swisspadel.ch\/es\/wp-json\/wp\/v2\/comments?post=24179"}],"version-history":[{"count":8,"href":"https:\/\/swisspadel.ch\/es\/wp-json\/wp\/v2\/pages\/24179\/revisions"}],"predecessor-version":[{"id":24208,"href":"https:\/\/swisspadel.ch\/es\/wp-json\/wp\/v2\/pages\/24179\/revisions\/24208"}],"wp:featuredmedia":[{"embeddable":true,"href":"https:\/\/swisspadel.ch\/es\/wp-json\/wp\/v2\/media\/24180"}],"wp:attachment":[{"href":"https:\/\/swisspadel.ch\/es\/wp-json\/wp\/v2\/media?parent=24179"}],"curies":[{"name":"wp","href":"https:\/\/api.w.org\/{rel}","templated":true}]}}