{"id":19040,"date":"2024-07-19T21:31:35","date_gmt":"2024-07-19T21:31:35","guid":{"rendered":"https:\/\/swisspadel.ch\/creation-de\/"},"modified":"2024-12-03T06:28:59","modified_gmt":"2024-12-03T06:28:59","slug":"established","status":"publish","type":"page","link":"https:\/\/swisspadel.ch\/fr\/association\/established\/","title":{"rendered":"Cr\u00e9ation de"},"content":{"rendered":"\t\t<div data-elementor-type=\"wp-page\" data-elementor-id=\"19040\" class=\"elementor elementor-19040 elementor-15607\" data-elementor-post-type=\"page\">\n\t\t\t\t<div class=\"elementor-element elementor-element-7e65e7e0 e-flex e-con-boxed e-con e-parent\" data-id=\"7e65e7e0\" data-element_type=\"container\">\n\t\t\t\t\t<div class=\"e-con-inner\">\n\t\t\t\t<div class=\"elementor-element elementor-element-584bdc70 elementor-widget elementor-widget-template\" data-id=\"584bdc70\" data-element_type=\"widget\" data-widget_type=\"template.default\">\n\t\t\t\t<div class=\"elementor-widget-container\">\n\t\t\t\t\t\t\t<div class=\"elementor-template\">\n\t\t\t\t\t<div data-elementor-type=\"container\" data-elementor-id=\"14753\" class=\"elementor elementor-14753\" data-elementor-post-type=\"elementor_library\">\n\t\t\t\t<div class=\"elementor-element elementor-element-257480bf e-con-full e-flex e-con e-parent\" data-id=\"257480bf\" data-element_type=\"container\" data-settings=\"{&quot;background_background&quot;:&quot;classic&quot;}\">\n\t\t<div class=\"elementor-element elementor-element-a9fa854 e-flex e-con-boxed e-con e-child\" data-id=\"a9fa854\" data-element_type=\"container\">\n\t\t\t\t\t<div class=\"e-con-inner\">\n\t\t\t\t<div class=\"elementor-element elementor-element-61ba23ed animated-fast elementor-invisible elementor-widget elementor-widget-heading\" data-id=\"61ba23ed\" data-element_type=\"widget\" data-settings=\"{&quot;_animation&quot;:&quot;fadeInUp&quot;,&quot;_animation_delay&quot;:1050}\" data-widget_type=\"heading.default\">\n\t\t\t\t<div class=\"elementor-widget-container\">\n\t\t\t\t\t<h5 class=\"elementor-heading-title elementor-size-default\">Portrait du pr\u00e9sident de Swiss Padel\n<\/h5>\t\t\t\t<\/div>\n\t\t\t\t<\/div>\n\t\t\t\t\t<\/div>\n\t\t\t\t<\/div>\n\t\t\t\t<\/div>\n\t\t\t\t<\/div>\n\t\t\t\t<\/div>\n\t\t\t\t\t\t<\/div>\n\t\t\t\t<\/div>\n\t\t\t\t\t<\/div>\n\t\t\t\t<\/div>\n\t\t<div class=\"elementor-element elementor-element-4a690eb2 e-flex e-con-boxed e-con e-parent\" data-id=\"4a690eb2\" data-element_type=\"container\">\n\t\t\t\t\t<div class=\"e-con-inner\">\n\t\t<div class=\"elementor-element elementor-element-4547ac04 e-con-full animated-fast e-flex elementor-invisible e-con e-child\" data-id=\"4547ac04\" data-element_type=\"container\" data-settings=\"{&quot;animation&quot;:&quot;fadeInUp&quot;,&quot;animation_delay&quot;:&quot;400&quot;}\">\n\t\t\t\t<div class=\"elementor-element elementor-element-43fe1167 elementor-widget elementor-widget-heading\" data-id=\"43fe1167\" data-element_type=\"widget\" data-widget_type=\"heading.default\">\n\t\t\t\t<div class=\"elementor-widget-container\">\n\t\t\t\t\t<h2 class=\"elementor-heading-title elementor-size-default\">\u00c0 propos de Rico Jacober<\/h2>\t\t\t\t<\/div>\n\t\t\t\t<\/div>\n\t\t\t\t<div class=\"elementor-element elementor-element-40bbf84b elementor-widget elementor-widget-text-editor\" data-id=\"40bbf84b\" data-element_type=\"widget\" data-widget_type=\"text-editor.default\">\n\t\t\t\t<div class=\"elementor-widget-container\">\n\t\t\t\t\t\t\t\t\t<p>Le fondateur et premier pr\u00e9sident de l&rsquo;Association suisse de padel, aujourd&rsquo;hui Swiss Padel Association, est \u00e0 nouveau notre pr\u00e9sident depuis 2024 et avance vers l&rsquo;avenir avec le sport tendance, le comit\u00e9 directeur et le bureau de Swiss Padel.<\/p>\n<p>Rico Jacober a fond\u00e9 la F\u00e9d\u00e9ration suisse de padel avec son fr\u00e8re Mario Jacober en 2006. Il avait \u00e9galement ouvert la voie aux premiers terrains en Suisse et aussi, par exemple, \u00e0 Singapour pour ce sport passionnant.<\/p>\n<p>En plus de sa passion br\u00fblante pour le padel et de son \u00e9volution au cours des deux derni\u00e8res d\u00e9cennies, Rico \u00e9tait \u00e9galement pass\u00e9 du statut de joueur de padel confirm\u00e9 \u00e0 celui de joueur d&rsquo;\u00e9lite. Il a jou\u00e9 dans l&rsquo;\u00e9quipe nationale de padel des \u00c9tats-Unis et a \u00e9t\u00e9 capitaine de l&rsquo;\u00e9quipe am\u00e9ricaine de la Coupe du monde avant de rejoindre l&rsquo;\u00e9quipe nationale suisse.  <\/p>\n\t\t\t\t\t\t\t\t<\/div>\n\t\t\t\t<\/div>\n\t\t<div class=\"elementor-element elementor-element-3322d108 e-con-full animated-fast e-flex elementor-invisible e-con e-child\" data-id=\"3322d108\" data-element_type=\"container\" data-settings=\"{&quot;animation&quot;:&quot;fadeInUp&quot;,&quot;animation_delay&quot;:&quot;400&quot;}\">\n\t\t\t\t<div class=\"elementor-element elementor-element-12c5ef6f elementor-mobile-align-center elementor-widget elementor-widget-button\" data-id=\"12c5ef6f\" data-element_type=\"widget\" data-widget_type=\"button.default\">\n\t\t\t\t<div class=\"elementor-widget-container\">\n\t\t\t\t\t\t\t\t\t<div class=\"elementor-button-wrapper\">\n\t\t\t\t\t<a class=\"elementor-button elementor-button-link elementor-size-sm\" href=\"mailto:rico.jacober@gmail.com\">\n\t\t\t\t\t\t<span class=\"elementor-button-content-wrapper\">\n\t\t\t\t\t\t\t\t\t<span class=\"elementor-button-text\">Contact<\/span>\n\t\t\t\t\t<\/span>\n\t\t\t\t\t<\/a>\n\t\t\t\t<\/div>\n\t\t\t\t\t\t\t\t<\/div>\n\t\t\t\t<\/div>\n\t\t\t\t<\/div>\n\t\t\t\t<\/div>\n\t\t<div class=\"elementor-element elementor-element-22a356e6 e-con-full animated-fast e-flex elementor-invisible e-con e-child\" data-id=\"22a356e6\" data-element_type=\"container\" data-settings=\"{&quot;animation&quot;:&quot;fadeInUp&quot;,&quot;animation_delay&quot;:&quot;200&quot;}\">\n\t\t\t\t<div class=\"elementor-element elementor-element-7136896b elementor-widget elementor-widget-image\" data-id=\"7136896b\" data-element_type=\"widget\" data-widget_type=\"image.default\">\n\t\t\t\t<div class=\"elementor-widget-container\">\n\t\t\t\t\t\t\t\t\t\t\t\t\t\t\t<img fetchpriority=\"high\" decoding=\"async\" width=\"460\" height=\"363\" src=\"https:\/\/swisspadel.ch\/wp-content\/uploads\/2024\/07\/rico_jacober_portrait-2.jpg\" class=\"attachment-full size-full wp-image-18832\" alt=\"\" srcset=\"https:\/\/swisspadel.ch\/wp-content\/uploads\/2024\/07\/rico_jacober_portrait-2.jpg 460w, https:\/\/swisspadel.ch\/wp-content\/uploads\/2024\/07\/rico_jacober_portrait-2-300x237.jpg 300w\" sizes=\"(max-width: 460px) 100vw, 460px\" \/>\t\t\t\t\t\t\t\t\t\t\t\t\t\t\t<\/div>\n\t\t\t\t<\/div>\n\t\t\t\t<\/div>\n\t\t\t\t\t<\/div>\n\t\t\t\t<\/div>\n\t\t<div class=\"elementor-element elementor-element-91e606f e-flex e-con-boxed e-con e-parent\" data-id=\"91e606f\" data-element_type=\"container\">\n\t\t\t\t\t<div class=\"e-con-inner\">\n\t\t<div class=\"elementor-element elementor-element-52c10103 e-con-full animated-fast e-flex elementor-invisible e-con e-child\" data-id=\"52c10103\" data-element_type=\"container\" data-settings=\"{&quot;animation&quot;:&quot;fadeInUp&quot;,&quot;animation_delay&quot;:&quot;400&quot;}\">\n\t\t\t\t<div class=\"elementor-element elementor-element-4677d321 elementor-widget elementor-widget-heading\" data-id=\"4677d321\" data-element_type=\"widget\" data-widget_type=\"heading.default\">\n\t\t\t\t<div class=\"elementor-widget-container\">\n\t\t\t\t\t<h2 class=\"elementor-heading-title elementor-size-default\">Media<\/h2>\t\t\t\t<\/div>\n\t\t\t\t<\/div>\n\t\t\t\t<div class=\"elementor-element elementor-element-2f04c5d4 elementor-widget elementor-widget-gallery\" data-id=\"2f04c5d4\" data-element_type=\"widget\" data-settings=\"{&quot;columns&quot;:&quot;2&quot;,&quot;lazyload&quot;:&quot;yes&quot;,&quot;gallery_layout&quot;:&quot;grid&quot;,&quot;columns_tablet&quot;:2,&quot;columns_mobile&quot;:1,&quot;gap&quot;:{&quot;unit&quot;:&quot;px&quot;,&quot;size&quot;:10,&quot;sizes&quot;:[]},&quot;gap_tablet&quot;:{&quot;unit&quot;:&quot;px&quot;,&quot;size&quot;:10,&quot;sizes&quot;:[]},&quot;gap_mobile&quot;:{&quot;unit&quot;:&quot;px&quot;,&quot;size&quot;:10,&quot;sizes&quot;:[]},&quot;link_to&quot;:&quot;file&quot;,&quot;aspect_ratio&quot;:&quot;3:2&quot;,&quot;overlay_background&quot;:&quot;yes&quot;,&quot;content_hover_animation&quot;:&quot;fade-in&quot;}\" data-widget_type=\"gallery.default\">\n\t\t\t\t<div class=\"elementor-widget-container\">\n\t\t\t\t\t\t\t<div class=\"elementor-gallery__container\">\n\t\t\t\t\t\t\t<a class=\"e-gallery-item elementor-gallery-item elementor-animated-content\" href=\"https:\/\/swisspadel.ch\/wp-content\/uploads\/2024\/07\/tpa_magazine-1.jpg\" data-elementor-open-lightbox=\"yes\" data-elementor-lightbox-slideshow=\"2f04c5d4\" data-elementor-lightbox-title=\"tpa_magazine.jpg\" data-e-action-hash=\"#elementor-action%3Aaction%3Dlightbox%26settings%3DeyJpZCI6MTU2MTEsInVybCI6Imh0dHBzOlwvXC9zd2lzc3BhZGVsLmNoXC93cC1jb250ZW50XC91cGxvYWRzXC8yMDI0XC8wN1wvdHBhX21hZ2F6aW5lLTEuanBnIiwic2xpZGVzaG93IjoiMmYwNGM1ZDQifQ%3D%3D\">\n\t\t\t\t\t<div class=\"e-gallery-image elementor-gallery-item__image\" data-thumbnail=\"https:\/\/swisspadel.ch\/wp-content\/uploads\/2024\/07\/tpa_magazine-1-1536x1089.jpg\" data-width=\"1536\" data-height=\"1089\" aria-label=\"\" role=\"img\" ><\/div>\n\t\t\t\t\t\t\t\t\t\t\t<div class=\"elementor-gallery-item__overlay\"><\/div>\n\t\t\t\t\t\t\t\t\t\t\t\t\t\t<\/a>\n\t\t\t\t\t<\/div>\n\t\t\t\t\t<\/div>\n\t\t\t\t<\/div>\n\t\t\t\t<\/div>\n\t\t\t\t\t<\/div>\n\t\t\t\t<\/div>\n\t\t\t\t<\/div>\n\t\t","protected":false},"excerpt":{"rendered":"<p>Portrait du pr\u00e9sident de Swiss Padel<\/p>\n","protected":false},"author":1840,"featured_media":18142,"parent":19118,"menu_order":0,"comment_status":"closed","ping_status":"open","template":"","meta":{"_acf_changed":false,"footnotes":""},"class_list":["post-19040","page","type-page","status-publish","has-post-thumbnail","hentry"],"acf":[],"_links":{"self":[{"href":"https:\/\/swisspadel.ch\/fr\/wp-json\/wp\/v2\/pages\/19040","targetHints":{"allow":["GET"]}}],"collection":[{"href":"https:\/\/swisspadel.ch\/fr\/wp-json\/wp\/v2\/pages"}],"about":[{"href":"https:\/\/swisspadel.ch\/fr\/wp-json\/wp\/v2\/types\/page"}],"author":[{"embeddable":true,"href":"https:\/\/swisspadel.ch\/fr\/wp-json\/wp\/v2\/users\/1840"}],"replies":[{"embeddable":true,"href":"https:\/\/swisspadel.ch\/fr\/wp-json\/wp\/v2\/comments?post=19040"}],"version-history":[{"count":5,"href":"https:\/\/swisspadel.ch\/fr\/wp-json\/wp\/v2\/pages\/19040\/revisions"}],"predecessor-version":[{"id":19666,"href":"https:\/\/swisspadel.ch\/fr\/wp-json\/wp\/v2\/pages\/19040\/revisions\/19666"}],"up":[{"embeddable":true,"href":"https:\/\/swisspadel.ch\/fr\/wp-json\/wp\/v2\/pages\/19118"}],"wp:featuredmedia":[{"embeddable":true,"href":"https:\/\/swisspadel.ch\/fr\/wp-json\/wp\/v2\/media\/18142"}],"wp:attachment":[{"href":"https:\/\/swisspadel.ch\/fr\/wp-json\/wp\/v2\/media?parent=19040"}],"curies":[{"name":"wp","href":"https:\/\/api.w.org\/{rel}","templated":true}]}}