{"id":19123,"date":"2024-07-19T19:12:57","date_gmt":"2024-07-19T19:12:57","guid":{"rendered":"https:\/\/swisspadel.ch\/association\/charte\/"},"modified":"2026-03-09T17:14:34","modified_gmt":"2026-03-09T17:14:34","slug":"vision","status":"publish","type":"page","link":"https:\/\/swisspadel.ch\/fr\/association\/vision\/","title":{"rendered":"Charte"},"content":{"rendered":"\t\t<div data-elementor-type=\"wp-page\" data-elementor-id=\"19123\" class=\"elementor elementor-19123 elementor-14958\" data-elementor-post-type=\"page\">\n\t\t\t\t<div class=\"elementor-element elementor-element-42978154 e-flex e-con-boxed e-con e-parent\" data-id=\"42978154\" data-element_type=\"container\">\n\t\t\t\t\t<div class=\"e-con-inner\">\n\t\t\t\t<div class=\"elementor-element elementor-element-606d07ae elementor-widget elementor-widget-template\" data-id=\"606d07ae\" data-element_type=\"widget\" data-widget_type=\"template.default\">\n\t\t\t\t<div class=\"elementor-widget-container\">\n\t\t\t\t\t\t\t<div class=\"elementor-template\">\n\t\t\t\t\t<div data-elementor-type=\"container\" data-elementor-id=\"14753\" class=\"elementor elementor-14753\" data-elementor-post-type=\"elementor_library\">\n\t\t\t\t<div class=\"elementor-element elementor-element-257480bf e-con-full e-flex e-con e-parent\" data-id=\"257480bf\" data-element_type=\"container\" data-settings=\"{&quot;background_background&quot;:&quot;classic&quot;}\">\n\t\t<div class=\"elementor-element elementor-element-a9fa854 e-flex e-con-boxed e-con e-child\" data-id=\"a9fa854\" data-element_type=\"container\">\n\t\t\t\t\t<div class=\"e-con-inner\">\n\t\t\t\t<div class=\"elementor-element elementor-element-61ba23ed animated-fast elementor-invisible elementor-widget elementor-widget-heading\" data-id=\"61ba23ed\" data-element_type=\"widget\" data-settings=\"{&quot;_animation&quot;:&quot;fadeInUp&quot;,&quot;_animation_delay&quot;:1050}\" data-widget_type=\"heading.default\">\n\t\t\t\t<div class=\"elementor-widget-container\">\n\t\t\t\t\t<h5 class=\"elementor-heading-title elementor-size-default\">En savoir plus sur la vision de l'association<\/h5>\t\t\t\t<\/div>\n\t\t\t\t<\/div>\n\t\t\t\t\t<\/div>\n\t\t\t\t<\/div>\n\t\t\t\t<\/div>\n\t\t\t\t<\/div>\n\t\t\t\t<\/div>\n\t\t\t\t\t\t<\/div>\n\t\t\t\t<\/div>\n\t\t\t\t\t<\/div>\n\t\t\t\t<\/div>\n\t\t<div class=\"elementor-element elementor-element-1bf0b037 e-flex e-con-boxed e-con e-parent\" data-id=\"1bf0b037\" data-element_type=\"container\">\n\t\t\t\t\t<div class=\"e-con-inner\">\n\t\t<div class=\"elementor-element elementor-element-20f5a256 e-con-full animated-fast e-flex elementor-invisible e-con e-child\" data-id=\"20f5a256\" data-element_type=\"container\" data-settings=\"{&quot;animation&quot;:&quot;fadeInUp&quot;,&quot;animation_delay&quot;:&quot;400&quot;}\">\n\t\t\t\t<div class=\"elementor-element elementor-element-3f452dd4 elementor-widget elementor-widget-heading\" data-id=\"3f452dd4\" data-element_type=\"widget\" data-widget_type=\"heading.default\">\n\t\t\t\t<div class=\"elementor-widget-container\">\n\t\t\t\t\t<h2 class=\"elementor-heading-title elementor-size-default\">Notre vision et nos objectifs pour l'avenir<\/h2>\t\t\t\t<\/div>\n\t\t\t\t<\/div>\n\t\t\t\t<div class=\"elementor-element elementor-element-34e979d7 elementor-widget elementor-widget-text-editor\" data-id=\"34e979d7\" data-element_type=\"widget\" data-widget_type=\"text-editor.default\">\n\t\t\t\t<div class=\"elementor-widget-container\">\n\t\t\t\t\t\t\t\t\t<p>La vision de la Swiss Padel Association est de continuer \u00e0 promouvoir le padel comme l&rsquo;un des sports les plus populaires et les plus accessibles en Suisse. Notre mission consiste \u00e0 renforcer le padel en cr\u00e9ant une communaut\u00e9 active, en organisant des comp\u00e9titions de qualit\u00e9 et en am\u00e9liorant continuellement les infrastructures et les possibilit\u00e9s de formation. Pour ce faire, nous nous appuyons sur notre passion pour le padel, notre engagement envers la communaut\u00e9 et notre qu\u00eate de l&rsquo;excellence sportive. Nous souhaitons offrir aux joueurs, qu&rsquo;ils soient d\u00e9butants ou exp\u00e9riment\u00e9s, une plateforme leur permettant de se d\u00e9velopper et de partager leur amour du sport. Nous soutenons \u00e9galement des clubs dans toute la Suisse afin d&rsquo;\u00e9tablir et de promouvoir le padel dans tout le pays. Notre charte r\u00e9unit ces objectifs et nous pousse chaque jour \u00e0 renforcer et \u00e0 promouvoir durablement le padel en Suisse.     <\/p>\t\t\t\t\t\t\t\t<\/div>\n\t\t\t\t<\/div>\n\t\t\t\t<div class=\"elementor-element elementor-element-16de8eac elementor-widget elementor-widget-button\" data-id=\"16de8eac\" data-element_type=\"widget\" data-widget_type=\"button.default\">\n\t\t\t\t<div class=\"elementor-widget-container\">\n\t\t\t\t\t\t\t\t\t<div class=\"elementor-button-wrapper\">\n\t\t\t\t\t<a class=\"elementor-button elementor-button-link elementor-size-sm\" href=\"https:\/\/dev.suipa.ss-r.ch\/competition\/licences\/\">\n\t\t\t\t\t\t<span class=\"elementor-button-content-wrapper\">\n\t\t\t\t\t\t\t\t\t<span class=\"elementor-button-text\">rejoindre maintenant<\/span>\n\t\t\t\t\t<\/span>\n\t\t\t\t\t<\/a>\n\t\t\t\t<\/div>\n\t\t\t\t\t\t\t\t<\/div>\n\t\t\t\t<\/div>\n\t\t\t\t<\/div>\n\t\t<div class=\"elementor-element elementor-element-7654edbd e-con-full animated-fast e-flex elementor-invisible e-con e-child\" data-id=\"7654edbd\" data-element_type=\"container\" data-settings=\"{&quot;animation&quot;:&quot;fadeInUp&quot;,&quot;animation_delay&quot;:&quot;200&quot;}\">\n\t\t\t\t<div class=\"elementor-element elementor-element-76edc932 elementor-widget elementor-widget-image\" data-id=\"76edc932\" data-element_type=\"widget\" data-widget_type=\"image.default\">\n\t\t\t\t<div class=\"elementor-widget-container\">\n\t\t\t\t\t\t\t\t\t\t\t\t\t\t\t<img fetchpriority=\"high\" decoding=\"async\" width=\"1106\" height=\"1106\" src=\"https:\/\/swisspadel.ch\/wp-content\/uploads\/2024\/07\/M9-1_XL-04-1.jpg\" class=\"attachment-full size-full wp-image-18502\" alt=\"\" srcset=\"https:\/\/swisspadel.ch\/wp-content\/uploads\/2024\/07\/M9-1_XL-04-1.jpg 1106w, https:\/\/swisspadel.ch\/wp-content\/uploads\/2024\/07\/M9-1_XL-04-1-300x300.jpg 300w, https:\/\/swisspadel.ch\/wp-content\/uploads\/2024\/07\/M9-1_XL-04-1-1024x1024.jpg 1024w, https:\/\/swisspadel.ch\/wp-content\/uploads\/2024\/07\/M9-1_XL-04-1-150x150.jpg 150w, https:\/\/swisspadel.ch\/wp-content\/uploads\/2024\/07\/M9-1_XL-04-1-768x768.jpg 768w, https:\/\/swisspadel.ch\/wp-content\/uploads\/2024\/07\/M9-1_XL-04-1-600x600.jpg 600w, https:\/\/swisspadel.ch\/wp-content\/uploads\/2024\/07\/M9-1_XL-04-1-100x100.jpg 100w\" sizes=\"(max-width: 1106px) 100vw, 1106px\" \/>\t\t\t\t\t\t\t\t\t\t\t\t\t\t\t<\/div>\n\t\t\t\t<\/div>\n\t\t\t\t<\/div>\n\t\t\t\t\t<\/div>\n\t\t\t\t<\/div>\n\t\t<div class=\"elementor-element elementor-element-330a44e7 e-flex e-con-boxed e-con e-parent\" data-id=\"330a44e7\" data-element_type=\"container\">\n\t\t\t\t\t<div class=\"e-con-inner\">\n\t\t<div class=\"elementor-element elementor-element-31cb9fb4 e-con-full animated-fast e-flex elementor-invisible e-con e-child\" data-id=\"31cb9fb4\" data-element_type=\"container\" data-settings=\"{&quot;animation&quot;:&quot;fadeInUp&quot;,&quot;animation_delay&quot;:&quot;200&quot;}\">\n\t\t\t\t<div class=\"elementor-element elementor-element-748dd3b9 elementor-widget elementor-widget-image\" data-id=\"748dd3b9\" data-element_type=\"widget\" data-widget_type=\"image.default\">\n\t\t\t\t<div class=\"elementor-widget-container\">\n\t\t\t\t\t\t\t\t\t\t\t\t\t\t\t<img decoding=\"async\" width=\"2500\" height=\"1667\" src=\"https:\/\/swisspadel.ch\/wp-content\/uploads\/2024\/07\/swisspadel_unsp__0004_vincenzo-morelli-aYTK2HNocNw-unsplash-1.jpg\" class=\"attachment-full size-full wp-image-18505\" alt=\"\" srcset=\"https:\/\/swisspadel.ch\/wp-content\/uploads\/2024\/07\/swisspadel_unsp__0004_vincenzo-morelli-aYTK2HNocNw-unsplash-1.jpg 2500w, https:\/\/swisspadel.ch\/wp-content\/uploads\/2024\/07\/swisspadel_unsp__0004_vincenzo-morelli-aYTK2HNocNw-unsplash-1-300x200.jpg 300w, https:\/\/swisspadel.ch\/wp-content\/uploads\/2024\/07\/swisspadel_unsp__0004_vincenzo-morelli-aYTK2HNocNw-unsplash-1-1024x683.jpg 1024w, https:\/\/swisspadel.ch\/wp-content\/uploads\/2024\/07\/swisspadel_unsp__0004_vincenzo-morelli-aYTK2HNocNw-unsplash-1-768x512.jpg 768w, https:\/\/swisspadel.ch\/wp-content\/uploads\/2024\/07\/swisspadel_unsp__0004_vincenzo-morelli-aYTK2HNocNw-unsplash-1-1536x1024.jpg 1536w, https:\/\/swisspadel.ch\/wp-content\/uploads\/2024\/07\/swisspadel_unsp__0004_vincenzo-morelli-aYTK2HNocNw-unsplash-1-2048x1366.jpg 2048w, https:\/\/swisspadel.ch\/wp-content\/uploads\/2024\/07\/swisspadel_unsp__0004_vincenzo-morelli-aYTK2HNocNw-unsplash-1-600x400.jpg 600w\" sizes=\"(max-width: 2500px) 100vw, 2500px\" \/>\t\t\t\t\t\t\t\t\t\t\t\t\t\t\t<\/div>\n\t\t\t\t<\/div>\n\t\t\t\t<\/div>\n\t\t<div class=\"elementor-element elementor-element-16dc1fb4 e-con-full animated-fast e-flex elementor-invisible e-con e-child\" data-id=\"16dc1fb4\" data-element_type=\"container\" data-settings=\"{&quot;animation&quot;:&quot;fadeInUp&quot;,&quot;animation_delay&quot;:&quot;400&quot;}\">\n\t\t\t\t<div class=\"elementor-element elementor-element-4f742f4b elementor-widget elementor-widget-heading\" data-id=\"4f742f4b\" data-element_type=\"widget\" data-widget_type=\"heading.default\">\n\t\t\t\t<div class=\"elementor-widget-container\">\n\t\t\t\t\t<h2 class=\"elementor-heading-title elementor-size-default\">Promouvoir le d\u00e9veloppement du sport par l'association<\/h2>\t\t\t\t<\/div>\n\t\t\t\t<\/div>\n\t\t\t\t<div class=\"elementor-element elementor-element-3ca1b35b elementor-widget elementor-widget-text-editor\" data-id=\"3ca1b35b\" data-element_type=\"widget\" data-widget_type=\"text-editor.default\">\n\t\t\t\t<div class=\"elementor-widget-container\">\n\t\t\t\t\t\t\t\t\t<p>Swiss Padel Association s&rsquo;engage activement dans la promotion et le d\u00e9veloppement du padel. En organisant des tournois, des formations et des ateliers et en fournissant des informations et des ressources, l&rsquo;association soutient les joueurs, les entra\u00eeneurs, les clubs et les associations. <\/p>\t\t\t\t\t\t\t\t<\/div>\n\t\t\t\t<\/div>\n\t\t\t\t<div class=\"elementor-element elementor-element-34663561 elementor-widget elementor-widget-button\" data-id=\"34663561\" data-element_type=\"widget\" data-widget_type=\"button.default\">\n\t\t\t\t<div class=\"elementor-widget-container\">\n\t\t\t\t\t\t\t\t\t<div class=\"elementor-button-wrapper\">\n\t\t\t\t\t<a class=\"elementor-button elementor-button-link elementor-size-sm\" href=\"https:\/\/dev.suipa.ss-r.ch\/education\/\">\n\t\t\t\t\t\t<span class=\"elementor-button-content-wrapper\">\n\t\t\t\t\t\t\t\t\t<span class=\"elementor-button-text\">en savoir plus<\/span>\n\t\t\t\t\t<\/span>\n\t\t\t\t\t<\/a>\n\t\t\t\t<\/div>\n\t\t\t\t\t\t\t\t<\/div>\n\t\t\t\t<\/div>\n\t\t\t\t<\/div>\n\t\t\t\t\t<\/div>\n\t\t\t\t<\/div>\n\t\t<div class=\"elementor-element elementor-element-147ae5b2 e-flex e-con-boxed e-con e-parent\" data-id=\"147ae5b2\" data-element_type=\"container\">\n\t\t\t\t\t<div class=\"e-con-inner\">\n\t\t<div class=\"elementor-element elementor-element-3c2c813a e-con-full animated-fast e-flex elementor-invisible e-con e-child\" data-id=\"3c2c813a\" data-element_type=\"container\" data-settings=\"{&quot;animation&quot;:&quot;fadeInUp&quot;,&quot;animation_delay&quot;:&quot;400&quot;}\">\n\t\t\t\t<div class=\"elementor-element elementor-element-cbaade9 elementor-widget elementor-widget-heading\" data-id=\"cbaade9\" data-element_type=\"widget\" data-widget_type=\"heading.default\">\n\t\t\t\t<div class=\"elementor-widget-container\">\n\t\t\t\t\t<h2 class=\"elementor-heading-title elementor-size-default\">Un avenir inclusif : le padel pour tous<\/h2>\t\t\t\t<\/div>\n\t\t\t\t<\/div>\n\t\t\t\t<div class=\"elementor-element elementor-element-2808dced elementor-widget elementor-widget-text-editor\" data-id=\"2808dced\" data-element_type=\"widget\" data-widget_type=\"text-editor.default\">\n\t\t\t\t<div class=\"elementor-widget-container\">\n\t\t\t\t\t\t\t\t\t<p>Un autre point fort qui est dans le pipeline concerne le sport pour personnes handicap\u00e9es. Nous pr\u00e9voyons de d\u00e9velopper des offres inclusives et de permettre aux personnes handicap\u00e9es d&rsquo;acc\u00e9der au padel. Gr\u00e2ce \u00e0 des programmes sp\u00e9cialement adapt\u00e9s et \u00e0 la collaboration avec des organisations appropri\u00e9es, nous voulons nous assurer que le padel soit accessible et puisse \u00eatre v\u00e9cu par tous. Cette initiative est un \u00e9l\u00e9ment important de notre vision visant \u00e0 faire du padel un sport pour tous.   <\/p>\t\t\t\t\t\t\t\t<\/div>\n\t\t\t\t<\/div>\n\t\t\t\t<\/div>\n\t\t\t\t\t<\/div>\n\t\t\t\t<\/div>\n\t\t\t\t<\/div>\n\t\t","protected":false},"excerpt":{"rendered":"<p>En savoir plus sur la vision de l&rsquo;association<\/p>\n","protected":false},"author":1,"featured_media":18508,"parent":19118,"menu_order":0,"comment_status":"closed","ping_status":"open","template":"","meta":{"_acf_changed":false,"footnotes":""},"class_list":["post-19123","page","type-page","status-publish","has-post-thumbnail","hentry"],"acf":[],"_links":{"self":[{"href":"https:\/\/swisspadel.ch\/fr\/wp-json\/wp\/v2\/pages\/19123","targetHints":{"allow":["GET"]}}],"collection":[{"href":"https:\/\/swisspadel.ch\/fr\/wp-json\/wp\/v2\/pages"}],"about":[{"href":"https:\/\/swisspadel.ch\/fr\/wp-json\/wp\/v2\/types\/page"}],"author":[{"embeddable":true,"href":"https:\/\/swisspadel.ch\/fr\/wp-json\/wp\/v2\/users\/1"}],"replies":[{"embeddable":true,"href":"https:\/\/swisspadel.ch\/fr\/wp-json\/wp\/v2\/comments?post=19123"}],"version-history":[{"count":5,"href":"https:\/\/swisspadel.ch\/fr\/wp-json\/wp\/v2\/pages\/19123\/revisions"}],"predecessor-version":[{"id":26524,"href":"https:\/\/swisspadel.ch\/fr\/wp-json\/wp\/v2\/pages\/19123\/revisions\/26524"}],"up":[{"embeddable":true,"href":"https:\/\/swisspadel.ch\/fr\/wp-json\/wp\/v2\/pages\/19118"}],"wp:featuredmedia":[{"embeddable":true,"href":"https:\/\/swisspadel.ch\/fr\/wp-json\/wp\/v2\/media\/18508"}],"wp:attachment":[{"href":"https:\/\/swisspadel.ch\/fr\/wp-json\/wp\/v2\/media?parent=19123"}],"curies":[{"name":"wp","href":"https:\/\/api.w.org\/{rel}","templated":true}]}}